{"id":34500,"date":"2017-03-13T16:32:07","date_gmt":"2017-03-13T16:32:07","guid":{"rendered":"https:\/\/www.colt.net\/resources\/"},"modified":"2021-11-19T12:18:28","modified_gmt":"2021-11-19T12:18:28","slug":"resources","status":"publish","type":"page","link":"https:\/\/legacy.colt.net\/es\/resources\/","title":{"rendered":"Noticias y recursos"},"content":{"rendered":"\n<h1>\n\t<\/h1>\n\t<nav class=\"breadcrumb\"><span><span><a href=\"https:\/\/legacy.colt.net\/es\/\">Home<\/a><\/span><\/span><\/nav>\n<ul><li data-filter=\"*\">All<\/li><li data-filter=\".uabb-masonary-cat-1174\">Blogs<\/li><li data-filter=\".uabb-masonary-cat-1179\">Clientes<\/li><li data-filter=\".uabb-masonary-cat-1184\">Colt Technology News<\/li><li data-filter=\".uabb-masonary-cat-1754\">Webinars<\/li><li data-filter=\".uabb-masonary-cat-1204\">whitepaper<\/li><\/ul>\n\t<meta itemscope itemprop=\"mainEntityOfPage\" itemtype=\"https:\/\/schema.org\/WebPage\" itemid=\"https:\/\/legacy.colt.net\/es\/resources\/colt-icade-adva-airspan-networks-athonet-accedian-y-tibco-unen-sus-fuerzas-para-desplegar-en-francia-un-piloto-de-empresa-privada-5g\/\" content=\"Colt, Icade, ADVA, Airspan Networks, Athonet, Accedian y Tibco unen sus fuerzas para desplegar en Francia un piloto de empresa privada 5G\" \/><meta itemprop=\"datePublished\" content=\"2021-11-19\" \/><meta itemprop=\"dateModified\" content=\"2021-11-19\" \/><meta itemprop=\"name\" content=\"Colt Technology Services\"\/><meta itemprop=\"url\" content=\"https:\/\/legacy.colt.net\/wp-content\/uploads\/2018\/10\/Colt-logo-dark.png\"\/><meta itemprop=\"url\" content=\"https:\/\/legacy.colt.net\/es\/resources\/author\/colt\/\" \/><meta itemprop=\"name\" content=\"Colt Technology Services\" \/><meta itemprop=\"url\" content=\"https:\/\/legacy.colt.net\/wp-content\/uploads\/2021\/11\/Colt_Icade_Gebaude-PB5-La-Defense-in-Paris.jpg\" \/><meta itemprop=\"width\" content=\"687\" \/><meta itemprop=\"height\" content=\"446\" \/><meta itemprop=\"interactionType\" content=\"https:\/\/schema.org\/CommentAction\" \/><meta itemprop=\"userInteractionCount\" content=\"0\" \/>\n    <h5><a href=\"https:\/\/legacy.colt.net\/es\/resources\/type\/news-es\/\" rel=\"tag\">Colt Technology News<\/a><\/h5>\n<a href=\"https:\/\/legacy.colt.net\/es\/resources\/colt-icade-adva-airspan-networks-athonet-accedian-y-tibco-unen-sus-fuerzas-para-desplegar-en-francia-un-piloto-de-empresa-privada-5g\/\" title='Colt, Icade, ADVA, Airspan Networks, Athonet, Accedian y Tibco unen sus fuerzas para desplegar en Francia un piloto de empresa privada 5G'><img decoding=\"async\" width=\"720\" height=\"450\" src=\"https:\/\/legacy.colt.net\/wp-content\/uploads\/2021\/11\/Colt_Icade_Gebaude-PB5-La-Defense-in-Paris-720x450.jpg\" alt=\"\" loading=\"lazy\" itemprop=\"image\" \/><\/a>\n<h3><a href=\"https:\/\/legacy.colt.net\/es\/resources\/colt-icade-adva-airspan-networks-athonet-accedian-y-tibco-unen-sus-fuerzas-para-desplegar-en-francia-un-piloto-de-empresa-privada-5g\/\" title='Colt, Icade, ADVA, Airspan Networks, Athonet, Accedian y Tibco unen sus fuerzas para desplegar en Francia un piloto de empresa privada 5G'>Colt, Icade, ADVA, Airspan Networks, Athonet, Accedian y Tibco unen sus fuerzas para desplegar en Francia un piloto de empresa privada 5G<\/a><\/h3>\n<p>Coordinado por Colt, el consorcio aporta los beneficios de la conectividad privada 5G a las redes empresariales del edificio PB5 en La D\u00e9fense (Par\u00eds) &nbsp;&#8230;<\/p>\n\n<a href=\"https:\/\/legacy.colt.net\/es\/resources\/colt-icade-adva-airspan-networks-athonet-accedian-y-tibco-unen-sus-fuerzas-para-desplegar-en-francia-un-piloto-de-empresa-privada-5g\/\" title='Read More \u00bb'>Read More \u00bb<\/a>\n\n\t<meta itemscope itemprop=\"mainEntityOfPage\" itemtype=\"https:\/\/schema.org\/WebPage\" itemid=\"https:\/\/legacy.colt.net\/es\/resources\/colt-se-coloca-como-el-quinto-operador-nacional-de-telefonia-fija-en-el-ranking-anual-de-la-cnmc\/\" content=\"Colt se coloca como el quinto operador nacional de telefon\u00eda fija en el ranking anual de la CNMC\" \/><meta itemprop=\"datePublished\" content=\"2021-11-19\" \/><meta itemprop=\"dateModified\" content=\"2021-11-19\" \/><meta itemprop=\"name\" content=\"Colt Technology Services\"\/><meta itemprop=\"url\" content=\"https:\/\/legacy.colt.net\/wp-content\/uploads\/2018\/10\/Colt-logo-dark.png\"\/><meta itemprop=\"url\" content=\"https:\/\/legacy.colt.net\/es\/resources\/author\/lourdesserrano\/\" \/><meta itemprop=\"name\" content=\"Lourdes Serrano\" \/><meta itemprop=\"url\" content=\"https:\/\/legacy.colt.net\/wp-content\/uploads\/2019\/02\/Cloud-Voice-VAS.jpg\" \/><meta itemprop=\"width\" content=\"1200\" \/><meta itemprop=\"height\" content=\"750\" \/><meta itemprop=\"interactionType\" content=\"https:\/\/schema.org\/CommentAction\" \/><meta itemprop=\"userInteractionCount\" content=\"0\" \/>\n    <h5><a href=\"https:\/\/legacy.colt.net\/es\/resources\/type\/blog-es\/\" rel=\"tag\">Blogs<\/a><\/h5>\n<a href=\"https:\/\/legacy.colt.net\/es\/resources\/colt-se-coloca-como-el-quinto-operador-nacional-de-telefonia-fija-en-el-ranking-anual-de-la-cnmc\/\" title='Colt se coloca como el quinto operador nacional de telefon\u00eda fija en el ranking anual de la CNMC'><img decoding=\"async\" width=\"150\" height=\"150\" src=\"https:\/\/legacy.colt.net\/wp-content\/uploads\/2019\/02\/Cloud-Voice-VAS-150x150.jpg\" alt=\"\" loading=\"lazy\" itemprop=\"image\" \/><\/a>\n<h3><a href=\"https:\/\/legacy.colt.net\/es\/resources\/colt-se-coloca-como-el-quinto-operador-nacional-de-telefonia-fija-en-el-ranking-anual-de-la-cnmc\/\" title='Colt se coloca como el quinto operador nacional de telefon\u00eda fija en el ranking anual de la CNMC'>Colt se coloca como el quinto operador nacional de telefon\u00eda fija en el ranking anual de la CNMC<\/a><\/h3>\n<p>La CNMC (Comisi\u00f3n Nacional de los Mercados y la Competencia) ha publicado la relaci\u00f3n de los operadores principales en los mercados de telefon\u00eda fija y&#8230;<\/p>\n\n<a href=\"https:\/\/legacy.colt.net\/es\/resources\/colt-se-coloca-como-el-quinto-operador-nacional-de-telefonia-fija-en-el-ranking-anual-de-la-cnmc\/\" title='Read More \u00bb'>Read More \u00bb<\/a>\n\n\t<meta itemscope itemprop=\"mainEntityOfPage\" itemtype=\"https:\/\/schema.org\/WebPage\" itemid=\"https:\/\/legacy.colt.net\/es\/resources\/atos-idc-y-colt-comparten-su-vision-sobre-el-ccaas-una-solucion-omnicanal-y-eficaz\/\" content=\"Atos, IDC y Colt comparten su visi\u00f3n sobre el CCaaS: una soluci\u00f3n omnicanal y eficaz\" \/><meta itemprop=\"datePublished\" content=\"2021-11-12\" \/><meta itemprop=\"dateModified\" content=\"2021-11-12\" \/><meta itemprop=\"name\" content=\"Colt Technology Services\"\/><meta itemprop=\"url\" content=\"https:\/\/legacy.colt.net\/wp-content\/uploads\/2018\/10\/Colt-logo-dark.png\"\/><meta itemprop=\"url\" content=\"https:\/\/legacy.colt.net\/es\/resources\/author\/lourdesserrano\/\" \/><meta itemprop=\"name\" content=\"Lourdes Serrano\" \/><meta itemprop=\"url\" content=\"https:\/\/legacy.colt.net\/wp-content\/uploads\/2021\/10\/Colt-Webinar.jpg\" \/><meta itemprop=\"width\" content=\"1547\" \/><meta itemprop=\"height\" content=\"815\" \/><meta itemprop=\"interactionType\" content=\"https:\/\/schema.org\/CommentAction\" \/><meta itemprop=\"userInteractionCount\" content=\"0\" \/>\n    <h5><a href=\"https:\/\/legacy.colt.net\/es\/resources\/type\/blog-es\/\" rel=\"tag\">Blogs<\/a><\/h5>\n<a href=\"https:\/\/legacy.colt.net\/es\/resources\/atos-idc-y-colt-comparten-su-vision-sobre-el-ccaas-una-solucion-omnicanal-y-eficaz\/\" title='Atos, IDC y Colt comparten su visi\u00f3n sobre el CCaaS: una soluci\u00f3n omnicanal y eficaz'><img decoding=\"async\" width=\"720\" height=\"450\" src=\"https:\/\/legacy.colt.net\/wp-content\/uploads\/2021\/10\/Colt-Webinar-720x450.jpg\" alt=\"\" loading=\"lazy\" itemprop=\"image\" \/><\/a>\n<h3><a href=\"https:\/\/legacy.colt.net\/es\/resources\/atos-idc-y-colt-comparten-su-vision-sobre-el-ccaas-una-solucion-omnicanal-y-eficaz\/\" title='Atos, IDC y Colt comparten su visi\u00f3n sobre el CCaaS: una soluci\u00f3n omnicanal y eficaz'>Atos, IDC y Colt comparten su visi\u00f3n sobre el CCaaS: una soluci\u00f3n omnicanal y eficaz<\/a><\/h3>\n<p>El pasado martes 26 de octubre tuvo lugar un Webinar en el que expertos de Atos, IDC y Colt compartieron su visi\u00f3n sobre la soluci\u00f3n&#8230;<\/p>\n\n<a href=\"https:\/\/legacy.colt.net\/es\/resources\/atos-idc-y-colt-comparten-su-vision-sobre-el-ccaas-una-solucion-omnicanal-y-eficaz\/\" title='Read More \u00bb'>Read More \u00bb<\/a>\n\n\t<meta itemscope itemprop=\"mainEntityOfPage\" itemtype=\"https:\/\/schema.org\/WebPage\" itemid=\"https:\/\/legacy.colt.net\/es\/resources\/colt-technology-services-expande-su-oferta-de-mercados-financieros-en-america-latina\/\" content=\"Colt Technology Services expande su oferta de mercados financieros en Am\u00e9rica Latina\" \/><meta itemprop=\"datePublished\" content=\"2021-10-28\" \/><meta itemprop=\"dateModified\" content=\"2021-10-28\" \/><meta itemprop=\"name\" content=\"Colt Technology Services\"\/><meta itemprop=\"url\" content=\"https:\/\/legacy.colt.net\/wp-content\/uploads\/2018\/10\/Colt-logo-dark.png\"\/><meta itemprop=\"url\" content=\"https:\/\/legacy.colt.net\/es\/resources\/author\/colt\/\" \/><meta itemprop=\"name\" content=\"Colt Technology Services\" \/><meta itemprop=\"url\" content=\"https:\/\/legacy.colt.net\/wp-content\/uploads\/2021\/01\/Brand-2021-Stock-37.jpg\" \/><meta itemprop=\"width\" content=\"1000\" \/><meta itemprop=\"height\" content=\"644\" \/><meta itemprop=\"interactionType\" content=\"https:\/\/schema.org\/CommentAction\" \/><meta itemprop=\"userInteractionCount\" content=\"0\" \/>\n    <h5><a href=\"https:\/\/legacy.colt.net\/es\/resources\/type\/news-es\/\" rel=\"tag\">Colt Technology News<\/a><\/h5>\n<a href=\"https:\/\/legacy.colt.net\/es\/resources\/colt-technology-services-expande-su-oferta-de-mercados-financieros-en-america-latina\/\" title='Colt Technology Services expande su oferta de mercados financieros en Am\u00e9rica Latina'><img decoding=\"async\" width=\"720\" height=\"450\" src=\"https:\/\/legacy.colt.net\/wp-content\/uploads\/2021\/01\/Brand-2021-Stock-37-720x450.jpg\" alt=\"\" loading=\"lazy\" itemprop=\"image\" \/><\/a>\n<h3><a href=\"https:\/\/legacy.colt.net\/es\/resources\/colt-technology-services-expande-su-oferta-de-mercados-financieros-en-america-latina\/\" title='Colt Technology Services expande su oferta de mercados financieros en Am\u00e9rica Latina'>Colt Technology Services expande su oferta de mercados financieros en Am\u00e9rica Latina<\/a><\/h3>\n<p>Colt PrizmNet ampl\u00eda a\u00fan m\u00e1s su presencia en Brasil, ofreciendo un acceso rentable y de baja latencia a acciones, futuros, \u00edndices y datos de mercado&#8230;<\/p>\n\n<a href=\"https:\/\/legacy.colt.net\/es\/resources\/colt-technology-services-expande-su-oferta-de-mercados-financieros-en-america-latina\/\" title='Read More \u00bb'>Read More \u00bb<\/a>\n\n\t<meta itemscope itemprop=\"mainEntityOfPage\" itemtype=\"https:\/\/schema.org\/WebPage\" itemid=\"https:\/\/legacy.colt.net\/es\/resources\/keri-gilder-se-compromete-con-el-tm-forum-para-impulsar-el-talento-y-la-diversidad-en-las-telecomunicaciones\/\" content=\"Keri Gilder se compromete con el TM Forum para impulsar el talento y la diversidad en las telecomunicaciones\" \/><meta itemprop=\"datePublished\" content=\"2021-10-25\" \/><meta itemprop=\"dateModified\" content=\"2021-10-25\" \/><meta itemprop=\"name\" content=\"Colt Technology Services\"\/><meta itemprop=\"url\" content=\"https:\/\/legacy.colt.net\/wp-content\/uploads\/2018\/10\/Colt-logo-dark.png\"\/><meta itemprop=\"url\" content=\"https:\/\/legacy.colt.net\/es\/resources\/author\/colt\/\" \/><meta itemprop=\"name\" content=\"Colt Technology Services\" \/><meta itemprop=\"url\" content=\"https:\/\/legacy.colt.net\/wp-content\/uploads\/2021\/01\/Brand-2021-Stock-45.jpg\" \/><meta itemprop=\"width\" content=\"1000\" \/><meta itemprop=\"height\" content=\"667\" \/><meta itemprop=\"interactionType\" content=\"https:\/\/schema.org\/CommentAction\" \/><meta itemprop=\"userInteractionCount\" content=\"0\" \/>\n    <h5><a href=\"https:\/\/legacy.colt.net\/es\/resources\/type\/blog-es\/\" rel=\"tag\">Blogs<\/a><\/h5>\n<a href=\"https:\/\/legacy.colt.net\/es\/resources\/keri-gilder-se-compromete-con-el-tm-forum-para-impulsar-el-talento-y-la-diversidad-en-las-telecomunicaciones\/\" title='Keri Gilder se compromete con el TM Forum para impulsar el talento y la diversidad en las telecomunicaciones'><img decoding=\"async\" width=\"720\" height=\"450\" src=\"https:\/\/legacy.colt.net\/wp-content\/uploads\/2021\/01\/Brand-2021-Stock-45-720x450.jpg\" alt=\"\" loading=\"lazy\" itemprop=\"image\" \/><\/a>\n<h3><a href=\"https:\/\/legacy.colt.net\/es\/resources\/keri-gilder-se-compromete-con-el-tm-forum-para-impulsar-el-talento-y-la-diversidad-en-las-telecomunicaciones\/\" title='Keri Gilder se compromete con el TM Forum para impulsar el talento y la diversidad en las telecomunicaciones'>Keri Gilder se compromete con el TM Forum para impulsar el talento y la diversidad en las telecomunicaciones<\/a><\/h3>\n<p>TM Forum, la asociaci\u00f3n industrial que impulsa la transformaci\u00f3n digital a trav\u00e9s de la colaboraci\u00f3n, ha completado con \u00e9xito una prueba alfa de un nuevo&#8230;<\/p>\n\n<a href=\"https:\/\/legacy.colt.net\/es\/resources\/keri-gilder-se-compromete-con-el-tm-forum-para-impulsar-el-talento-y-la-diversidad-en-las-telecomunicaciones\/\" title='Read More \u00bb'>Read More \u00bb<\/a>\n\n\t<meta itemscope itemprop=\"mainEntityOfPage\" itemtype=\"https:\/\/schema.org\/WebPage\" itemid=\"https:\/\/legacy.colt.net\/es\/resources\/colt-technology-services-se-asocia-con-axians\/\" content=\"Colt Technology Services se asocia con Axians\" \/><meta itemprop=\"datePublished\" content=\"2021-10-25\" \/><meta itemprop=\"dateModified\" content=\"2021-10-25\" \/><meta itemprop=\"name\" content=\"Colt Technology Services\"\/><meta itemprop=\"url\" content=\"https:\/\/legacy.colt.net\/wp-content\/uploads\/2018\/10\/Colt-logo-dark.png\"\/><meta itemprop=\"url\" content=\"https:\/\/legacy.colt.net\/es\/resources\/author\/colt\/\" \/><meta itemprop=\"name\" content=\"Colt Technology Services\" \/><meta itemprop=\"url\" content=\"https:\/\/legacy.colt.net\/wp-content\/uploads\/2021\/01\/Brand-2021-Stock-40.jpg\" \/><meta itemprop=\"width\" content=\"1000\" \/><meta itemprop=\"height\" content=\"667\" \/><meta itemprop=\"interactionType\" content=\"https:\/\/schema.org\/CommentAction\" \/><meta itemprop=\"userInteractionCount\" content=\"0\" \/>\n    <h5><a href=\"https:\/\/legacy.colt.net\/es\/resources\/type\/news-es\/\" rel=\"tag\">Colt Technology News<\/a><\/h5>\n<a href=\"https:\/\/legacy.colt.net\/es\/resources\/colt-technology-services-se-asocia-con-axians\/\" title='Colt Technology Services se asocia con Axians'><img decoding=\"async\" width=\"720\" height=\"450\" src=\"https:\/\/legacy.colt.net\/wp-content\/uploads\/2021\/01\/Brand-2021-Stock-40-720x450.jpg\" alt=\"\" loading=\"lazy\" itemprop=\"image\" \/><\/a>\n<h3><a href=\"https:\/\/legacy.colt.net\/es\/resources\/colt-technology-services-se-asocia-con-axians\/\" title='Colt Technology Services se asocia con Axians'>Colt Technology Services se asocia con Axians<\/a><\/h3>\n<p>La colaboraci\u00f3n fortalece las ofertas de <a class=\"wpil_keyword_link\" href=\"https:\/\/legacy.colt.net\/product\/sd-wan\/\"   title=\"SD WAN\" data-wpil-keyword-link=\"linked\"  data-wpil-monitor-id=\"4\">SD WAN<\/a> de Colt y aumenta su mercado potencial en Europa Colt\u00a0ha anunciado hoy que ha firmado un acuerdo&#8230;<\/p>\n\n<a href=\"https:\/\/legacy.colt.net\/es\/resources\/colt-technology-services-se-asocia-con-axians\/\" title='Read More \u00bb'>Read More \u00bb<\/a>\n\n\t<meta itemscope itemprop=\"mainEntityOfPage\" itemtype=\"https:\/\/schema.org\/WebPage\" itemid=\"https:\/\/legacy.colt.net\/es\/resources\/colt-celebrara-el-proximo-26-de-octubre-un-webinar-sobre-la-importancia-del-ccaas-2\/\" content=\"Colt celebrar\u00e1 el pr\u00f3ximo 26 de octubre un Webinar sobre la importancia del CCaaS\" \/><meta itemprop=\"datePublished\" content=\"2021-10-18\" \/><meta itemprop=\"dateModified\" content=\"2021-10-18\" \/><meta itemprop=\"name\" content=\"Colt Technology Services\"\/><meta itemprop=\"url\" content=\"https:\/\/legacy.colt.net\/wp-content\/uploads\/2018\/10\/Colt-logo-dark.png\"\/><meta itemprop=\"url\" content=\"https:\/\/legacy.colt.net\/es\/resources\/author\/lourdesserrano\/\" \/><meta itemprop=\"name\" content=\"Lourdes Serrano\" \/><meta itemprop=\"url\" content=\"https:\/\/legacy.colt.net\/wp-content\/uploads\/2021\/10\/social-banner-Colt-Atos-ES.jpg\" \/><meta itemprop=\"width\" content=\"1200\" \/><meta itemprop=\"height\" content=\"630\" \/><meta itemprop=\"interactionType\" content=\"https:\/\/schema.org\/CommentAction\" \/><meta itemprop=\"userInteractionCount\" content=\"0\" \/>\n    <h5><a href=\"https:\/\/legacy.colt.net\/es\/resources\/type\/blog-es\/\" rel=\"tag\">Blogs<\/a><\/h5>\n<a href=\"https:\/\/legacy.colt.net\/es\/resources\/colt-celebrara-el-proximo-26-de-octubre-un-webinar-sobre-la-importancia-del-ccaas-2\/\" title='Colt celebrar\u00e1 el pr\u00f3ximo 26 de octubre un Webinar sobre la importancia del CCaaS'><img decoding=\"async\" width=\"720\" height=\"450\" src=\"https:\/\/legacy.colt.net\/wp-content\/uploads\/2021\/10\/social-banner-Colt-Atos-ES-720x450.jpg\" alt=\"\" loading=\"lazy\" itemprop=\"image\" \/><\/a>\n<h3><a href=\"https:\/\/legacy.colt.net\/es\/resources\/colt-celebrara-el-proximo-26-de-octubre-un-webinar-sobre-la-importancia-del-ccaas-2\/\" title='Colt celebrar\u00e1 el pr\u00f3ximo 26 de octubre un Webinar sobre la importancia del CCaaS'>Colt celebrar\u00e1 el pr\u00f3ximo 26 de octubre un Webinar sobre la importancia del CCaaS<\/a><\/h3>\n<p>El Contact Center como Servicio (CCaaS) es una soluci\u00f3n basada en la nube que permite a las empresas gestionar un contact center virtual a trav\u00e9s&#8230;<\/p>\n\n<a href=\"https:\/\/legacy.colt.net\/es\/resources\/colt-celebrara-el-proximo-26-de-octubre-un-webinar-sobre-la-importancia-del-ccaas-2\/\" title='Read More \u00bb'>Read More \u00bb<\/a>\n\n\t<meta itemscope itemprop=\"mainEntityOfPage\" itemtype=\"https:\/\/schema.org\/WebPage\" itemid=\"https:\/\/legacy.colt.net\/es\/resources\/colt-participara-en-la-23a-edicion-de-la-noche-de-las-telecomunicaciones-valencianas-ntv2021\/\" content=\"Colt participar\u00e1 en la 23\u00aa edici\u00f3n de la Noche de las Telecomunicaciones Valencianas #NTV2021\" \/><meta itemprop=\"datePublished\" content=\"2021-10-11\" \/><meta itemprop=\"dateModified\" content=\"2021-10-11\" \/><meta itemprop=\"name\" content=\"Colt Technology Services\"\/><meta itemprop=\"url\" content=\"https:\/\/legacy.colt.net\/wp-content\/uploads\/2018\/10\/Colt-logo-dark.png\"\/><meta itemprop=\"url\" content=\"https:\/\/legacy.colt.net\/es\/resources\/author\/colt\/\" \/><meta itemprop=\"name\" content=\"Colt Technology Services\" \/><meta itemprop=\"url\" content=\"https:\/\/legacy.colt.net\/wp-content\/uploads\/2021\/10\/NTV2021.png\" \/><meta itemprop=\"width\" content=\"1200\" \/><meta itemprop=\"height\" content=\"675\" \/><meta itemprop=\"interactionType\" content=\"https:\/\/schema.org\/CommentAction\" \/><meta itemprop=\"userInteractionCount\" content=\"0\" \/>\n    <h5><a href=\"https:\/\/legacy.colt.net\/es\/resources\/type\/blog-es\/\" rel=\"tag\">Blogs<\/a><\/h5>\n<a href=\"https:\/\/legacy.colt.net\/es\/resources\/colt-participara-en-la-23a-edicion-de-la-noche-de-las-telecomunicaciones-valencianas-ntv2021\/\" title='Colt participar\u00e1 en la 23\u00aa edici\u00f3n de la Noche de las Telecomunicaciones Valencianas #NTV2021'><img decoding=\"async\" width=\"720\" height=\"450\" src=\"https:\/\/legacy.colt.net\/wp-content\/uploads\/2021\/10\/NTV2021-720x450.png\" alt=\"\" loading=\"lazy\" itemprop=\"image\" \/><\/a>\n<h3><a href=\"https:\/\/legacy.colt.net\/es\/resources\/colt-participara-en-la-23a-edicion-de-la-noche-de-las-telecomunicaciones-valencianas-ntv2021\/\" title='Colt participar\u00e1 en la 23\u00aa edici\u00f3n de la Noche de las Telecomunicaciones Valencianas #NTV2021'>Colt participar\u00e1 en la 23\u00aa edici\u00f3n de la Noche de las Telecomunicaciones Valencianas #NTV2021<\/a><\/h3>\n<p>Colt participar\u00e1 el pr\u00f3ximo 15 de octubre en la 23\u00aa edici\u00f3n de la Noche de las Telecomunicaciones Valencianas. La NTV es un escenario donde los&#8230;<\/p>\n\n<a href=\"https:\/\/legacy.colt.net\/es\/resources\/colt-participara-en-la-23a-edicion-de-la-noche-de-las-telecomunicaciones-valencianas-ntv2021\/\" title='Read More \u00bb'>Read More \u00bb<\/a>\n\n\t<meta itemscope itemprop=\"mainEntityOfPage\" itemtype=\"https:\/\/schema.org\/WebPage\" itemid=\"https:\/\/legacy.colt.net\/es\/resources\/colt-colaborara-con-microsoft-para-impulsar-la-proxima-generacion-de-voz-en-la-nube\/\" content=\"Colt colaborar\u00e1 con Microsoft para impulsar la pr\u00f3xima generaci\u00f3n de voz en la nube\" \/><meta itemprop=\"datePublished\" content=\"2021-10-11\" \/><meta itemprop=\"dateModified\" content=\"2021-10-11\" \/><meta itemprop=\"name\" content=\"Colt Technology Services\"\/><meta itemprop=\"url\" content=\"https:\/\/legacy.colt.net\/wp-content\/uploads\/2018\/10\/Colt-logo-dark.png\"\/><meta itemprop=\"url\" content=\"https:\/\/legacy.colt.net\/es\/resources\/author\/colt\/\" \/><meta itemprop=\"name\" content=\"Colt Technology Services\" \/><meta itemprop=\"url\" content=\"https:\/\/legacy.colt.net\/wp-content\/uploads\/2021\/01\/Brand-2021-Stock-10.jpg\" \/><meta itemprop=\"width\" content=\"1000\" \/><meta itemprop=\"height\" content=\"668\" \/><meta itemprop=\"interactionType\" content=\"https:\/\/schema.org\/CommentAction\" \/><meta itemprop=\"userInteractionCount\" content=\"0\" \/>\n    <h5><a href=\"https:\/\/legacy.colt.net\/es\/resources\/type\/news-es\/\" rel=\"tag\">Colt Technology News<\/a><\/h5>\n<a href=\"https:\/\/legacy.colt.net\/es\/resources\/colt-colaborara-con-microsoft-para-impulsar-la-proxima-generacion-de-voz-en-la-nube\/\" title='Colt colaborar\u00e1 con Microsoft para impulsar la pr\u00f3xima generaci\u00f3n de voz en la nube'><img decoding=\"async\" width=\"720\" height=\"450\" src=\"https:\/\/legacy.colt.net\/wp-content\/uploads\/2021\/01\/Brand-2021-Stock-10-720x450.jpg\" alt=\"\" loading=\"lazy\" itemprop=\"image\" \/><\/a>\n<h3><a href=\"https:\/\/legacy.colt.net\/es\/resources\/colt-colaborara-con-microsoft-para-impulsar-la-proxima-generacion-de-voz-en-la-nube\/\" title='Colt colaborar\u00e1 con Microsoft para impulsar la pr\u00f3xima generaci\u00f3n de voz en la nube'>Colt colaborar\u00e1 con Microsoft para impulsar la pr\u00f3xima generaci\u00f3n de voz en la nube<\/a><\/h3>\n<p>El programa Operator Connect para Microsoft Teams ofrece una implementaci\u00f3n f\u00e1cil y una experiencia de voz mejorada para las empresas Madrid, 11 de octubre de&#8230;<\/p>\n\n<a href=\"https:\/\/legacy.colt.net\/es\/resources\/colt-colaborara-con-microsoft-para-impulsar-la-proxima-generacion-de-voz-en-la-nube\/\" title='Read More \u00bb'>Read More \u00bb<\/a>\n\n\t<meta itemscope itemprop=\"mainEntityOfPage\" itemtype=\"https:\/\/schema.org\/WebPage\" itemid=\"https:\/\/legacy.colt.net\/es\/resources\/colt-se-compromete-a-alcanzar-cero-emisiones-globales-en-2030\/\" content=\"Colt se compromete a alcanzar cero emisiones globales en 2030\" \/><meta itemprop=\"datePublished\" content=\"2021-10-05\" \/><meta itemprop=\"dateModified\" content=\"2021-10-05\" \/><meta itemprop=\"name\" content=\"Colt Technology Services\"\/><meta itemprop=\"url\" content=\"https:\/\/legacy.colt.net\/wp-content\/uploads\/2018\/10\/Colt-logo-dark.png\"\/><meta itemprop=\"url\" content=\"https:\/\/legacy.colt.net\/es\/resources\/author\/colt\/\" \/><meta itemprop=\"name\" content=\"Colt Technology Services\" \/><meta itemprop=\"url\" content=\"https:\/\/legacy.colt.net\/wp-content\/uploads\/2021\/06\/sustainability-5.png\" \/><meta itemprop=\"width\" content=\"537\" \/><meta itemprop=\"height\" content=\"555\" \/><meta itemprop=\"interactionType\" content=\"https:\/\/schema.org\/CommentAction\" \/><meta itemprop=\"userInteractionCount\" content=\"0\" \/>\n    <h5><a href=\"https:\/\/legacy.colt.net\/es\/resources\/type\/news-es\/\" rel=\"tag\">Colt Technology News<\/a><\/h5>\n<a href=\"https:\/\/legacy.colt.net\/es\/resources\/colt-se-compromete-a-alcanzar-cero-emisiones-globales-en-2030\/\" title='Colt se compromete a alcanzar cero emisiones globales en 2030'><img decoding=\"async\" width=\"720\" height=\"450\" src=\"https:\/\/legacy.colt.net\/wp-content\/uploads\/2021\/06\/sustainability-5-720x450.png\" alt=\"\" loading=\"lazy\" itemprop=\"image\" \/><\/a>\n<h3><a href=\"https:\/\/legacy.colt.net\/es\/resources\/colt-se-compromete-a-alcanzar-cero-emisiones-globales-en-2030\/\" title='Colt se compromete a alcanzar cero emisiones globales en 2030'>Colt se compromete a alcanzar cero emisiones globales en 2030<\/a><\/h3>\n<p>Colt Group ha establecido metas de reducci\u00f3n de emisiones basadas en la ciencia, acreditadas por la Iniciativa de Objetivos Basados en la Ciencia, para lograr&#8230;<\/p>\n\n<a href=\"https:\/\/legacy.colt.net\/es\/resources\/colt-se-compromete-a-alcanzar-cero-emisiones-globales-en-2030\/\" title='Read More \u00bb'>Read More \u00bb<\/a>\n\n\t<meta itemscope itemprop=\"mainEntityOfPage\" itemtype=\"https:\/\/schema.org\/WebPage\" itemid=\"https:\/\/legacy.colt.net\/es\/resources\/los-mercados-financieros-de-colt-se-trasladan-a-latinoamerica\/\" content=\"Los mercados financieros de Colt se trasladan a Latinoam\u00e9rica\" \/><meta itemprop=\"datePublished\" content=\"2021-10-01\" \/><meta itemprop=\"dateModified\" content=\"2021-10-01\" \/><meta itemprop=\"name\" content=\"Colt Technology Services\"\/><meta itemprop=\"url\" content=\"https:\/\/legacy.colt.net\/wp-content\/uploads\/2018\/10\/Colt-logo-dark.png\"\/><meta itemprop=\"url\" content=\"https:\/\/legacy.colt.net\/es\/resources\/author\/colt\/\" \/><meta itemprop=\"name\" content=\"Colt Technology Services\" \/><meta itemprop=\"url\" content=\"https:\/\/legacy.colt.net\/wp-content\/uploads\/2021\/01\/Brand-2021-Stock-43.jpg\" \/><meta itemprop=\"width\" content=\"1000\" \/><meta itemprop=\"height\" content=\"667\" \/><meta itemprop=\"interactionType\" content=\"https:\/\/schema.org\/CommentAction\" \/><meta itemprop=\"userInteractionCount\" content=\"0\" \/>\n    <h5><a href=\"https:\/\/legacy.colt.net\/es\/resources\/type\/blog-es\/\" rel=\"tag\">Blogs<\/a><\/h5>\n<a href=\"https:\/\/legacy.colt.net\/es\/resources\/los-mercados-financieros-de-colt-se-trasladan-a-latinoamerica\/\" title='Los mercados financieros de Colt se trasladan a Latinoam\u00e9rica'><img decoding=\"async\" width=\"720\" height=\"450\" src=\"https:\/\/legacy.colt.net\/wp-content\/uploads\/2021\/01\/Brand-2021-Stock-43-720x450.jpg\" alt=\"\" loading=\"lazy\" itemprop=\"image\" \/><\/a>\n<h3><a href=\"https:\/\/legacy.colt.net\/es\/resources\/los-mercados-financieros-de-colt-se-trasladan-a-latinoamerica\/\" title='Los mercados financieros de Colt se trasladan a Latinoam\u00e9rica'>Los mercados financieros de Colt se trasladan a Latinoam\u00e9rica<\/a><\/h3>\n<p>FinTech contin\u00faa creciendo a un ritmo r\u00e9cord, particularmente en Am\u00e9rica Latina, con Brasil y M\u00e9xico a la cabeza. Debido a la pandemia, el sector de&#8230;<\/p>\n\n<a href=\"https:\/\/legacy.colt.net\/es\/resources\/los-mercados-financieros-de-colt-se-trasladan-a-latinoamerica\/\" title='Read More \u00bb'>Read More \u00bb<\/a>\n\n\t<meta itemscope itemprop=\"mainEntityOfPage\" itemtype=\"https:\/\/schema.org\/WebPage\" itemid=\"https:\/\/legacy.colt.net\/es\/resources\/colt-technology-services-enriquece-las-experiencias-digitales-de-los-clientes-con-blue-planet\/\" content=\"Colt Technology Services enriquece las experiencias digitales de los clientes con Blue Planet\" \/><meta itemprop=\"datePublished\" content=\"2021-10-01\" \/><meta itemprop=\"dateModified\" content=\"2021-10-01\" \/><meta itemprop=\"name\" content=\"Colt Technology Services\"\/><meta itemprop=\"url\" content=\"https:\/\/legacy.colt.net\/wp-content\/uploads\/2018\/10\/Colt-logo-dark.png\"\/><meta itemprop=\"url\" content=\"https:\/\/legacy.colt.net\/es\/resources\/author\/colt\/\" \/><meta itemprop=\"name\" content=\"Colt Technology Services\" \/><meta itemprop=\"url\" content=\"https:\/\/legacy.colt.net\/wp-content\/uploads\/2021\/01\/Brand-2021-Stock-36.jpg\" \/><meta itemprop=\"width\" content=\"1000\" \/><meta itemprop=\"height\" content=\"667\" \/><meta itemprop=\"interactionType\" content=\"https:\/\/schema.org\/CommentAction\" \/><meta itemprop=\"userInteractionCount\" content=\"0\" \/>\n    <h5><a href=\"https:\/\/legacy.colt.net\/es\/resources\/type\/news-es\/\" rel=\"tag\">Colt Technology News<\/a><\/h5>\n<a href=\"https:\/\/legacy.colt.net\/es\/resources\/colt-technology-services-enriquece-las-experiencias-digitales-de-los-clientes-con-blue-planet\/\" title='Colt Technology Services enriquece las experiencias digitales de los clientes con Blue Planet'><img decoding=\"async\" width=\"720\" height=\"450\" src=\"https:\/\/legacy.colt.net\/wp-content\/uploads\/2021\/01\/Brand-2021-Stock-36-720x450.jpg\" alt=\"\" loading=\"lazy\" itemprop=\"image\" \/><\/a>\n<h3><a href=\"https:\/\/legacy.colt.net\/es\/resources\/colt-technology-services-enriquece-las-experiencias-digitales-de-los-clientes-con-blue-planet\/\" title='Colt Technology Services enriquece las experiencias digitales de los clientes con Blue Planet'>Colt Technology Services enriquece las experiencias digitales de los clientes con Blue Planet<\/a><\/h3>\n<p>El software de garant\u00eda automatizada resuelve r\u00e1pidamente los problemas de red y mejora la fiabilidad del servicio Colt como proveedor l\u00edder en soluciones de conectividad&#8230;<\/p>\n\n<a href=\"https:\/\/legacy.colt.net\/es\/resources\/colt-technology-services-enriquece-las-experiencias-digitales-de-los-clientes-con-blue-planet\/\" title='Read More \u00bb'>Read More \u00bb<\/a>\n\n\t<meta itemscope itemprop=\"mainEntityOfPage\" itemtype=\"https:\/\/schema.org\/WebPage\" itemid=\"https:\/\/legacy.colt.net\/es\/resources\/colt-y-equinix-amplian-su-asociacion-para-respaldar-los-planes-de-transformacion-digital-en-italia\/\" content=\"Colt y Equinix ampl\u00edan su asociaci\u00f3n para respaldar los planes de transformaci\u00f3n digital en Italia\" \/><meta itemprop=\"datePublished\" content=\"2021-09-28\" \/><meta itemprop=\"dateModified\" content=\"2021-09-29\" \/><meta itemprop=\"name\" content=\"Colt Technology Services\"\/><meta itemprop=\"url\" content=\"https:\/\/legacy.colt.net\/wp-content\/uploads\/2018\/10\/Colt-logo-dark.png\"\/><meta itemprop=\"url\" content=\"https:\/\/legacy.colt.net\/es\/resources\/author\/colt\/\" \/><meta itemprop=\"name\" content=\"Colt Technology Services\" \/><meta itemprop=\"url\" content=\"https:\/\/legacy.colt.net\/wp-content\/uploads\/2021\/01\/Brand-2021-Stock-27.jpg\" \/><meta itemprop=\"width\" content=\"1000\" \/><meta itemprop=\"height\" content=\"667\" \/><meta itemprop=\"interactionType\" content=\"https:\/\/schema.org\/CommentAction\" \/><meta itemprop=\"userInteractionCount\" content=\"0\" \/>\n    <h5><a href=\"https:\/\/legacy.colt.net\/es\/resources\/type\/news-es\/\" rel=\"tag\">Colt Technology News<\/a><\/h5>\n<a href=\"https:\/\/legacy.colt.net\/es\/resources\/colt-y-equinix-amplian-su-asociacion-para-respaldar-los-planes-de-transformacion-digital-en-italia\/\" title='Colt y Equinix ampl\u00edan su asociaci\u00f3n para respaldar los planes de transformaci\u00f3n digital en Italia'><img decoding=\"async\" width=\"720\" height=\"450\" src=\"https:\/\/legacy.colt.net\/wp-content\/uploads\/2021\/01\/Brand-2021-Stock-27-720x450.jpg\" alt=\"\" loading=\"lazy\" itemprop=\"image\" \/><\/a>\n<h3><a href=\"https:\/\/legacy.colt.net\/es\/resources\/colt-y-equinix-amplian-su-asociacion-para-respaldar-los-planes-de-transformacion-digital-en-italia\/\" title='Colt y Equinix ampl\u00edan su asociaci\u00f3n para respaldar los planes de transformaci\u00f3n digital en Italia'>Colt y Equinix ampl\u00edan su asociaci\u00f3n para respaldar los planes de transformaci\u00f3n digital en Italia<\/a><\/h3>\n<p>Colt se convierte en el primer operador en conectarse al centro de datos ML5 estrat\u00e9gicamente ubicado de Equinix, proporcionando conectividad continua para cables submarinos de&#8230;<\/p>\n\n<a href=\"https:\/\/legacy.colt.net\/es\/resources\/colt-y-equinix-amplian-su-asociacion-para-respaldar-los-planes-de-transformacion-digital-en-italia\/\" title='Read More \u00bb'>Read More \u00bb<\/a>\n\n\t<meta itemscope itemprop=\"mainEntityOfPage\" itemtype=\"https:\/\/schema.org\/WebPage\" itemid=\"https:\/\/legacy.colt.net\/es\/resources\/como-la-ia-puede-aumentar-el-engagement-con-el-cliente\/\" content=\"C\u00f3mo la IA puede aumentar el engagement  con el cliente\" \/><meta itemprop=\"datePublished\" content=\"2021-09-24\" \/><meta itemprop=\"dateModified\" content=\"2021-09-24\" \/><meta itemprop=\"name\" content=\"Colt Technology Services\"\/><meta itemprop=\"url\" content=\"https:\/\/legacy.colt.net\/wp-content\/uploads\/2018\/10\/Colt-logo-dark.png\"\/><meta itemprop=\"url\" content=\"https:\/\/legacy.colt.net\/es\/resources\/author\/lourdesserrano\/\" \/><meta itemprop=\"name\" content=\"Lourdes Serrano\" \/><meta itemprop=\"url\" content=\"https:\/\/legacy.colt.net\/wp-content\/uploads\/2021\/01\/Brand-2021-Stock-7-1.jpg\" \/><meta itemprop=\"width\" content=\"1000\" \/><meta itemprop=\"height\" content=\"667\" \/><meta itemprop=\"interactionType\" content=\"https:\/\/schema.org\/CommentAction\" \/><meta itemprop=\"userInteractionCount\" content=\"0\" \/>\n    <h5><a href=\"https:\/\/legacy.colt.net\/es\/resources\/type\/blog-es\/\" rel=\"tag\">Blogs<\/a><\/h5>\n<a href=\"https:\/\/legacy.colt.net\/es\/resources\/como-la-ia-puede-aumentar-el-engagement-con-el-cliente\/\" title='C\u00f3mo la IA puede aumentar el engagement  con el cliente'><img decoding=\"async\" width=\"720\" height=\"450\" src=\"https:\/\/legacy.colt.net\/wp-content\/uploads\/2021\/01\/Brand-2021-Stock-7-1-720x450.jpg\" alt=\"\" loading=\"lazy\" itemprop=\"image\" \/><\/a>\n<h3><a href=\"https:\/\/legacy.colt.net\/es\/resources\/como-la-ia-puede-aumentar-el-engagement-con-el-cliente\/\" title='C\u00f3mo la IA puede aumentar el engagement  con el cliente'>C\u00f3mo la IA puede aumentar el engagement  con el cliente<\/a><\/h3>\n<p>\u00bfCu\u00e1ntas veces has sentido que tratan mejor a los nuevos clientes que a ti? \u00bfO cu\u00e1ntas veces has amenazado con dejar una empresa que ofrece&#8230;<\/p>\n\n<a href=\"https:\/\/legacy.colt.net\/es\/resources\/como-la-ia-puede-aumentar-el-engagement-con-el-cliente\/\" title='Read More \u00bb'>Read More \u00bb<\/a>\n\n\t<meta itemscope itemprop=\"mainEntityOfPage\" itemtype=\"https:\/\/schema.org\/WebPage\" itemid=\"https:\/\/legacy.colt.net\/es\/resources\/colt-proporciona-a-decathlon-una-plataforma-global-para-servicios-digitales\/\" content=\"Colt proporciona a Decathlon una plataforma global para servicios digitales\" \/><meta itemprop=\"datePublished\" content=\"2021-09-22\" \/><meta itemprop=\"dateModified\" content=\"2021-09-22\" \/><meta itemprop=\"name\" content=\"Colt Technology Services\"\/><meta itemprop=\"url\" content=\"https:\/\/legacy.colt.net\/wp-content\/uploads\/2018\/10\/Colt-logo-dark.png\"\/><meta itemprop=\"url\" content=\"https:\/\/legacy.colt.net\/es\/resources\/author\/colt\/\" \/><meta itemprop=\"name\" content=\"Colt Technology Services\" \/><meta itemprop=\"url\" content=\"https:\/\/legacy.colt.net\/wp-content\/uploads\/2021\/09\/Decathlon-Logo.png\" \/><meta itemprop=\"width\" content=\"3840\" \/><meta itemprop=\"height\" content=\"2160\" \/><meta itemprop=\"interactionType\" content=\"https:\/\/schema.org\/CommentAction\" \/><meta itemprop=\"userInteractionCount\" content=\"0\" \/>\n    <h5><a href=\"https:\/\/legacy.colt.net\/es\/resources\/type\/blog-es\/\" rel=\"tag\">Blogs<\/a><a href=\"https:\/\/legacy.colt.net\/es\/resources\/type\/news-es\/\" rel=\"tag\">Colt Technology News<\/a><\/h5>\n<a href=\"https:\/\/legacy.colt.net\/es\/resources\/colt-proporciona-a-decathlon-una-plataforma-global-para-servicios-digitales\/\" title='Colt proporciona a Decathlon una plataforma global para servicios digitales'><img decoding=\"async\" width=\"720\" height=\"450\" src=\"https:\/\/legacy.colt.net\/wp-content\/uploads\/2021\/09\/Decathlon-Logo-720x450.png\" alt=\"\" loading=\"lazy\" itemprop=\"image\" \/><\/a>\n<h3><a href=\"https:\/\/legacy.colt.net\/es\/resources\/colt-proporciona-a-decathlon-una-plataforma-global-para-servicios-digitales\/\" title='Colt proporciona a Decathlon una plataforma global para servicios digitales'>Colt proporciona a Decathlon una plataforma global para servicios digitales<\/a><\/h3>\n<p>Colt ofrecer\u00e1 conectividad a\u00a0Decathlon\u00a0para soportar la implementaci\u00f3n de una gran cantidad de nubes y hubs en Europa, Asia y EE.UU. Colt Technology Services\u00a0en colaboraci\u00f3n con&#8230;<\/p>\n\n<a href=\"https:\/\/legacy.colt.net\/es\/resources\/colt-proporciona-a-decathlon-una-plataforma-global-para-servicios-digitales\/\" title='Read More \u00bb'>Read More \u00bb<\/a>\n\n\t<meta itemscope itemprop=\"mainEntityOfPage\" itemtype=\"https:\/\/schema.org\/WebPage\" itemid=\"https:\/\/legacy.colt.net\/es\/resources\/colt-participara-como-patrocinador-en-el-idc-cio-digital-summit\/\" content=\"Colt participar\u00e1 como patrocinador en el IDC CIO Digital Summit\" \/><meta itemprop=\"datePublished\" content=\"2021-09-20\" \/><meta itemprop=\"dateModified\" content=\"2021-09-20\" \/><meta itemprop=\"name\" content=\"Colt Technology Services\"\/><meta itemprop=\"url\" content=\"https:\/\/legacy.colt.net\/wp-content\/uploads\/2018\/10\/Colt-logo-dark.png\"\/><meta itemprop=\"url\" content=\"https:\/\/legacy.colt.net\/es\/resources\/author\/themer\/\" \/><meta itemprop=\"name\" content=\"Colt Technology Services\" \/><meta itemprop=\"url\" content=\"https:\/\/legacy.colt.net\/wp-content\/uploads\/2021\/09\/Ponente-Colt-CIO-2021.png\" \/><meta itemprop=\"width\" content=\"1200\" \/><meta itemprop=\"height\" content=\"628\" \/><meta itemprop=\"interactionType\" content=\"https:\/\/schema.org\/CommentAction\" \/><meta itemprop=\"userInteractionCount\" content=\"0\" \/>\n    <h5><a href=\"https:\/\/legacy.colt.net\/es\/resources\/type\/blog-es\/\" rel=\"tag\">Blogs<\/a><\/h5>\n<a href=\"https:\/\/legacy.colt.net\/es\/resources\/colt-participara-como-patrocinador-en-el-idc-cio-digital-summit\/\" title='Colt participar\u00e1 como patrocinador en el IDC CIO Digital Summit'><img decoding=\"async\" width=\"720\" height=\"450\" src=\"https:\/\/legacy.colt.net\/wp-content\/uploads\/2021\/09\/Ponente-Colt-CIO-2021-720x450.png\" alt=\"\" loading=\"lazy\" itemprop=\"image\" \/><\/a>\n<h3><a href=\"https:\/\/legacy.colt.net\/es\/resources\/colt-participara-como-patrocinador-en-el-idc-cio-digital-summit\/\" title='Colt participar\u00e1 como patrocinador en el IDC CIO Digital Summit'>Colt participar\u00e1 como patrocinador en el IDC CIO Digital Summit<\/a><\/h3>\n<p>Colt participar\u00e1 como patrocinador Gold en el evento de referencia de IDC para CIOs en Espa\u00f1a. Se trata del IDC CIO Digital Summit, que se&#8230;<\/p>\n\n<a href=\"https:\/\/legacy.colt.net\/es\/resources\/colt-participara-como-patrocinador-en-el-idc-cio-digital-summit\/\" title='Read More \u00bb'>Read More \u00bb<\/a>\n\n\t<meta itemscope itemprop=\"mainEntityOfPage\" itemtype=\"https:\/\/schema.org\/WebPage\" itemid=\"https:\/\/legacy.colt.net\/es\/resources\/building-your-tech-foundation-for-the-future\/\" content=\"Crear tu base de tecnolog\u00eda para el futuro\" \/><meta itemprop=\"datePublished\" content=\"2021-09-18\" \/><meta itemprop=\"dateModified\" content=\"2021-11-01\" \/><meta itemprop=\"name\" content=\"Colt Technology Services\"\/><meta itemprop=\"url\" content=\"https:\/\/legacy.colt.net\/wp-content\/uploads\/2018\/10\/Colt-logo-dark.png\"\/><meta itemprop=\"url\" content=\"https:\/\/legacy.colt.net\/es\/resources\/author\/colt\/\" \/><meta itemprop=\"name\" content=\"Colt Technology Services\" \/><meta itemprop=\"url\" content=\"https:\/\/legacy.colt.net\/wp-content\/uploads\/2021\/09\/ES_GC3_eBook_cover_Image.png\" \/><meta itemprop=\"width\" content=\"1102\" \/><meta itemprop=\"height\" content=\"763\" \/><meta itemprop=\"interactionType\" content=\"https:\/\/schema.org\/CommentAction\" \/><meta itemprop=\"userInteractionCount\" content=\"0\" \/>\n    <h5><a href=\"https:\/\/legacy.colt.net\/es\/resources\/type\/whitepaper-es\/\" rel=\"tag\">whitepaper<\/a><\/h5>\n<a href=\"https:\/\/legacy.colt.net\/es\/resources\/building-your-tech-foundation-for-the-future\/\" title='Crear tu base de tecnolog\u00eda para el futuro'><img decoding=\"async\" width=\"720\" height=\"450\" src=\"https:\/\/legacy.colt.net\/wp-content\/uploads\/2021\/09\/ES_GC3_eBook_cover_Image-720x450.png\" alt=\"\" loading=\"lazy\" itemprop=\"image\" \/><\/a>\n<h3><a href=\"https:\/\/legacy.colt.net\/es\/resources\/building-your-tech-foundation-for-the-future\/\" title='Crear tu base de tecnolog\u00eda para el futuro'>Crear tu base de tecnolog\u00eda para el futuro<\/a><\/h3>\n<p>Learn how to prepare your business for the hybrid workforce and implement a successful digital transformation strategy.\u00a0\u00a0<\/p>\n\n<a href=\"https:\/\/legacy.colt.net\/es\/resources\/building-your-tech-foundation-for-the-future\/\" title='Read More \u00bb'>Read More \u00bb<\/a>\n\n\t<meta itemscope itemprop=\"mainEntityOfPage\" itemtype=\"https:\/\/schema.org\/WebPage\" itemid=\"https:\/\/legacy.colt.net\/es\/resources\/la-importancia-de-la-sostenibilidad-para-colt-objetivo-cero-residuos\/\" content=\"La importancia de la sostenibilidad para Colt: objetivo Cero Residuos\" \/><meta itemprop=\"datePublished\" content=\"2021-09-10\" \/><meta itemprop=\"dateModified\" content=\"2021-09-10\" \/><meta itemprop=\"name\" content=\"Colt Technology Services\"\/><meta itemprop=\"url\" content=\"https:\/\/legacy.colt.net\/wp-content\/uploads\/2018\/10\/Colt-logo-dark.png\"\/><meta itemprop=\"url\" content=\"https:\/\/legacy.colt.net\/es\/resources\/author\/themer\/\" \/><meta itemprop=\"name\" content=\"Colt Technology Services\" \/><meta itemprop=\"url\" content=\"https:\/\/legacy.colt.net\/wp-content\/uploads\/2021\/06\/sustainability-1.png\" \/><meta itemprop=\"width\" content=\"584\" \/><meta itemprop=\"height\" content=\"511\" \/><meta itemprop=\"interactionType\" content=\"https:\/\/schema.org\/CommentAction\" \/><meta itemprop=\"userInteractionCount\" content=\"0\" \/>\n    <h5><a href=\"https:\/\/legacy.colt.net\/es\/resources\/type\/blog-es\/\" rel=\"tag\">Blogs<\/a><\/h5>\n<a href='https:\/\/legacy.colt.net\/es\/resources\/la-importancia-de-la-sostenibilidad-para-colt-objetivo-cero-residuos\/' title='La importancia de la sostenibilidad para Colt: objetivo Cero Residuos'><img decoding=\"async\" width=\"720\" height=\"450\" src=\"https:\/\/legacy.colt.net\/wp-content\/uploads\/2021\/06\/sustainability-1-720x450.png\" alt=\"\" loading=\"lazy\" itemprop=\"image\" \/><\/a>\n<h3><a href='https:\/\/legacy.colt.net\/es\/resources\/la-importancia-de-la-sostenibilidad-para-colt-objetivo-cero-residuos\/' title='La importancia de la sostenibilidad para Colt: objetivo Cero Residuos'>La importancia de la sostenibilidad para Colt: objetivo Cero Residuos<\/a><\/h3>\n<p>La iniciativa Cero Residuos respalda nuestras prioridades empresariales generales y las crecientes demandas de nuestros clientes. Este enfoque tiene como objetivo desviar del vertedero al&#8230;<\/p>\n\n<a href='https:\/\/legacy.colt.net\/es\/resources\/la-importancia-de-la-sostenibilidad-para-colt-objetivo-cero-residuos\/' title='Read More \u00bb'>Read More \u00bb<\/a>\n\n\t<meta itemscope itemprop=\"mainEntityOfPage\" itemtype=\"https:\/\/schema.org\/WebPage\" itemid=\"https:\/\/legacy.colt.net\/es\/resources\/guia-de-conexion-a-la-nube\/\" content=\"Gu\u00eda de conexi\u00f3n a la nube\" \/><meta itemprop=\"datePublished\" content=\"2021-09-06\" \/><meta itemprop=\"dateModified\" content=\"2021-09-06\" \/><meta itemprop=\"name\" content=\"Colt Technology Services\"\/><meta itemprop=\"url\" content=\"https:\/\/legacy.colt.net\/wp-content\/uploads\/2018\/10\/Colt-logo-dark.png\"\/><meta itemprop=\"url\" content=\"https:\/\/legacy.colt.net\/es\/resources\/author\/colt\/\" \/><meta itemprop=\"name\" content=\"Colt Technology Services\" \/><meta itemprop=\"url\" content=\"https:\/\/legacy.colt.net\/wp-content\/uploads\/2021\/01\/Brand-2021-Stock-25.jpg\" \/><meta itemprop=\"width\" content=\"1000\" \/><meta itemprop=\"height\" content=\"667\" \/><meta itemprop=\"interactionType\" content=\"https:\/\/schema.org\/CommentAction\" \/><meta itemprop=\"userInteractionCount\" content=\"0\" \/>\n    <h5><\/h5>\n<a href=\"https:\/\/legacy.colt.net\/es\/resources\/guia-de-conexion-a-la-nube\/\" title='Gu\u00eda de conexi\u00f3n a la nube'><img decoding=\"async\" width=\"720\" height=\"450\" src=\"https:\/\/legacy.colt.net\/wp-content\/uploads\/2021\/01\/Brand-2021-Stock-25-720x450.jpg\" alt=\"\" loading=\"lazy\" itemprop=\"image\" \/><\/a>\n<h3><a href=\"https:\/\/legacy.colt.net\/es\/resources\/guia-de-conexion-a-la-nube\/\" title='Gu\u00eda de conexi\u00f3n a la nube'>Gu\u00eda de conexi\u00f3n a la nube<\/a><\/h3>\n<p>\u00a0 Conexi\u00f3n IP, conexi\u00f3n a la nube, conexi\u00f3n directa, interconexi\u00f3n dedicada, enlace directo, conexi\u00f3n r\u00e1pida&#8230; \u00bfQu\u00e9 quieren decir todos estos t\u00e9rminos? Introducci\u00f3nHistoria de la conexi\u00f3n&#8230;<\/p>\n\n<a href=\"https:\/\/legacy.colt.net\/es\/resources\/guia-de-conexion-a-la-nube\/\" title='Read More \u00bb'>Read More \u00bb<\/a>\n\n\t<meta itemscope itemprop=\"mainEntityOfPage\" itemtype=\"https:\/\/schema.org\/WebPage\" itemid=\"https:\/\/legacy.colt.net\/es\/resources\/ofreciendo-una-experiencia-realmente-global-nuestro-record-de-nps\/\" content=\"Ofreciendo una experiencia realmente global: nuestro r\u00e9cord de NPS\" \/><meta itemprop=\"datePublished\" content=\"2021-09-03\" \/><meta itemprop=\"dateModified\" content=\"2021-09-03\" \/><meta itemprop=\"name\" content=\"Colt Technology Services\"\/><meta itemprop=\"url\" content=\"https:\/\/legacy.colt.net\/wp-content\/uploads\/2018\/10\/Colt-logo-dark.png\"\/><meta itemprop=\"url\" content=\"https:\/\/legacy.colt.net\/es\/resources\/author\/noahroychowdhury\/\" \/><meta itemprop=\"name\" content=\"Noah Roychowdhury\" \/><meta itemprop=\"url\" content=\"https:\/\/legacy.colt.net\/wp-content\/uploads\/2019\/03\/Call_Centre_iStock-134942482.jpg\" \/><meta itemprop=\"width\" content=\"2048\" \/><meta itemprop=\"height\" content=\"1365\" \/><meta itemprop=\"interactionType\" content=\"https:\/\/schema.org\/CommentAction\" \/><meta itemprop=\"userInteractionCount\" content=\"0\" \/>\n    <h5><a href=\"https:\/\/legacy.colt.net\/es\/resources\/type\/blog-es\/\" rel=\"tag\">Blogs<\/a><\/h5>\n<a href=\"https:\/\/legacy.colt.net\/es\/resources\/ofreciendo-una-experiencia-realmente-global-nuestro-record-de-nps\/\" title='Ofreciendo una experiencia realmente global: nuestro r\u00e9cord de NPS'><img decoding=\"async\" width=\"300\" height=\"182\" src=\"https:\/\/legacy.colt.net\/wp-content\/uploads\/2019\/03\/Call_Centre_iStock-134942482-300x182.jpg\" alt=\"\" loading=\"lazy\" itemprop=\"image\" \/><\/a>\n<h3><a href=\"https:\/\/legacy.colt.net\/es\/resources\/ofreciendo-una-experiencia-realmente-global-nuestro-record-de-nps\/\" title='Ofreciendo una experiencia realmente global: nuestro r\u00e9cord de NPS'>Ofreciendo una experiencia realmente global: nuestro r\u00e9cord de NPS<\/a><\/h3>\n<p>Como empresa, nos esforzamos por ser el negocio m\u00e1s orientado al cliente de nuestra industria. Nuestros equipos de Atenci\u00f3n al Cliente trabajan incansablemente para asegurarse&#8230;<\/p>\n\n<a href=\"https:\/\/legacy.colt.net\/es\/resources\/ofreciendo-una-experiencia-realmente-global-nuestro-record-de-nps\/\" title='Read More \u00bb'>Read More \u00bb<\/a>\n\n\t<meta itemscope itemprop=\"mainEntityOfPage\" itemtype=\"https:\/\/schema.org\/WebPage\" itemid=\"https:\/\/legacy.colt.net\/es\/resources\/colt-y-getlink-firman-un-acuerdo-exclusivo-para-instalar-y-operar-una-nueva-red-de-fibra-optica-a-traves-del-tunel-del-canal-de-la-mancha\/\" content=\"Colt y Getlink firman un acuerdo exclusivo para instalar y operar una nueva red de fibra \u00f3ptica a trav\u00e9s del t\u00fanel del Canal de la Mancha\" \/><meta itemprop=\"datePublished\" content=\"2021-09-02\" \/><meta itemprop=\"dateModified\" content=\"2021-09-02\" \/><meta itemprop=\"name\" content=\"Colt Technology Services\"\/><meta itemprop=\"url\" content=\"https:\/\/legacy.colt.net\/wp-content\/uploads\/2018\/10\/Colt-logo-dark.png\"\/><meta itemprop=\"url\" content=\"https:\/\/legacy.colt.net\/es\/resources\/author\/lourdesserrano\/\" \/><meta itemprop=\"name\" content=\"Lourdes Serrano\" \/><meta itemprop=\"url\" content=\"https:\/\/legacy.colt.net\/wp-content\/uploads\/2021\/09\/GET_040973_ori-scaled.jpg\" \/><meta itemprop=\"width\" content=\"2560\" \/><meta itemprop=\"height\" content=\"1442\" \/><meta itemprop=\"interactionType\" content=\"https:\/\/schema.org\/CommentAction\" \/><meta itemprop=\"userInteractionCount\" content=\"0\" \/>\n    <h5><a href=\"https:\/\/legacy.colt.net\/es\/resources\/type\/news-es\/\" rel=\"tag\">Colt Technology News<\/a><\/h5>\n<a href=\"https:\/\/legacy.colt.net\/es\/resources\/colt-y-getlink-firman-un-acuerdo-exclusivo-para-instalar-y-operar-una-nueva-red-de-fibra-optica-a-traves-del-tunel-del-canal-de-la-mancha\/\" title='Colt y Getlink firman un acuerdo exclusivo para instalar y operar una nueva red de fibra \u00f3ptica a trav\u00e9s del t\u00fanel del Canal de la Mancha'><img decoding=\"async\" width=\"720\" height=\"450\" src=\"https:\/\/legacy.colt.net\/wp-content\/uploads\/2021\/09\/GET_040973_ori-720x450.jpg\" alt=\"\" loading=\"lazy\" itemprop=\"image\" \/><\/a>\n<h3><a href=\"https:\/\/legacy.colt.net\/es\/resources\/colt-y-getlink-firman-un-acuerdo-exclusivo-para-instalar-y-operar-una-nueva-red-de-fibra-optica-a-traves-del-tunel-del-canal-de-la-mancha\/\" title='Colt y Getlink firman un acuerdo exclusivo para instalar y operar una nueva red de fibra \u00f3ptica a trav\u00e9s del t\u00fanel del Canal de la Mancha'>Colt y Getlink firman un acuerdo exclusivo para instalar y operar una nueva red de fibra \u00f3ptica a trav\u00e9s del t\u00fanel del Canal de la Mancha<\/a><\/h3>\n<p>El acuerdo supone nuevos servicios de fibra y datos en el T\u00fanel del Canal por primera vez en una generaci\u00f3n, implementando la \u00faltima tecnolog\u00eda de&#8230;<\/p>\n\n<a href=\"https:\/\/legacy.colt.net\/es\/resources\/colt-y-getlink-firman-un-acuerdo-exclusivo-para-instalar-y-operar-una-nueva-red-de-fibra-optica-a-traves-del-tunel-del-canal-de-la-mancha\/\" title='Read More \u00bb'>Read More \u00bb<\/a>\n\n\t<meta itemscope itemprop=\"mainEntityOfPage\" itemtype=\"https:\/\/schema.org\/WebPage\" itemid=\"https:\/\/legacy.colt.net\/es\/resources\/fintyre\/\" content=\"Fintyre\" \/><meta itemprop=\"datePublished\" content=\"2021-08-03\" \/><meta itemprop=\"dateModified\" content=\"2021-09-23\" \/><meta itemprop=\"name\" content=\"Colt Technology Services\"\/><meta itemprop=\"url\" content=\"https:\/\/legacy.colt.net\/wp-content\/uploads\/2018\/10\/Colt-logo-dark.png\"\/><meta itemprop=\"url\" content=\"https:\/\/legacy.colt.net\/es\/resources\/author\/colt\/\" \/><meta itemprop=\"name\" content=\"Colt Technology Services\" \/><meta itemprop=\"url\" content=\"https:\/\/legacy.colt.net\/wp-content\/uploads\/2021\/08\/fintyre-logo-1.png\" \/><meta itemprop=\"width\" content=\"400\" \/><meta itemprop=\"height\" content=\"260\" \/><meta itemprop=\"interactionType\" content=\"https:\/\/schema.org\/CommentAction\" \/><meta itemprop=\"userInteractionCount\" content=\"0\" \/>\n    <h5><a href=\"https:\/\/legacy.colt.net\/es\/resources\/type\/case-studies-es\/\" rel=\"tag\">Clientes<\/a><\/h5>\n<a href=\"https:\/\/legacy.colt.net\/es\/resources\/fintyre\/\" title='Fintyre'><img decoding=\"async\" width=\"720\" height=\"450\" src=\"https:\/\/legacy.colt.net\/wp-content\/uploads\/2021\/08\/fintyre-logo-1-720x450.png\" alt=\"\" loading=\"lazy\" itemprop=\"image\" \/><\/a>\n<h3><a href=\"https:\/\/legacy.colt.net\/es\/resources\/fintyre\/\" title='Fintyre'>Fintyre<\/a><\/h3>\n<p>Despu\u00e9s de varios a\u00f1os de r\u00e1pido crecimiento, Fintyre es actualmente el l\u00edder del mercado italiano de sustituci\u00f3n de neum\u00e1ticos. Fintyre desarrolla su actividad en todo&#8230;<\/p>\n\n<a href=\"https:\/\/legacy.colt.net\/es\/resources\/fintyre\/\" title='Read More \u00bb'>Read More \u00bb<\/a>\n\n\t<meta itemscope itemprop=\"mainEntityOfPage\" itemtype=\"https:\/\/schema.org\/WebPage\" itemid=\"https:\/\/legacy.colt.net\/es\/resources\/colt-ha-obtenido-la-certificacion-para-servicios-mef-3-0-sd-wan\/\" content=\"Colt ha obtenido la certificaci\u00f3n para servicios MEF 3.0 SD-WAN\" \/><meta itemprop=\"datePublished\" content=\"2021-08-03\" \/><meta itemprop=\"dateModified\" content=\"2021-08-03\" \/><meta itemprop=\"name\" content=\"Colt Technology Services\"\/><meta itemprop=\"url\" content=\"https:\/\/legacy.colt.net\/wp-content\/uploads\/2018\/10\/Colt-logo-dark.png\"\/><meta itemprop=\"url\" content=\"https:\/\/legacy.colt.net\/es\/resources\/author\/lourdesserrano\/\" \/><meta itemprop=\"name\" content=\"Lourdes Serrano\" \/><meta itemprop=\"url\" content=\"https:\/\/legacy.colt.net\/wp-content\/uploads\/2021\/01\/Brand-2021-Stock-19.jpg\" \/><meta itemprop=\"width\" content=\"1000\" \/><meta itemprop=\"height\" content=\"667\" \/><meta itemprop=\"interactionType\" content=\"https:\/\/schema.org\/CommentAction\" \/><meta itemprop=\"userInteractionCount\" content=\"0\" \/>\n    <h5><a href=\"https:\/\/legacy.colt.net\/es\/resources\/type\/news-es\/\" rel=\"tag\">Colt Technology News<\/a><\/h5>\n<a href=\"https:\/\/legacy.colt.net\/es\/resources\/colt-ha-obtenido-la-certificacion-para-servicios-mef-3-0-sd-wan\/\" title='Colt ha obtenido la certificaci\u00f3n para servicios MEF 3.0 SD-WAN'><img decoding=\"async\" width=\"720\" height=\"450\" src=\"https:\/\/legacy.colt.net\/wp-content\/uploads\/2021\/01\/Brand-2021-Stock-19-720x450.jpg\" alt=\"\" loading=\"lazy\" itemprop=\"image\" \/><\/a>\n<h3><a href=\"https:\/\/legacy.colt.net\/es\/resources\/colt-ha-obtenido-la-certificacion-para-servicios-mef-3-0-sd-wan\/\" title='Colt ha obtenido la certificaci\u00f3n para servicios MEF 3.0 SD-WAN'>Colt ha obtenido la certificaci\u00f3n para servicios MEF 3.0 SD-WAN<\/a><\/h3>\n<p>Los clientes de Colt pueden estar tranquilos, el servicio que la compa\u00f1\u00eda ofrece cumple los estrictos requisitos de MEF 70 \u00a0 Madrid, 3 de agosto&#8230;<\/p>\n\n<a href=\"https:\/\/legacy.colt.net\/es\/resources\/colt-ha-obtenido-la-certificacion-para-servicios-mef-3-0-sd-wan\/\" title='Read More \u00bb'>Read More \u00bb<\/a>\n\n\t<meta itemscope itemprop=\"mainEntityOfPage\" itemtype=\"https:\/\/schema.org\/WebPage\" itemid=\"https:\/\/legacy.colt.net\/es\/resources\/entrevista-keri-gilder-ceo-de-colt\/\" content=\"Entrevista Keri Gilder CEO de Colt\" \/><meta itemprop=\"datePublished\" content=\"2021-08-02\" \/><meta itemprop=\"dateModified\" content=\"2021-08-02\" \/><meta itemprop=\"name\" content=\"Colt Technology Services\"\/><meta itemprop=\"url\" content=\"https:\/\/legacy.colt.net\/wp-content\/uploads\/2018\/10\/Colt-logo-dark.png\"\/><meta itemprop=\"url\" content=\"https:\/\/legacy.colt.net\/es\/resources\/author\/themer\/\" \/><meta itemprop=\"name\" content=\"Colt Technology Services\" \/><meta itemprop=\"url\" content=\"https:\/\/legacy.colt.net\/wp-content\/uploads\/2020\/06\/Keri-Gilder-1-scaled.jpg\" \/><meta itemprop=\"width\" content=\"2560\" \/><meta itemprop=\"height\" content=\"2560\" \/><meta itemprop=\"interactionType\" content=\"https:\/\/schema.org\/CommentAction\" \/><meta itemprop=\"userInteractionCount\" content=\"0\" \/>\n    <h5><a href=\"https:\/\/legacy.colt.net\/es\/resources\/type\/blog-es\/\" rel=\"tag\">Blogs<\/a><\/h5>\n<a href=\"https:\/\/legacy.colt.net\/es\/resources\/entrevista-keri-gilder-ceo-de-colt\/\" title='Entrevista Keri Gilder CEO de Colt'><img decoding=\"async\" width=\"720\" height=\"450\" src=\"https:\/\/legacy.colt.net\/wp-content\/uploads\/2020\/06\/Keri-Gilder-1-720x450.jpg\" alt=\"\" loading=\"lazy\" itemprop=\"image\" \/><\/a>\n<h3><a href=\"https:\/\/legacy.colt.net\/es\/resources\/entrevista-keri-gilder-ceo-de-colt\/\" title='Entrevista Keri Gilder CEO de Colt'>Entrevista Keri Gilder CEO de Colt<\/a><\/h3>\n<p>\u00bfC\u00f3mo lleg\u00f3 al mundo TIC? Sal\u00ed de la universidad licenciada en gesti\u00f3n de sistemas de informaci\u00f3n, relacionado principalmente con el desarrollo de software, y pas\u00e9&#8230;<\/p>\n\n<a href=\"https:\/\/legacy.colt.net\/es\/resources\/entrevista-keri-gilder-ceo-de-colt\/\" title='Read More \u00bb'>Read More \u00bb<\/a>\n\n\t<meta itemscope itemprop=\"mainEntityOfPage\" itemtype=\"https:\/\/schema.org\/WebPage\" itemid=\"https:\/\/legacy.colt.net\/es\/resources\/colt-proporcionara-conectividad-a-cboe-europe-derivatives\/\" content=\"Colt proporcionar\u00e1 conectividad a Cboe Europe Derivatives\" \/><meta itemprop=\"datePublished\" content=\"2021-07-27\" \/><meta itemprop=\"dateModified\" content=\"2021-07-27\" \/><meta itemprop=\"name\" content=\"Colt Technology Services\"\/><meta itemprop=\"url\" content=\"https:\/\/legacy.colt.net\/wp-content\/uploads\/2018\/10\/Colt-logo-dark.png\"\/><meta itemprop=\"url\" content=\"https:\/\/legacy.colt.net\/es\/resources\/author\/lourdesserrano\/\" \/><meta itemprop=\"name\" content=\"Lourdes Serrano\" \/><meta itemprop=\"url\" content=\"https:\/\/legacy.colt.net\/wp-content\/uploads\/2021\/02\/iStock-1213574690_capitalmarkets.jpg\" \/><meta itemprop=\"width\" content=\"2310\" \/><meta itemprop=\"height\" content=\"1297\" \/><meta itemprop=\"interactionType\" content=\"https:\/\/schema.org\/CommentAction\" \/><meta itemprop=\"userInteractionCount\" content=\"0\" \/>\n    <h5><a href=\"https:\/\/legacy.colt.net\/es\/resources\/type\/news-es\/\" rel=\"tag\">Colt Technology News<\/a><\/h5>\n<a href=\"https:\/\/legacy.colt.net\/es\/resources\/colt-proporcionara-conectividad-a-cboe-europe-derivatives\/\" title='Colt proporcionar\u00e1 conectividad a Cboe Europe Derivatives'><img decoding=\"async\" width=\"720\" height=\"450\" src=\"https:\/\/legacy.colt.net\/wp-content\/uploads\/2021\/02\/iStock-1213574690_capitalmarkets-720x450.jpg\" alt=\"\" loading=\"lazy\" itemprop=\"image\" \/><\/a>\n<h3><a href=\"https:\/\/legacy.colt.net\/es\/resources\/colt-proporcionara-conectividad-a-cboe-europe-derivatives\/\" title='Colt proporcionar\u00e1 conectividad a Cboe Europe Derivatives'>Colt proporcionar\u00e1 conectividad a Cboe Europe Derivatives<\/a><\/h3>\n<p>Los clientes del mercado de capitales se beneficiar\u00e1n de una conexi\u00f3n r\u00e1pida y de baja latencia para el nuevo mercado paneuropeo de derivados de acciones&#8230;<\/p>\n\n<a href=\"https:\/\/legacy.colt.net\/es\/resources\/colt-proporcionara-conectividad-a-cboe-europe-derivatives\/\" title='Read More \u00bb'>Read More \u00bb<\/a>\n\n\t<meta itemscope itemprop=\"mainEntityOfPage\" itemtype=\"https:\/\/schema.org\/WebPage\" itemid=\"https:\/\/legacy.colt.net\/es\/resources\/como-las-devops-y-las-netops-pueden-influir-en-la-transformacion-digital\/\" content=\"C\u00f3mo las DevOps y las NetOps pueden influir en la transformaci\u00f3n digital\" \/><meta itemprop=\"datePublished\" content=\"2021-07-25\" \/><meta itemprop=\"dateModified\" content=\"2021-07-27\" \/><meta itemprop=\"name\" content=\"Colt Technology Services\"\/><meta itemprop=\"url\" content=\"https:\/\/legacy.colt.net\/wp-content\/uploads\/2018\/10\/Colt-logo-dark.png\"\/><meta itemprop=\"url\" content=\"https:\/\/legacy.colt.net\/es\/resources\/author\/simonfarrell\/\" \/><meta itemprop=\"name\" content=\"Simon Farrell\" \/><meta itemprop=\"url\" content=\"https:\/\/legacy.colt.net\/wp-content\/uploads\/2021\/01\/ES-thumb-netops-guide.png\" \/><meta itemprop=\"width\" content=\"392\" \/><meta itemprop=\"height\" content=\"556\" \/><meta itemprop=\"interactionType\" content=\"https:\/\/schema.org\/CommentAction\" \/><meta itemprop=\"userInteractionCount\" content=\"0\" \/>\n    <h5><a href=\"https:\/\/legacy.colt.net\/es\/resources\/type\/blog-es\/\" rel=\"tag\">Blogs<\/a><\/h5>\n<a href=\"https:\/\/legacy.colt.net\/es\/resources\/como-las-devops-y-las-netops-pueden-influir-en-la-transformacion-digital\/\" title='C\u00f3mo las DevOps y las NetOps pueden influir en la transformaci\u00f3n digital'><img decoding=\"async\" width=\"720\" height=\"450\" src=\"https:\/\/legacy.colt.net\/wp-content\/uploads\/2021\/01\/ES-thumb-netops-guide-720x450.png\" alt=\"\" loading=\"lazy\" itemprop=\"image\" \/><\/a>\n<h3><a href=\"https:\/\/legacy.colt.net\/es\/resources\/como-las-devops-y-las-netops-pueden-influir-en-la-transformacion-digital\/\" title='C\u00f3mo las DevOps y las NetOps pueden influir en la transformaci\u00f3n digital'>C\u00f3mo las DevOps y las NetOps pueden influir en la transformaci\u00f3n digital<\/a><\/h3>\n<p>Las funciones de Operaciones de Red (NetOps) y Operaciones de Desarrollo (DevOps) utilizan herramientas, m\u00e9todos y t\u00e9cnicas similares para mejorar la experiencia del cliente en&#8230;<\/p>\n\n<a href=\"https:\/\/legacy.colt.net\/es\/resources\/como-las-devops-y-las-netops-pueden-influir-en-la-transformacion-digital\/\" title='Read More \u00bb'>Read More \u00bb<\/a>\n\n\t<meta itemscope itemprop=\"mainEntityOfPage\" itemtype=\"https:\/\/schema.org\/WebPage\" itemid=\"https:\/\/legacy.colt.net\/es\/resources\/colt-lanza-sd-wan-remote-access-para-respaldar-el-aumento-del-modelo-de-trabajo-hibrido\/\" content=\"Colt lanza SD WAN Remote Access para respaldar el aumento del modelo de trabajo h\u00edbrido\" \/><meta itemprop=\"datePublished\" content=\"2021-07-25\" \/><meta itemprop=\"dateModified\" content=\"2021-07-25\" \/><meta itemprop=\"name\" content=\"Colt Technology Services\"\/><meta itemprop=\"url\" content=\"https:\/\/legacy.colt.net\/wp-content\/uploads\/2018\/10\/Colt-logo-dark.png\"\/><meta itemprop=\"url\" content=\"https:\/\/legacy.colt.net\/es\/resources\/author\/lourdesserrano\/\" \/><meta itemprop=\"name\" content=\"Lourdes Serrano\" \/><meta itemprop=\"url\" content=\"https:\/\/legacy.colt.net\/wp-content\/uploads\/2021\/07\/Connecting-Technology40-1.jpg\" \/><meta itemprop=\"width\" content=\"1000\" \/><meta itemprop=\"height\" content=\"667\" \/><meta itemprop=\"interactionType\" content=\"https:\/\/schema.org\/CommentAction\" \/><meta itemprop=\"userInteractionCount\" content=\"0\" \/>\n    <h5><a href=\"https:\/\/legacy.colt.net\/es\/resources\/type\/news-es\/\" rel=\"tag\">Colt Technology News<\/a><\/h5>\n<a href=\"https:\/\/legacy.colt.net\/es\/resources\/colt-lanza-sd-wan-remote-access-para-respaldar-el-aumento-del-modelo-de-trabajo-hibrido\/\" title='Colt lanza SD WAN Remote Access para respaldar el aumento del modelo de trabajo h\u00edbrido'><img decoding=\"async\" width=\"720\" height=\"450\" src=\"https:\/\/legacy.colt.net\/wp-content\/uploads\/2021\/07\/Connecting-Technology40-1-720x450.jpg\" alt=\"\" loading=\"lazy\" itemprop=\"image\" \/><\/a>\n<h3><a href=\"https:\/\/legacy.colt.net\/es\/resources\/colt-lanza-sd-wan-remote-access-para-respaldar-el-aumento-del-modelo-de-trabajo-hibrido\/\" title='Colt lanza SD WAN Remote Access para respaldar el aumento del modelo de trabajo h\u00edbrido'>Colt lanza SD WAN Remote Access para respaldar el aumento del modelo de trabajo h\u00edbrido<\/a><\/h3>\n<p>Colt se convierte en uno de los proveedores pioneros en ofrecer un servicio SD WAN integrado con Versa SASE Colt Technology Services ha anunci\u00f3 el&#8230;<\/p>\n\n<a href=\"https:\/\/legacy.colt.net\/es\/resources\/colt-lanza-sd-wan-remote-access-para-respaldar-el-aumento-del-modelo-de-trabajo-hibrido\/\" title='Read More \u00bb'>Read More \u00bb<\/a>\n\n\t<meta itemscope itemprop=\"mainEntityOfPage\" itemtype=\"https:\/\/schema.org\/WebPage\" itemid=\"https:\/\/legacy.colt.net\/es\/resources\/colt-se-une-al-ecosistema-de-partners-de-ibm-para-colaborar-en-5g-y-edge\/\" content=\"Colt se une al ecosistema de partners de IBM para colaborar en 5G y Edge\" \/><meta itemprop=\"datePublished\" content=\"2021-07-25\" \/><meta itemprop=\"dateModified\" content=\"2021-07-25\" \/><meta itemprop=\"name\" content=\"Colt Technology Services\"\/><meta itemprop=\"url\" content=\"https:\/\/legacy.colt.net\/wp-content\/uploads\/2018\/10\/Colt-logo-dark.png\"\/><meta itemprop=\"url\" content=\"https:\/\/legacy.colt.net\/es\/resources\/author\/lourdesserrano\/\" \/><meta itemprop=\"name\" content=\"Lourdes Serrano\" \/><meta itemprop=\"url\" content=\"https:\/\/legacy.colt.net\/wp-content\/uploads\/2021\/01\/Brand-2021-Stock-11-1.jpg\" \/><meta itemprop=\"width\" content=\"1000\" \/><meta itemprop=\"height\" content=\"667\" \/><meta itemprop=\"interactionType\" content=\"https:\/\/schema.org\/CommentAction\" \/><meta itemprop=\"userInteractionCount\" content=\"0\" \/>\n    <h5><a href=\"https:\/\/legacy.colt.net\/es\/resources\/type\/news-es\/\" rel=\"tag\">Colt Technology News<\/a><\/h5>\n<a href=\"https:\/\/legacy.colt.net\/es\/resources\/colt-se-une-al-ecosistema-de-partners-de-ibm-para-colaborar-en-5g-y-edge\/\" title='Colt se une al ecosistema de partners de IBM para colaborar en 5G y Edge'><img decoding=\"async\" width=\"720\" height=\"450\" src=\"https:\/\/legacy.colt.net\/wp-content\/uploads\/2021\/01\/Brand-2021-Stock-11-1-720x450.jpg\" alt=\"\" loading=\"lazy\" itemprop=\"image\" \/><\/a>\n<h3><a href=\"https:\/\/legacy.colt.net\/es\/resources\/colt-se-une-al-ecosistema-de-partners-de-ibm-para-colaborar-en-5g-y-edge\/\" title='Colt se une al ecosistema de partners de IBM para colaborar en 5G y Edge'>Colt se une al ecosistema de partners de IBM para colaborar en 5G y Edge<\/a><\/h3>\n<p>Colt e IBM colaborar\u00e1n en soluciones Edge para clientes empresariales Colt Technology Services ha anunciado hoy que colaborar\u00e1 con IBM (NYSE: IBM), ayudando a sus&#8230;<\/p>\n\n<a href=\"https:\/\/legacy.colt.net\/es\/resources\/colt-se-une-al-ecosistema-de-partners-de-ibm-para-colaborar-en-5g-y-edge\/\" title='Read More \u00bb'>Read More \u00bb<\/a>\n\n\t<meta itemscope itemprop=\"mainEntityOfPage\" itemtype=\"https:\/\/schema.org\/WebPage\" itemid=\"https:\/\/legacy.colt.net\/es\/resources\/por-que-una-plataforma-digital-agil-es-la-clave-del-exito-en-las-migraciones-de-sap\/\" content=\"Por qu\u00e9 una plataforma digital \u00e1gil es la clave del \u00e9xito en las migraciones de SAP\" \/><meta itemprop=\"datePublished\" content=\"2021-07-23\" \/><meta itemprop=\"dateModified\" content=\"2021-07-23\" \/><meta itemprop=\"name\" content=\"Colt Technology Services\"\/><meta itemprop=\"url\" content=\"https:\/\/legacy.colt.net\/wp-content\/uploads\/2018\/10\/Colt-logo-dark.png\"\/><meta itemprop=\"url\" content=\"https:\/\/legacy.colt.net\/es\/resources\/author\/johnarmenakas\/\" \/><meta itemprop=\"name\" content=\"John Armenakas\" \/><meta itemprop=\"url\" content=\"https:\/\/legacy.colt.net\/wp-content\/uploads\/2020\/07\/John-Armenakas-BW-Head-Shot-May-2019.jpg\" \/><meta itemprop=\"width\" content=\"1055\" \/><meta itemprop=\"height\" content=\"703\" \/><meta itemprop=\"interactionType\" content=\"https:\/\/schema.org\/CommentAction\" \/><meta itemprop=\"userInteractionCount\" content=\"0\" \/>\n    <h5><a href=\"https:\/\/legacy.colt.net\/es\/resources\/type\/blog-es\/\" rel=\"tag\">Blogs<\/a><\/h5>\n<a href=\"https:\/\/legacy.colt.net\/es\/resources\/por-que-una-plataforma-digital-agil-es-la-clave-del-exito-en-las-migraciones-de-sap\/\" title='Por qu\u00e9 una plataforma digital \u00e1gil es la clave del \u00e9xito en las migraciones de SAP'><img decoding=\"async\" width=\"720\" height=\"450\" src=\"https:\/\/legacy.colt.net\/wp-content\/uploads\/2020\/07\/John-Armenakas-BW-Head-Shot-May-2019-720x450.jpg\" alt=\"\" loading=\"lazy\" itemprop=\"image\" \/><\/a>\n<h3><a href=\"https:\/\/legacy.colt.net\/es\/resources\/por-que-una-plataforma-digital-agil-es-la-clave-del-exito-en-las-migraciones-de-sap\/\" title='Por qu\u00e9 una plataforma digital \u00e1gil es la clave del \u00e9xito en las migraciones de SAP'>Por qu\u00e9 una plataforma digital \u00e1gil es la clave del \u00e9xito en las migraciones de SAP<\/a><\/h3>\n<p>En nuestro \u00faltimo informe de investigaci\u00f3n sobre la nube, descubrimos que la gesti\u00f3n de las relaciones con los clientes (CRM) y la planificaci\u00f3n de los&#8230;<\/p>\n\n<a href=\"https:\/\/legacy.colt.net\/es\/resources\/por-que-una-plataforma-digital-agil-es-la-clave-del-exito-en-las-migraciones-de-sap\/\" title='Read More \u00bb'>Read More \u00bb<\/a>\n\n\t<meta itemscope itemprop=\"mainEntityOfPage\" itemtype=\"https:\/\/schema.org\/WebPage\" itemid=\"https:\/\/legacy.colt.net\/es\/resources\/cuales-son-los-desafios-de-la-inteligencia-artificial-en-la-actualidad\/\" content=\"\u00bfCu\u00e1les son los desaf\u00edos de la Inteligencia Artificial en la actualidad?\" \/><meta itemprop=\"datePublished\" content=\"2021-07-19\" \/><meta itemprop=\"dateModified\" content=\"2021-07-19\" \/><meta itemprop=\"name\" content=\"Colt Technology Services\"\/><meta itemprop=\"url\" content=\"https:\/\/legacy.colt.net\/wp-content\/uploads\/2018\/10\/Colt-logo-dark.png\"\/><meta itemprop=\"url\" content=\"https:\/\/legacy.colt.net\/es\/resources\/author\/colt\/\" \/><meta itemprop=\"name\" content=\"Colt Technology Services\" \/><meta itemprop=\"url\" content=\"https:\/\/legacy.colt.net\/wp-content\/uploads\/2020\/12\/iStock-1206796363.jpg\" \/><meta itemprop=\"width\" content=\"1404\" \/><meta itemprop=\"height\" content=\"747\" \/><meta itemprop=\"interactionType\" content=\"https:\/\/schema.org\/CommentAction\" \/><meta itemprop=\"userInteractionCount\" content=\"0\" \/>\n    <h5><a href=\"https:\/\/legacy.colt.net\/es\/resources\/type\/blog-es\/\" rel=\"tag\">Blogs<\/a><\/h5>\n<a href=\"https:\/\/legacy.colt.net\/es\/resources\/cuales-son-los-desafios-de-la-inteligencia-artificial-en-la-actualidad\/\" title='\u00bfCu\u00e1les son los desaf\u00edos de la Inteligencia Artificial en la actualidad?'><img decoding=\"async\" width=\"720\" height=\"450\" src=\"https:\/\/legacy.colt.net\/wp-content\/uploads\/2020\/12\/iStock-1206796363-720x450.jpg\" alt=\"\" loading=\"lazy\" itemprop=\"image\" \/><\/a>\n<h3><a href=\"https:\/\/legacy.colt.net\/es\/resources\/cuales-son-los-desafios-de-la-inteligencia-artificial-en-la-actualidad\/\" title='\u00bfCu\u00e1les son los desaf\u00edos de la Inteligencia Artificial en la actualidad?'>\u00bfCu\u00e1les son los desaf\u00edos de la Inteligencia Artificial en la actualidad?<\/a><\/h3>\n<p>La pandemia causada por el COVID-19 ha disparado la adopci\u00f3n de la\u00a0 Inteligencia Artificial (IA) en la transformaci\u00f3n de la gesti\u00f3n de servicios TI en&#8230;<\/p>\n\n<a href=\"https:\/\/legacy.colt.net\/es\/resources\/cuales-son-los-desafios-de-la-inteligencia-artificial-en-la-actualidad\/\" title='Read More \u00bb'>Read More \u00bb<\/a>\n\n\t<meta itemscope itemprop=\"mainEntityOfPage\" itemtype=\"https:\/\/schema.org\/WebPage\" itemid=\"https:\/\/legacy.colt.net\/es\/resources\/por-que-una-plataforma-digital-agil-es-clave-para-el-exito-en-las-migraciones-de-sap\/\" content=\"Por qu\u00e9 una plataforma digital \u00e1gil es clave para el \u00e9xito en las migraciones de SAP\" \/><meta itemprop=\"datePublished\" content=\"2021-07-05\" \/><meta itemprop=\"dateModified\" content=\"2021-07-05\" \/><meta itemprop=\"name\" content=\"Colt Technology Services\"\/><meta itemprop=\"url\" content=\"https:\/\/legacy.colt.net\/wp-content\/uploads\/2018\/10\/Colt-logo-dark.png\"\/><meta itemprop=\"url\" content=\"https:\/\/legacy.colt.net\/es\/resources\/author\/themer\/\" \/><meta itemprop=\"name\" content=\"Colt Technology Services\" \/><meta itemprop=\"url\" content=\"https:\/\/legacy.colt.net\/wp-content\/uploads\/2021\/06\/Connecting-Technology20.jpg\" \/><meta itemprop=\"width\" content=\"1000\" \/><meta itemprop=\"height\" content=\"667\" \/><meta itemprop=\"interactionType\" content=\"https:\/\/schema.org\/CommentAction\" \/><meta itemprop=\"userInteractionCount\" content=\"0\" \/>\n    <h5><a href=\"https:\/\/legacy.colt.net\/es\/resources\/type\/blog-es\/\" rel=\"tag\">Blogs<\/a><\/h5>\n<a href=\"https:\/\/legacy.colt.net\/es\/resources\/por-que-una-plataforma-digital-agil-es-clave-para-el-exito-en-las-migraciones-de-sap\/\" title='Por qu\u00e9 una plataforma digital \u00e1gil es clave para el \u00e9xito en las migraciones de SAP'><img decoding=\"async\" width=\"720\" height=\"450\" src=\"https:\/\/legacy.colt.net\/wp-content\/uploads\/2021\/06\/Connecting-Technology20-720x450.jpg\" alt=\"\" loading=\"lazy\" itemprop=\"image\" \/><\/a>\n<h3><a href=\"https:\/\/legacy.colt.net\/es\/resources\/por-que-una-plataforma-digital-agil-es-clave-para-el-exito-en-las-migraciones-de-sap\/\" title='Por qu\u00e9 una plataforma digital \u00e1gil es clave para el \u00e9xito en las migraciones de SAP'>Por qu\u00e9 una plataforma digital \u00e1gil es clave para el \u00e9xito en las migraciones de SAP<\/a><\/h3>\n<p>En nuestro \u00faltimo informe de investigaci\u00f3n sobre la nube descubrimos que la gesti\u00f3n de relaciones con el cliente (CRM) y la planificaci\u00f3n de recursos empresariales&#8230;<\/p>\n\n<a href=\"https:\/\/legacy.colt.net\/es\/resources\/por-que-una-plataforma-digital-agil-es-clave-para-el-exito-en-las-migraciones-de-sap\/\" title='Read More \u00bb'>Read More \u00bb<\/a>\n\n\t<meta itemscope itemprop=\"mainEntityOfPage\" itemtype=\"https:\/\/schema.org\/WebPage\" itemid=\"https:\/\/legacy.colt.net\/es\/resources\/colt-continua-la-expansion-de-su-red-iq-en-espana-implementando-mejoras-en-el-area-de-valencia-2\/\" content=\"Colt contin\u00faa la expansi\u00f3n de su red IQ en Espa\u00f1a implementando mejoras en el \u00e1rea de Valencia\" \/><meta itemprop=\"datePublished\" content=\"2021-06-28\" \/><meta itemprop=\"dateModified\" content=\"2021-06-28\" \/><meta itemprop=\"name\" content=\"Colt Technology Services\"\/><meta itemprop=\"url\" content=\"https:\/\/legacy.colt.net\/wp-content\/uploads\/2018\/10\/Colt-logo-dark.png\"\/><meta itemprop=\"url\" content=\"https:\/\/legacy.colt.net\/es\/resources\/author\/themer\/\" \/><meta itemprop=\"name\" content=\"Colt Technology Services\" \/><meta itemprop=\"url\" content=\"https:\/\/legacy.colt.net\/wp-content\/uploads\/2021\/06\/Colt-Animation-Brandguidelines3.png\" \/><meta itemprop=\"width\" content=\"1290\" \/><meta itemprop=\"height\" content=\"713\" \/><meta itemprop=\"interactionType\" content=\"https:\/\/schema.org\/CommentAction\" \/><meta itemprop=\"userInteractionCount\" content=\"0\" \/>\n    <h5><a href=\"https:\/\/legacy.colt.net\/es\/resources\/type\/blog-es\/\" rel=\"tag\">Blogs<\/a><\/h5>\n<a href=\"https:\/\/legacy.colt.net\/es\/resources\/colt-continua-la-expansion-de-su-red-iq-en-espana-implementando-mejoras-en-el-area-de-valencia-2\/\" title='Colt contin\u00faa la expansi\u00f3n de su red IQ en Espa\u00f1a implementando mejoras en el \u00e1rea de Valencia'><img decoding=\"async\" width=\"720\" height=\"450\" src=\"https:\/\/legacy.colt.net\/wp-content\/uploads\/2021\/06\/Colt-Animation-Brandguidelines3-720x450.png\" alt=\"\" loading=\"lazy\" itemprop=\"image\" \/><\/a>\n<h3><a href=\"https:\/\/legacy.colt.net\/es\/resources\/colt-continua-la-expansion-de-su-red-iq-en-espana-implementando-mejoras-en-el-area-de-valencia-2\/\" title='Colt contin\u00faa la expansi\u00f3n de su red IQ en Espa\u00f1a implementando mejoras en el \u00e1rea de Valencia'>Colt contin\u00faa la expansi\u00f3n de su red IQ en Espa\u00f1a implementando mejoras en el \u00e1rea de Valencia<\/a><\/h3>\n<p>Colt ha estado operando su propia red de fibra \u00f3ptica en Espa\u00f1a durante 25 a\u00f1os. En 2018, la compa\u00f1\u00eda triplic\u00f3 su presencia expandi\u00e9ndose a 22&#8230;<\/p>\n\n<a href=\"https:\/\/legacy.colt.net\/es\/resources\/colt-continua-la-expansion-de-su-red-iq-en-espana-implementando-mejoras-en-el-area-de-valencia-2\/\" title='Read More \u00bb'>Read More \u00bb<\/a>\n\n\t<meta itemscope itemprop=\"mainEntityOfPage\" itemtype=\"https:\/\/schema.org\/WebPage\" itemid=\"https:\/\/legacy.colt.net\/es\/resources\/connect-media-and-entertainment-to-the-future\/\" content=\"Conecta los medios y el entretenimiento al futuro\" \/><meta itemprop=\"datePublished\" content=\"2021-06-23\" \/><meta itemprop=\"dateModified\" content=\"2021-07-26\" \/><meta itemprop=\"name\" content=\"Colt Technology Services\"\/><meta itemprop=\"url\" content=\"https:\/\/legacy.colt.net\/wp-content\/uploads\/2018\/10\/Colt-logo-dark.png\"\/><meta itemprop=\"url\" content=\"https:\/\/legacy.colt.net\/es\/resources\/author\/colt\/\" \/><meta itemprop=\"name\" content=\"Colt Technology Services\" \/><meta itemprop=\"url\" content=\"https:\/\/legacy.colt.net\/wp-content\/uploads\/2021\/06\/100862-Colt-ME-Landing-Page-Banner-2.jpg\" \/><meta itemprop=\"width\" content=\"2000\" \/><meta itemprop=\"height\" content=\"1110\" \/><meta itemprop=\"interactionType\" content=\"https:\/\/schema.org\/CommentAction\" \/><meta itemprop=\"userInteractionCount\" content=\"0\" \/>\n    <h5><a href=\"https:\/\/legacy.colt.net\/es\/resources\/type\/whitepaper-es\/\" rel=\"tag\">whitepaper<\/a><\/h5>\n<a href=\"https:\/\/legacy.colt.net\/es\/resources\/connect-media-and-entertainment-to-the-future\/\" title='Conecta los medios y el entretenimiento al futuro'><img decoding=\"async\" width=\"720\" height=\"450\" src=\"https:\/\/legacy.colt.net\/wp-content\/uploads\/2021\/06\/100862-Colt-ME-Landing-Page-Banner-2-720x450.jpg\" alt=\"\" loading=\"lazy\" itemprop=\"image\" \/><\/a>\n<h3><a href=\"https:\/\/legacy.colt.net\/es\/resources\/connect-media-and-entertainment-to-the-future\/\" title='Conecta los medios y el entretenimiento al futuro'>Conecta los medios y el entretenimiento al futuro<\/a><\/h3>\n<p>Durante la pandemia, la mayor\u00eda de las empresas de los medios se las apa\u00f1aron para ofrecer una buena experiencia a pesar de sus infraestructuras desconectadas.<\/p>\n\n<a href=\"https:\/\/legacy.colt.net\/es\/resources\/connect-media-and-entertainment-to-the-future\/\" title='Read More \u00bb'>Read More \u00bb<\/a>\n\n\t<meta itemscope itemprop=\"mainEntityOfPage\" itemtype=\"https:\/\/schema.org\/WebPage\" itemid=\"https:\/\/legacy.colt.net\/es\/resources\/colt-patrocina-la-26a-edicion-de-la-nit-de-les-telecomunicacions\/\" content=\"Colt patrocina la 26\u00aa edici\u00f3n de la Nit de les Telecomunicacions\" \/><meta itemprop=\"datePublished\" content=\"2021-06-21\" \/><meta itemprop=\"dateModified\" content=\"2021-06-21\" \/><meta itemprop=\"name\" content=\"Colt Technology Services\"\/><meta itemprop=\"url\" content=\"https:\/\/legacy.colt.net\/wp-content\/uploads\/2018\/10\/Colt-logo-dark.png\"\/><meta itemprop=\"url\" content=\"https:\/\/legacy.colt.net\/es\/resources\/author\/themer\/\" \/><meta itemprop=\"name\" content=\"Colt Technology Services\" \/><meta itemprop=\"url\" content=\"https:\/\/legacy.colt.net\/wp-content\/uploads\/2021\/06\/Nit-26-2.jpg\" \/><meta itemprop=\"width\" content=\"888\" \/><meta itemprop=\"height\" content=\"596\" \/><meta itemprop=\"interactionType\" content=\"https:\/\/schema.org\/CommentAction\" \/><meta itemprop=\"userInteractionCount\" content=\"0\" \/>\n    <h5><a href=\"https:\/\/legacy.colt.net\/es\/resources\/type\/blog-es\/\" rel=\"tag\">Blogs<\/a><\/h5>\n<a href=\"https:\/\/legacy.colt.net\/es\/resources\/colt-patrocina-la-26a-edicion-de-la-nit-de-les-telecomunicacions\/\" title='Colt patrocina la 26\u00aa edici\u00f3n de la Nit de les Telecomunicacions'><img decoding=\"async\" width=\"720\" height=\"450\" src=\"https:\/\/legacy.colt.net\/wp-content\/uploads\/2021\/06\/Nit-26-2-720x450.jpg\" alt=\"\" loading=\"lazy\" itemprop=\"image\" \/><\/a>\n<h3><a href=\"https:\/\/legacy.colt.net\/es\/resources\/colt-patrocina-la-26a-edicion-de-la-nit-de-les-telecomunicacions\/\" title='Colt patrocina la 26\u00aa edici\u00f3n de la Nit de les Telecomunicacions'>Colt patrocina la 26\u00aa edici\u00f3n de la Nit de les Telecomunicacions<\/a><\/h3>\n<p>El pasado 16 de junio, Colt vivi\u00f3 como patrocinador la celebraci\u00f3n de la Nit de les Telecomunicacions, un evento de referencia y pionero en el&#8230;<\/p>\n\n<a href=\"https:\/\/legacy.colt.net\/es\/resources\/colt-patrocina-la-26a-edicion-de-la-nit-de-les-telecomunicacions\/\" title='Read More \u00bb'>Read More \u00bb<\/a>\n\n\t<meta itemscope itemprop=\"mainEntityOfPage\" itemtype=\"https:\/\/schema.org\/WebPage\" itemid=\"https:\/\/legacy.colt.net\/es\/resources\/la-fuerza-detras-de-big-data-los-servicios-de-red\/\" content=\"La fuerza detr\u00e1s de Big Data: los servicios de red\" \/><meta itemprop=\"datePublished\" content=\"2021-06-14\" \/><meta itemprop=\"dateModified\" content=\"2021-06-14\" \/><meta itemprop=\"name\" content=\"Colt Technology Services\"\/><meta itemprop=\"url\" content=\"https:\/\/legacy.colt.net\/wp-content\/uploads\/2018\/10\/Colt-logo-dark.png\"\/><meta itemprop=\"url\" content=\"https:\/\/legacy.colt.net\/es\/resources\/author\/joanmonraba\/\" \/><meta itemprop=\"name\" content=\"Joan Monrab\u00e1\" \/><meta itemprop=\"url\" content=\"https:\/\/legacy.colt.net\/wp-content\/uploads\/2020\/12\/iStock-1224971139.jpg\" \/><meta itemprop=\"width\" content=\"1254\" \/><meta itemprop=\"height\" content=\"837\" \/><meta itemprop=\"interactionType\" content=\"https:\/\/schema.org\/CommentAction\" \/><meta itemprop=\"userInteractionCount\" content=\"0\" \/>\n    <h5><a href=\"https:\/\/legacy.colt.net\/es\/resources\/type\/blog-es\/\" rel=\"tag\">Blogs<\/a><\/h5>\n<a href=\"https:\/\/legacy.colt.net\/es\/resources\/la-fuerza-detras-de-big-data-los-servicios-de-red\/\" title='La fuerza detr\u00e1s de Big Data: los servicios de red'><img decoding=\"async\" width=\"720\" height=\"450\" src=\"https:\/\/legacy.colt.net\/wp-content\/uploads\/2020\/12\/iStock-1224971139-720x450.jpg\" alt=\"\" loading=\"lazy\" itemprop=\"image\" \/><\/a>\n<h3><a href=\"https:\/\/legacy.colt.net\/es\/resources\/la-fuerza-detras-de-big-data-los-servicios-de-red\/\" title='La fuerza detr\u00e1s de Big Data: los servicios de red'>La fuerza detr\u00e1s de Big Data: los servicios de red<\/a><\/h3>\n<p>Joan Monraba, Country Manager Spain &#8211; Colt Technology Services La pandemia de COVID-19 ha creado una disrupci\u00f3n sin precedentes en todo el mundo, un mundo&#8230;<\/p>\n\n<a href=\"https:\/\/legacy.colt.net\/es\/resources\/la-fuerza-detras-de-big-data-los-servicios-de-red\/\" title='Read More \u00bb'>Read More \u00bb<\/a>\n\n\t<meta itemscope itemprop=\"mainEntityOfPage\" itemtype=\"https:\/\/schema.org\/WebPage\" itemid=\"https:\/\/legacy.colt.net\/es\/resources\/colt-continua-la-expansion-de-su-red-iq-en-espana-implementando-mejoras-en-el-area-de-valencia\/\" content=\"Colt contin\u00faa la expansi\u00f3n de su red IQ en Espa\u00f1a implementando mejoras en el \u00e1rea de Valencia\" \/><meta itemprop=\"datePublished\" content=\"2021-06-14\" \/><meta itemprop=\"dateModified\" content=\"2021-06-14\" \/><meta itemprop=\"name\" content=\"Colt Technology Services\"\/><meta itemprop=\"url\" content=\"https:\/\/legacy.colt.net\/wp-content\/uploads\/2018\/10\/Colt-logo-dark.png\"\/><meta itemprop=\"url\" content=\"https:\/\/legacy.colt.net\/es\/resources\/author\/themer\/\" \/><meta itemprop=\"name\" content=\"Colt Technology Services\" \/><meta itemprop=\"url\" content=\"https:\/\/legacy.colt.net\/wp-content\/uploads\/2020\/12\/iStock-1173279965.jpg\" \/><meta itemprop=\"width\" content=\"1587\" \/><meta itemprop=\"height\" content=\"660\" \/><meta itemprop=\"interactionType\" content=\"https:\/\/schema.org\/CommentAction\" \/><meta itemprop=\"userInteractionCount\" content=\"0\" \/>\n    <h5><a href=\"https:\/\/legacy.colt.net\/es\/resources\/type\/blog-es\/\" rel=\"tag\">Blogs<\/a><\/h5>\n<a href=\"https:\/\/legacy.colt.net\/es\/resources\/colt-continua-la-expansion-de-su-red-iq-en-espana-implementando-mejoras-en-el-area-de-valencia\/\" title='Colt contin\u00faa la expansi\u00f3n de su red IQ en Espa\u00f1a implementando mejoras en el \u00e1rea de Valencia'><img decoding=\"async\" width=\"720\" height=\"450\" src=\"https:\/\/legacy.colt.net\/wp-content\/uploads\/2020\/12\/iStock-1173279965-720x450.jpg\" alt=\"\" loading=\"lazy\" itemprop=\"image\" \/><\/a>\n<h3><a href=\"https:\/\/legacy.colt.net\/es\/resources\/colt-continua-la-expansion-de-su-red-iq-en-espana-implementando-mejoras-en-el-area-de-valencia\/\" title='Colt contin\u00faa la expansi\u00f3n de su red IQ en Espa\u00f1a implementando mejoras en el \u00e1rea de Valencia'>Colt contin\u00faa la expansi\u00f3n de su red IQ en Espa\u00f1a implementando mejoras en el \u00e1rea de Valencia<\/a><\/h3>\n<p>Colt ha estado operando su propia red de fibra \u00f3ptica en Espa\u00f1a durante 25 a\u00f1os. En 2018, la compa\u00f1\u00eda triplic\u00f3 su presencia expandi\u00e9ndose a 22&#8230;<\/p>\n\n<a href=\"https:\/\/legacy.colt.net\/es\/resources\/colt-continua-la-expansion-de-su-red-iq-en-espana-implementando-mejoras-en-el-area-de-valencia\/\" title='Read More \u00bb'>Read More \u00bb<\/a>\n\n\t<meta itemscope itemprop=\"mainEntityOfPage\" itemtype=\"https:\/\/schema.org\/WebPage\" itemid=\"https:\/\/legacy.colt.net\/es\/resources\/la-peninsula-iberica-un-hub-de-conectividad-clave-en-las-infraestructuras-de-telecomunicaciones-globales\/\" content=\"La pen\u00ednsula ib\u00e9rica, un hub de conectividad clave en las infraestructuras de telecomunicaciones globales\" \/><meta itemprop=\"datePublished\" content=\"2021-06-07\" \/><meta itemprop=\"dateModified\" content=\"2021-06-07\" \/><meta itemprop=\"name\" content=\"Colt Technology Services\"\/><meta itemprop=\"url\" content=\"https:\/\/legacy.colt.net\/wp-content\/uploads\/2018\/10\/Colt-logo-dark.png\"\/><meta itemprop=\"url\" content=\"https:\/\/legacy.colt.net\/es\/resources\/author\/themer\/\" \/><meta itemprop=\"name\" content=\"Colt Technology Services\" \/><meta itemprop=\"url\" content=\"https:\/\/legacy.colt.net\/wp-content\/uploads\/2021\/06\/Iberian-Peninsula-2.jpg\" \/><meta itemprop=\"width\" content=\"1200\" \/><meta itemprop=\"height\" content=\"993\" \/><meta itemprop=\"interactionType\" content=\"https:\/\/schema.org\/CommentAction\" \/><meta itemprop=\"userInteractionCount\" content=\"0\" \/>\n    <h5><a href=\"https:\/\/legacy.colt.net\/es\/resources\/type\/news-es\/\" rel=\"tag\">Colt Technology News<\/a><\/h5>\n<a href=\"https:\/\/legacy.colt.net\/es\/resources\/la-peninsula-iberica-un-hub-de-conectividad-clave-en-las-infraestructuras-de-telecomunicaciones-globales\/\" title='La pen\u00ednsula ib\u00e9rica, un hub de conectividad clave en las infraestructuras de telecomunicaciones globales'><img decoding=\"async\" width=\"720\" height=\"450\" src=\"https:\/\/legacy.colt.net\/wp-content\/uploads\/2021\/06\/Iberian-Peninsula-2-720x450.jpg\" alt=\"\" loading=\"lazy\" itemprop=\"image\" \/><\/a>\n<h3><a href=\"https:\/\/legacy.colt.net\/es\/resources\/la-peninsula-iberica-un-hub-de-conectividad-clave-en-las-infraestructuras-de-telecomunicaciones-globales\/\" title='La pen\u00ednsula ib\u00e9rica, un hub de conectividad clave en las infraestructuras de telecomunicaciones globales'>La pen\u00ednsula ib\u00e9rica, un hub de conectividad clave en las infraestructuras de telecomunicaciones globales<\/a><\/h3>\n<p>Madrid, 7 de junio de 2021.- Colt Technology Services participa en el reposicionamiento de la pen\u00ednsula ib\u00e9rica como hub europeo, convirti\u00e9ndose en una pieza clave&#8230;<\/p>\n\n<a href=\"https:\/\/legacy.colt.net\/es\/resources\/la-peninsula-iberica-un-hub-de-conectividad-clave-en-las-infraestructuras-de-telecomunicaciones-globales\/\" title='Read More \u00bb'>Read More \u00bb<\/a>\n\n\t<meta itemscope itemprop=\"mainEntityOfPage\" itemtype=\"https:\/\/schema.org\/WebPage\" itemid=\"https:\/\/legacy.colt.net\/es\/resources\/esta-tu-red-preparada-para-el-nuevo-formato-de-trabajo-hibrido\/\" content=\"\u00bfEst\u00e1 tu red preparada para el nuevo formato de trabajo h\u00edbrido?\" \/><meta itemprop=\"datePublished\" content=\"2021-06-07\" \/><meta itemprop=\"dateModified\" content=\"2021-06-07\" \/><meta itemprop=\"name\" content=\"Colt Technology Services\"\/><meta itemprop=\"url\" content=\"https:\/\/legacy.colt.net\/wp-content\/uploads\/2018\/10\/Colt-logo-dark.png\"\/><meta itemprop=\"url\" content=\"https:\/\/legacy.colt.net\/es\/resources\/author\/themer\/\" \/><meta itemprop=\"name\" content=\"Colt Technology Services\" \/><meta itemprop=\"url\" content=\"https:\/\/legacy.colt.net\/wp-content\/uploads\/2021\/03\/Connecting-Technology39.jpg\" \/><meta itemprop=\"width\" content=\"1000\" \/><meta itemprop=\"height\" content=\"563\" \/><meta itemprop=\"interactionType\" content=\"https:\/\/schema.org\/CommentAction\" \/><meta itemprop=\"userInteractionCount\" content=\"0\" \/>\n    <h5><a href=\"https:\/\/legacy.colt.net\/es\/resources\/type\/blog-es\/\" rel=\"tag\">Blogs<\/a><\/h5>\n<a href=\"https:\/\/legacy.colt.net\/es\/resources\/esta-tu-red-preparada-para-el-nuevo-formato-de-trabajo-hibrido\/\" title='\u00bfEst\u00e1 tu red preparada para el nuevo formato de trabajo h\u00edbrido?'><img decoding=\"async\" width=\"720\" height=\"450\" src=\"https:\/\/legacy.colt.net\/wp-content\/uploads\/2021\/03\/Connecting-Technology39-720x450.jpg\" alt=\"\" loading=\"lazy\" itemprop=\"image\" \/><\/a>\n<h3><a href=\"https:\/\/legacy.colt.net\/es\/resources\/esta-tu-red-preparada-para-el-nuevo-formato-de-trabajo-hibrido\/\" title='\u00bfEst\u00e1 tu red preparada para el nuevo formato de trabajo h\u00edbrido?'>\u00bfEst\u00e1 tu red preparada para el nuevo formato de trabajo h\u00edbrido?<\/a><\/h3>\n<p>A medida que las empresas se preparan para un mundo post pand\u00e9mico, el lugar de trabajo se convertir\u00e1 gradualmente en un panorama h\u00edbrido, con algunos&#8230;<\/p>\n\n<a href=\"https:\/\/legacy.colt.net\/es\/resources\/esta-tu-red-preparada-para-el-nuevo-formato-de-trabajo-hibrido\/\" title='Read More \u00bb'>Read More \u00bb<\/a>\n\n\t<meta itemscope itemprop=\"mainEntityOfPage\" itemtype=\"https:\/\/schema.org\/WebPage\" itemid=\"https:\/\/legacy.colt.net\/es\/resources\/colt-vuelve-a-patrocinar-la-nit-de-les-telecomunicacions\/\" content=\"Colt vuelve a patrocinar la Nit de les Telecomunicacions\" \/><meta itemprop=\"datePublished\" content=\"2021-05-31\" \/><meta itemprop=\"dateModified\" content=\"2021-05-31\" \/><meta itemprop=\"name\" content=\"Colt Technology Services\"\/><meta itemprop=\"url\" content=\"https:\/\/legacy.colt.net\/wp-content\/uploads\/2018\/10\/Colt-logo-dark.png\"\/><meta itemprop=\"url\" content=\"https:\/\/legacy.colt.net\/es\/resources\/author\/themer\/\" \/><meta itemprop=\"name\" content=\"Colt Technology Services\" \/><meta itemprop=\"url\" content=\"https:\/\/legacy.colt.net\/wp-content\/uploads\/2021\/05\/social-banner-TIC-ES-NIT-de-Communicaciones.jpg\" \/><meta itemprop=\"width\" content=\"1200\" \/><meta itemprop=\"height\" content=\"630\" \/><meta itemprop=\"interactionType\" content=\"https:\/\/schema.org\/CommentAction\" \/><meta itemprop=\"userInteractionCount\" content=\"0\" \/>\n    <h5><a href=\"https:\/\/legacy.colt.net\/es\/resources\/type\/blog-es\/\" rel=\"tag\">Blogs<\/a><\/h5>\n<a href=\"https:\/\/legacy.colt.net\/es\/resources\/colt-vuelve-a-patrocinar-la-nit-de-les-telecomunicacions\/\" title='Colt vuelve a patrocinar la Nit de les Telecomunicacions'><img decoding=\"async\" width=\"720\" height=\"450\" src=\"https:\/\/legacy.colt.net\/wp-content\/uploads\/2021\/05\/social-banner-TIC-ES-NIT-de-Communicaciones-720x450.jpg\" alt=\"\" loading=\"lazy\" itemprop=\"image\" \/><\/a>\n<h3><a href=\"https:\/\/legacy.colt.net\/es\/resources\/colt-vuelve-a-patrocinar-la-nit-de-les-telecomunicacions\/\" title='Colt vuelve a patrocinar la Nit de les Telecomunicacions'>Colt vuelve a patrocinar la Nit de les Telecomunicacions<\/a><\/h3>\n<p>El pr\u00f3ximo 16 de junio, Colt volver\u00e1 a formar parte como patrocinador de la Nit de les Telecomunicacions, cita ineludible para el \u00e1mbito TIC y&#8230;<\/p>\n\n<a href=\"https:\/\/legacy.colt.net\/es\/resources\/colt-vuelve-a-patrocinar-la-nit-de-les-telecomunicacions\/\" title='Read More \u00bb'>Read More \u00bb<\/a>\n\n\t<meta itemscope itemprop=\"mainEntityOfPage\" itemtype=\"https:\/\/schema.org\/WebPage\" itemid=\"https:\/\/legacy.colt.net\/es\/resources\/ciberseguridad-en-la-nueva-normalidad\/\" content=\"Ciberseguridad en la nueva normalidad\" \/><meta itemprop=\"datePublished\" content=\"2021-05-24\" \/><meta itemprop=\"dateModified\" content=\"2021-05-24\" \/><meta itemprop=\"name\" content=\"Colt Technology Services\"\/><meta itemprop=\"url\" content=\"https:\/\/legacy.colt.net\/wp-content\/uploads\/2018\/10\/Colt-logo-dark.png\"\/><meta itemprop=\"url\" content=\"https:\/\/legacy.colt.net\/es\/resources\/author\/themer\/\" \/><meta itemprop=\"name\" content=\"Colt Technology Services\" \/><meta itemprop=\"url\" content=\"https:\/\/legacy.colt.net\/wp-content\/uploads\/2020\/09\/cyber-alert-JA.jpg\" \/><meta itemprop=\"width\" content=\"1200\" \/><meta itemprop=\"height\" content=\"675\" \/><meta itemprop=\"interactionType\" content=\"https:\/\/schema.org\/CommentAction\" \/><meta itemprop=\"userInteractionCount\" content=\"0\" \/>\n    <h5><a href=\"https:\/\/legacy.colt.net\/es\/resources\/type\/blog-es\/\" rel=\"tag\">Blogs<\/a><\/h5>\n<a href=\"https:\/\/legacy.colt.net\/es\/resources\/ciberseguridad-en-la-nueva-normalidad\/\" title='Ciberseguridad en la nueva normalidad'><img decoding=\"async\" width=\"720\" height=\"450\" src=\"https:\/\/legacy.colt.net\/wp-content\/uploads\/2020\/09\/cyber-alert-JA-720x450.jpg\" alt=\"\u30b5\u30a4\u30d0\u30fc\u30a2\u30bf\u30c3\u30af\" loading=\"lazy\" itemprop=\"image\" \/><\/a>\n<h3><a href=\"https:\/\/legacy.colt.net\/es\/resources\/ciberseguridad-en-la-nueva-normalidad\/\" title='Ciberseguridad en la nueva normalidad'>Ciberseguridad en la nueva normalidad<\/a><\/h3>\n<p>Joan Monraba, Country Manager Spain &#8211; Colt Technology Services La pandemia de coronavirus ha supuesto nuevos desaf\u00edos para las empresas, en las que trabajar desde&#8230;<\/p>\n\n<a href=\"https:\/\/legacy.colt.net\/es\/resources\/ciberseguridad-en-la-nueva-normalidad\/\" title='Read More \u00bb'>Read More \u00bb<\/a>\n\n\t<meta itemscope itemprop=\"mainEntityOfPage\" itemtype=\"https:\/\/schema.org\/WebPage\" itemid=\"https:\/\/legacy.colt.net\/es\/resources\/prepare-for-a-hybrid-work-environment\/\" content=\"El futuro del trabajo est\u00e1 aqu\u00ed y es h\u00edbrido\" \/><meta itemprop=\"datePublished\" content=\"2021-05-18\" \/><meta itemprop=\"dateModified\" content=\"2021-05-18\" \/><meta itemprop=\"name\" content=\"Colt Technology Services\"\/><meta itemprop=\"url\" content=\"https:\/\/legacy.colt.net\/wp-content\/uploads\/2018\/10\/Colt-logo-dark.png\"\/><meta itemprop=\"url\" content=\"https:\/\/legacy.colt.net\/es\/resources\/author\/colt\/\" \/><meta itemprop=\"name\" content=\"Colt Technology Services\" \/><meta itemprop=\"url\" content=\"https:\/\/legacy.colt.net\/wp-content\/uploads\/2021\/01\/Brand-2021-Stock-7.jpg\" \/><meta itemprop=\"width\" content=\"1000\" \/><meta itemprop=\"height\" content=\"667\" \/><meta itemprop=\"interactionType\" content=\"https:\/\/schema.org\/CommentAction\" \/><meta itemprop=\"userInteractionCount\" content=\"0\" \/>\n    <h5><a href=\"https:\/\/legacy.colt.net\/es\/resources\/type\/whitepaper-es\/\" rel=\"tag\">whitepaper<\/a><\/h5>\n<a href=\"https:\/\/legacy.colt.net\/es\/resources\/prepare-for-a-hybrid-work-environment\/\" title='El futuro del trabajo est\u00e1 aqu\u00ed y es h\u00edbrido'><img decoding=\"async\" width=\"720\" height=\"450\" src=\"https:\/\/legacy.colt.net\/wp-content\/uploads\/2021\/01\/Brand-2021-Stock-7-720x450.jpg\" alt=\"\" loading=\"lazy\" itemprop=\"image\" \/><\/a>\n<h3><a href=\"https:\/\/legacy.colt.net\/es\/resources\/prepare-for-a-hybrid-work-environment\/\" title='El futuro del trabajo est\u00e1 aqu\u00ed y es h\u00edbrido'>El futuro del trabajo est\u00e1 aqu\u00ed y es h\u00edbrido<\/a><\/h3>\n<p>Learn how to prepare your business for the hybrid workforce and implement a successful digital transformation strategy.\u00a0\u00a0<\/p>\n\n<a href=\"https:\/\/legacy.colt.net\/es\/resources\/prepare-for-a-hybrid-work-environment\/\" title='Read More \u00bb'>Read More \u00bb<\/a>\n\n\t<meta itemscope itemprop=\"mainEntityOfPage\" itemtype=\"https:\/\/schema.org\/WebPage\" itemid=\"https:\/\/legacy.colt.net\/es\/resources\/una-experiencia-mejorada-para-el-cliente-con-colt-online-dashboard\/\" content=\"Una experiencia mejorada para el cliente con Colt Online Dashboard\" \/><meta itemprop=\"datePublished\" content=\"2021-05-17\" \/><meta itemprop=\"dateModified\" content=\"2021-05-17\" \/><meta itemprop=\"name\" content=\"Colt Technology Services\"\/><meta itemprop=\"url\" content=\"https:\/\/legacy.colt.net\/wp-content\/uploads\/2018\/10\/Colt-logo-dark.png\"\/><meta itemprop=\"url\" content=\"https:\/\/legacy.colt.net\/es\/resources\/author\/themer\/\" \/><meta itemprop=\"name\" content=\"Colt Technology Services\" \/><meta itemprop=\"url\" content=\"https:\/\/legacy.colt.net\/wp-content\/uploads\/2021\/01\/On-demand.png\" \/><meta itemprop=\"width\" content=\"1000\" \/><meta itemprop=\"height\" content=\"1125\" \/><meta itemprop=\"interactionType\" content=\"https:\/\/schema.org\/CommentAction\" \/><meta itemprop=\"userInteractionCount\" content=\"0\" \/>\n    <h5><a href=\"https:\/\/legacy.colt.net\/es\/resources\/type\/blog-es\/\" rel=\"tag\">Blogs<\/a><\/h5>\n<a href=\"https:\/\/legacy.colt.net\/es\/resources\/una-experiencia-mejorada-para-el-cliente-con-colt-online-dashboard\/\" title='Una experiencia mejorada para el cliente con Colt Online Dashboard'><img decoding=\"async\" width=\"720\" height=\"450\" src=\"https:\/\/legacy.colt.net\/wp-content\/uploads\/2021\/01\/On-demand-720x450.png\" alt=\"\" loading=\"lazy\" itemprop=\"image\" \/><\/a>\n<h3><a href=\"https:\/\/legacy.colt.net\/es\/resources\/una-experiencia-mejorada-para-el-cliente-con-colt-online-dashboard\/\" title='Una experiencia mejorada para el cliente con Colt Online Dashboard'>Una experiencia mejorada para el cliente con Colt Online Dashboard<\/a><\/h3>\n<p>Hacia fines del a\u00f1o pasado, anunciamos cambios en nuestro portal Colt Online, la herramienta para clientes y socios de Colt que permite trabajar de manera&#8230;<\/p>\n\n<a href=\"https:\/\/legacy.colt.net\/es\/resources\/una-experiencia-mejorada-para-el-cliente-con-colt-online-dashboard\/\" title='Read More \u00bb'>Read More \u00bb<\/a>\n\n\t<meta itemscope itemprop=\"mainEntityOfPage\" itemtype=\"https:\/\/schema.org\/WebPage\" itemid=\"https:\/\/legacy.colt.net\/es\/resources\/securitas-direct\/\" content=\"Private: Securitas Direct\" \/><meta itemprop=\"datePublished\" content=\"2021-05-14\" \/><meta itemprop=\"dateModified\" content=\"2021-05-18\" \/><meta itemprop=\"name\" content=\"Colt Technology Services\"\/><meta itemprop=\"url\" content=\"https:\/\/legacy.colt.net\/wp-content\/uploads\/2018\/10\/Colt-logo-dark.png\"\/><meta itemprop=\"url\" content=\"https:\/\/legacy.colt.net\/es\/resources\/author\/hbeard\/\" \/><meta itemprop=\"name\" content=\"Hannah Beard\" \/><meta itemprop=\"url\" content=\"https:\/\/legacy.colt.net\/wp-content\/uploads\/2021\/05\/Securitas-Direct.jpg.png\" \/><meta itemprop=\"width\" content=\"554\" \/><meta itemprop=\"height\" content=\"439\" \/><meta itemprop=\"interactionType\" content=\"https:\/\/schema.org\/CommentAction\" \/><meta itemprop=\"userInteractionCount\" content=\"0\" \/>\n    <h5><a href=\"https:\/\/legacy.colt.net\/es\/resources\/type\/case-studies-es\/\" rel=\"tag\">Clientes<\/a><\/h5>\n<a href=\"https:\/\/legacy.colt.net\/es\/resources\/securitas-direct\/\" title='Private: Securitas Direct'><img decoding=\"async\" width=\"720\" height=\"450\" src=\"https:\/\/legacy.colt.net\/wp-content\/uploads\/2021\/05\/Securitas-Direct.jpg-720x450.png\" alt=\"\" loading=\"lazy\" itemprop=\"image\" \/><\/a>\n<h3><a href=\"https:\/\/legacy.colt.net\/es\/resources\/securitas-direct\/\" title='Private: Securitas Direct'>Private: Securitas Direct<\/a><\/h3>\n<p>Las soluciones de Securitas Direct son diferentes en cada pa\u00eds donde tiene presencia, porque la percepci\u00f3n de la seguridad es distinta en cada uno de&#8230;<\/p>\n\n<a href=\"https:\/\/legacy.colt.net\/es\/resources\/securitas-direct\/\" title='Read More \u00bb'>Read More \u00bb<\/a>\n\n\t<meta itemscope itemprop=\"mainEntityOfPage\" itemtype=\"https:\/\/schema.org\/WebPage\" itemid=\"https:\/\/legacy.colt.net\/es\/resources\/como-colt-y-la-industria-de-las-telecomunicaciones-despuntaron-en-2020\/\" content=\"C\u00f3mo Colt y la industria de las telecomunicaciones despuntaron en 2020\" \/><meta itemprop=\"datePublished\" content=\"2021-05-10\" \/><meta itemprop=\"dateModified\" content=\"2021-05-10\" \/><meta itemprop=\"name\" content=\"Colt Technology Services\"\/><meta itemprop=\"url\" content=\"https:\/\/legacy.colt.net\/wp-content\/uploads\/2018\/10\/Colt-logo-dark.png\"\/><meta itemprop=\"url\" content=\"https:\/\/legacy.colt.net\/es\/resources\/author\/themer\/\" \/><meta itemprop=\"name\" content=\"Colt Technology Services\" \/><meta itemprop=\"url\" content=\"https:\/\/legacy.colt.net\/wp-content\/uploads\/2021\/01\/Brand-2021-Stock-23.jpg\" \/><meta itemprop=\"width\" content=\"1000\" \/><meta itemprop=\"height\" content=\"667\" \/><meta itemprop=\"interactionType\" content=\"https:\/\/schema.org\/CommentAction\" \/><meta itemprop=\"userInteractionCount\" content=\"0\" \/>\n    <h5><a href=\"https:\/\/legacy.colt.net\/es\/resources\/type\/blog-es\/\" rel=\"tag\">Blogs<\/a><\/h5>\n<a href=\"https:\/\/legacy.colt.net\/es\/resources\/como-colt-y-la-industria-de-las-telecomunicaciones-despuntaron-en-2020\/\" title='C\u00f3mo Colt y la industria de las telecomunicaciones despuntaron en 2020'><img decoding=\"async\" width=\"720\" height=\"450\" src=\"https:\/\/legacy.colt.net\/wp-content\/uploads\/2021\/01\/Brand-2021-Stock-23-720x450.jpg\" alt=\"\" loading=\"lazy\" itemprop=\"image\" \/><\/a>\n<h3><a href=\"https:\/\/legacy.colt.net\/es\/resources\/como-colt-y-la-industria-de-las-telecomunicaciones-despuntaron-en-2020\/\" title='C\u00f3mo Colt y la industria de las telecomunicaciones despuntaron en 2020'>C\u00f3mo Colt y la industria de las telecomunicaciones despuntaron en 2020<\/a><\/h3>\n<p>En el a\u00f1o 2020, la conectividad fue m\u00e1s importante que nunca. Mientras millones de personas trabajamos desde casa o pasamos tiempo lejos de nuestros seres&#8230;<\/p>\n\n<a href=\"https:\/\/legacy.colt.net\/es\/resources\/como-colt-y-la-industria-de-las-telecomunicaciones-despuntaron-en-2020\/\" title='Read More \u00bb'>Read More \u00bb<\/a>\n\n\t<meta itemscope itemprop=\"mainEntityOfPage\" itemtype=\"https:\/\/schema.org\/WebPage\" itemid=\"https:\/\/legacy.colt.net\/es\/resources\/colt-proporcionara-ordenadores-portatiles-a-los-colegios-para-mantener-a-los-ninos-conectados\/\" content=\"Colt proporcionar\u00e1 ordenadores port\u00e1tiles a los colegios para mantener a los ni\u00f1os conectados\" \/><meta itemprop=\"datePublished\" content=\"2021-05-04\" \/><meta itemprop=\"dateModified\" content=\"2021-05-04\" \/><meta itemprop=\"name\" content=\"Colt Technology Services\"\/><meta itemprop=\"url\" content=\"https:\/\/legacy.colt.net\/wp-content\/uploads\/2018\/10\/Colt-logo-dark.png\"\/><meta itemprop=\"url\" content=\"https:\/\/legacy.colt.net\/es\/resources\/author\/themer\/\" \/><meta itemprop=\"name\" content=\"Colt Technology Services\" \/><meta itemprop=\"url\" content=\"https:\/\/legacy.colt.net\/wp-content\/uploads\/2021\/01\/Brand-2021-Stock-29.jpg\" \/><meta itemprop=\"width\" content=\"1000\" \/><meta itemprop=\"height\" content=\"667\" \/><meta itemprop=\"interactionType\" content=\"https:\/\/schema.org\/CommentAction\" \/><meta itemprop=\"userInteractionCount\" content=\"0\" \/>\n    <h5><a href=\"https:\/\/legacy.colt.net\/es\/resources\/type\/blog-es\/\" rel=\"tag\">Blogs<\/a><\/h5>\n<a href=\"https:\/\/legacy.colt.net\/es\/resources\/colt-proporcionara-ordenadores-portatiles-a-los-colegios-para-mantener-a-los-ninos-conectados\/\" title='Colt proporcionar\u00e1 ordenadores port\u00e1tiles a los colegios para mantener a los ni\u00f1os conectados'><img decoding=\"async\" width=\"720\" height=\"450\" src=\"https:\/\/legacy.colt.net\/wp-content\/uploads\/2021\/01\/Brand-2021-Stock-29-720x450.jpg\" alt=\"\" loading=\"lazy\" itemprop=\"image\" \/><\/a>\n<h3><a href=\"https:\/\/legacy.colt.net\/es\/resources\/colt-proporcionara-ordenadores-portatiles-a-los-colegios-para-mantener-a-los-ninos-conectados\/\" title='Colt proporcionar\u00e1 ordenadores port\u00e1tiles a los colegios para mantener a los ni\u00f1os conectados'>Colt proporcionar\u00e1 ordenadores port\u00e1tiles a los colegios para mantener a los ni\u00f1os conectados<\/a><\/h3>\n<p>La conectividad siempre ha sido importante en Colt. El 2020 ha demostrado m\u00e1s que nunca lo necesario que es mantenerse conectado ya que, nuestros clientes,&#8230;<\/p>\n\n<a href=\"https:\/\/legacy.colt.net\/es\/resources\/colt-proporcionara-ordenadores-portatiles-a-los-colegios-para-mantener-a-los-ninos-conectados\/\" title='Read More \u00bb'>Read More \u00bb<\/a>\n\n\t<meta itemscope itemprop=\"mainEntityOfPage\" itemtype=\"https:\/\/schema.org\/WebPage\" itemid=\"https:\/\/legacy.colt.net\/es\/resources\/the-path-to-a-healthier-future\/\" content=\"S\u00e9 grande. S\u00e9 atrevido. Mantente conectado.\" \/><meta itemprop=\"datePublished\" content=\"2021-04-28\" \/><meta itemprop=\"dateModified\" content=\"2021-04-28\" \/><meta itemprop=\"name\" content=\"Colt Technology Services\"\/><meta itemprop=\"url\" content=\"https:\/\/legacy.colt.net\/wp-content\/uploads\/2018\/10\/Colt-logo-dark.png\"\/><meta itemprop=\"url\" content=\"https:\/\/legacy.colt.net\/es\/resources\/author\/colt\/\" \/><meta itemprop=\"name\" content=\"Colt Technology Services\" \/><meta itemprop=\"url\" content=\"https:\/\/legacy.colt.net\/wp-content\/uploads\/2021\/01\/Brand-2021-Stock-47.jpg\" \/><meta itemprop=\"width\" content=\"1000\" \/><meta itemprop=\"height\" content=\"603\" \/><meta itemprop=\"interactionType\" content=\"https:\/\/schema.org\/CommentAction\" \/><meta itemprop=\"userInteractionCount\" content=\"0\" \/>\n    <h5><a href=\"https:\/\/legacy.colt.net\/es\/resources\/type\/whitepaper-es\/\" rel=\"tag\">whitepaper<\/a><\/h5>\n<a href=\"https:\/\/legacy.colt.net\/es\/resources\/the-path-to-a-healthier-future\/\" title='S\u00e9 grande. S\u00e9 atrevido. Mantente conectado.'><img decoding=\"async\" width=\"720\" height=\"450\" src=\"https:\/\/legacy.colt.net\/wp-content\/uploads\/2021\/01\/Brand-2021-Stock-47-720x450.jpg\" alt=\"\" loading=\"lazy\" itemprop=\"image\" \/><\/a>\n<h3><a href=\"https:\/\/legacy.colt.net\/es\/resources\/the-path-to-a-healthier-future\/\" title='S\u00e9 grande. S\u00e9 atrevido. Mantente conectado.'>S\u00e9 grande. S\u00e9 atrevido. Mantente conectado.<\/a><\/h3>\n<p>La industria farmac\u00e9utica se encuentra en un momento de grandes posibilidades. La percepci\u00f3n del sector atraviesa un punto \u00e1lgido, ya que la medicina y un servicio de calidad ayudan a la sociedad a salir de las sombras de la COVID-19.<\/p>\n\n<a href=\"https:\/\/legacy.colt.net\/es\/resources\/the-path-to-a-healthier-future\/\" title='Read More \u00bb'>Read More \u00bb<\/a>\n\n\t<meta itemscope itemprop=\"mainEntityOfPage\" itemtype=\"https:\/\/schema.org\/WebPage\" itemid=\"https:\/\/legacy.colt.net\/es\/resources\/entrevista-a-joan-monraba-ciberseguridad-nube-conectividad-y-comunicacion-la-columna-vertebral-de-los-entornos-digitales-de-trabajo\/\" content=\"Entrevista a Joan Monrab\u00e0: Ciberseguridad, nube, conectividad y comunicaci\u00f3n\" \/><meta itemprop=\"datePublished\" content=\"2021-04-26\" \/><meta itemprop=\"dateModified\" content=\"2021-04-26\" \/><meta itemprop=\"name\" content=\"Colt Technology Services\"\/><meta itemprop=\"url\" content=\"https:\/\/legacy.colt.net\/wp-content\/uploads\/2018\/10\/Colt-logo-dark.png\"\/><meta itemprop=\"url\" content=\"https:\/\/legacy.colt.net\/es\/resources\/author\/lourdesserrano\/\" \/><meta itemprop=\"name\" content=\"Lourdes Serrano\" \/><meta itemprop=\"url\" content=\"https:\/\/legacy.colt.net\/wp-content\/uploads\/2021\/04\/JoanMonraba_2021-scaled.jpg\" \/><meta itemprop=\"width\" content=\"2560\" \/><meta itemprop=\"height\" content=\"1920\" \/><meta itemprop=\"interactionType\" content=\"https:\/\/schema.org\/CommentAction\" \/><meta itemprop=\"userInteractionCount\" content=\"0\" \/>\n    <h5><a href=\"https:\/\/legacy.colt.net\/es\/resources\/type\/blog-es\/\" rel=\"tag\">Blogs<\/a><\/h5>\n<a href=\"https:\/\/legacy.colt.net\/es\/resources\/entrevista-a-joan-monraba-ciberseguridad-nube-conectividad-y-comunicacion-la-columna-vertebral-de-los-entornos-digitales-de-trabajo\/\" title='Entrevista a Joan Monrab\u00e0: Ciberseguridad, nube, conectividad y comunicaci\u00f3n'><img decoding=\"async\" width=\"720\" height=\"450\" src=\"https:\/\/legacy.colt.net\/wp-content\/uploads\/2021\/04\/JoanMonraba_2021-720x450.jpg\" alt=\"\" loading=\"lazy\" itemprop=\"image\" \/><\/a>\n<h3><a href=\"https:\/\/legacy.colt.net\/es\/resources\/entrevista-a-joan-monraba-ciberseguridad-nube-conectividad-y-comunicacion-la-columna-vertebral-de-los-entornos-digitales-de-trabajo\/\" title='Entrevista a Joan Monrab\u00e0: Ciberseguridad, nube, conectividad y comunicaci\u00f3n'>Entrevista a Joan Monrab\u00e0: Ciberseguridad, nube, conectividad y comunicaci\u00f3n<\/a><\/h3>\n<p>La columna vertebral de los entornos digitales de trabajo. &#8220;La adopci\u00f3n en un tiempo r\u00e9cord de pol\u00edticas y herramientas para la transformaci\u00f3n digital de las&#8230;<\/p>\n\n<a href=\"https:\/\/legacy.colt.net\/es\/resources\/entrevista-a-joan-monraba-ciberseguridad-nube-conectividad-y-comunicacion-la-columna-vertebral-de-los-entornos-digitales-de-trabajo\/\" title='Read More \u00bb'>Read More \u00bb<\/a>\n\n\t<meta itemscope itemprop=\"mainEntityOfPage\" itemtype=\"https:\/\/schema.org\/WebPage\" itemid=\"https:\/\/legacy.colt.net\/es\/resources\/como-un-contact-center-en-la-nube-permite-que-tu-empresa-apunte-mas-alto\/\" content=\"C\u00f3mo un contact center en la nube permite que tu empresa apunte m\u00e1s alto\" \/><meta itemprop=\"datePublished\" content=\"2021-04-19\" \/><meta itemprop=\"dateModified\" content=\"2021-04-19\" \/><meta itemprop=\"name\" content=\"Colt Technology Services\"\/><meta itemprop=\"url\" content=\"https:\/\/legacy.colt.net\/wp-content\/uploads\/2018\/10\/Colt-logo-dark.png\"\/><meta itemprop=\"url\" content=\"https:\/\/legacy.colt.net\/es\/resources\/author\/jorgecarrasquilla\/\" \/><meta itemprop=\"name\" content=\"Jorge Carrasquilla\" \/><meta itemprop=\"url\" content=\"https:\/\/legacy.colt.net\/wp-content\/uploads\/2021\/01\/Brand-2021-Stock-26.jpg\" \/><meta itemprop=\"width\" content=\"1000\" \/><meta itemprop=\"height\" content=\"667\" \/><meta itemprop=\"interactionType\" content=\"https:\/\/schema.org\/CommentAction\" \/><meta itemprop=\"userInteractionCount\" content=\"0\" \/>\n    <h5><a href=\"https:\/\/legacy.colt.net\/es\/resources\/type\/blog-es\/\" rel=\"tag\">Blogs<\/a><\/h5>\n<a href=\"https:\/\/legacy.colt.net\/es\/resources\/como-un-contact-center-en-la-nube-permite-que-tu-empresa-apunte-mas-alto\/\" title='C\u00f3mo un contact center en la nube permite que tu empresa apunte m\u00e1s alto'><img decoding=\"async\" width=\"720\" height=\"450\" src=\"https:\/\/legacy.colt.net\/wp-content\/uploads\/2021\/01\/Brand-2021-Stock-26-720x450.jpg\" alt=\"\" loading=\"lazy\" itemprop=\"image\" \/><\/a>\n<h3><a href=\"https:\/\/legacy.colt.net\/es\/resources\/como-un-contact-center-en-la-nube-permite-que-tu-empresa-apunte-mas-alto\/\" title='C\u00f3mo un contact center en la nube permite que tu empresa apunte m\u00e1s alto'>C\u00f3mo un contact center en la nube permite que tu empresa apunte m\u00e1s alto<\/a><\/h3>\n<p>Los contact center desempe\u00f1an un papel fundamental en la estrategia de atenci\u00f3n al cliente de una organizaci\u00f3n. A pesar del r\u00e1pido cambio en la ubicaci\u00f3n&#8230;<\/p>\n\n<a href=\"https:\/\/legacy.colt.net\/es\/resources\/como-un-contact-center-en-la-nube-permite-que-tu-empresa-apunte-mas-alto\/\" title='Read More \u00bb'>Read More \u00bb<\/a>\n\n\t<meta itemscope itemprop=\"mainEntityOfPage\" itemtype=\"https:\/\/schema.org\/WebPage\" itemid=\"https:\/\/legacy.colt.net\/es\/resources\/colt-y-su-compromiso-con-la-inclusion-un-liderazgo-compartido\/\" content=\"Colt y su compromiso con la inclusi\u00f3n: Un liderazgo compartido\" \/><meta itemprop=\"datePublished\" content=\"2021-04-12\" \/><meta itemprop=\"dateModified\" content=\"2021-04-12\" \/><meta itemprop=\"name\" content=\"Colt Technology Services\"\/><meta itemprop=\"url\" content=\"https:\/\/legacy.colt.net\/wp-content\/uploads\/2018\/10\/Colt-logo-dark.png\"\/><meta itemprop=\"url\" content=\"https:\/\/legacy.colt.net\/es\/resources\/author\/lucamacchiavello\/\" \/><meta itemprop=\"name\" content=\"Luca Macchiavello\" \/><meta itemprop=\"url\" content=\"https:\/\/legacy.colt.net\/wp-content\/uploads\/2021\/03\/Connecting-Technology39.jpg\" \/><meta itemprop=\"width\" content=\"1000\" \/><meta itemprop=\"height\" content=\"563\" \/><meta itemprop=\"interactionType\" content=\"https:\/\/schema.org\/CommentAction\" \/><meta itemprop=\"userInteractionCount\" content=\"0\" \/>\n    <h5><a href=\"https:\/\/legacy.colt.net\/es\/resources\/type\/blog-es\/\" rel=\"tag\">Blogs<\/a><\/h5>\n<a href=\"https:\/\/legacy.colt.net\/es\/resources\/colt-y-su-compromiso-con-la-inclusion-un-liderazgo-compartido\/\" title='Colt y su compromiso con la inclusi\u00f3n: Un liderazgo compartido'><img decoding=\"async\" width=\"720\" height=\"450\" src=\"https:\/\/legacy.colt.net\/wp-content\/uploads\/2021\/03\/Connecting-Technology39-720x450.jpg\" alt=\"\" loading=\"lazy\" itemprop=\"image\" \/><\/a>\n<h3><a href=\"https:\/\/legacy.colt.net\/es\/resources\/colt-y-su-compromiso-con-la-inclusion-un-liderazgo-compartido\/\" title='Colt y su compromiso con la inclusi\u00f3n: Un liderazgo compartido'>Colt y su compromiso con la inclusi\u00f3n: Un liderazgo compartido<\/a><\/h3>\n<p>En Colt estamos orgullosos de afirmar que, inusualmente en el sector, el 50% de nuestro equipo de liderazgo son mujeres. Sin embargo, sabemos que necesitamos&#8230;<\/p>\n\n<a href=\"https:\/\/legacy.colt.net\/es\/resources\/colt-y-su-compromiso-con-la-inclusion-un-liderazgo-compartido\/\" title='Read More \u00bb'>Read More \u00bb<\/a>\n\n\t<meta itemscope itemprop=\"mainEntityOfPage\" itemtype=\"https:\/\/schema.org\/WebPage\" itemid=\"https:\/\/legacy.colt.net\/es\/resources\/colt-celebra-el-25-aniversario-de-su-red-en-espana\/\" content=\"Colt celebra el 25 aniversario de su red en Espa\u00f1a\" \/><meta itemprop=\"datePublished\" content=\"2021-04-12\" \/><meta itemprop=\"dateModified\" content=\"2021-04-12\" \/><meta itemprop=\"name\" content=\"Colt Technology Services\"\/><meta itemprop=\"url\" content=\"https:\/\/legacy.colt.net\/wp-content\/uploads\/2018\/10\/Colt-logo-dark.png\"\/><meta itemprop=\"url\" content=\"https:\/\/legacy.colt.net\/es\/resources\/author\/themer\/\" \/><meta itemprop=\"name\" content=\"Colt Technology Services\" \/><meta itemprop=\"url\" content=\"https:\/\/legacy.colt.net\/wp-content\/uploads\/2021\/04\/25-Years-ES-01.png\" \/><meta itemprop=\"width\" content=\"686\" \/><meta itemprop=\"height\" content=\"302\" \/><meta itemprop=\"interactionType\" content=\"https:\/\/schema.org\/CommentAction\" \/><meta itemprop=\"userInteractionCount\" content=\"0\" \/>\n    <h5><a href=\"https:\/\/legacy.colt.net\/es\/resources\/type\/blog-es\/\" rel=\"tag\">Blogs<\/a><a href=\"https:\/\/legacy.colt.net\/es\/resources\/type\/news-es\/\" rel=\"tag\">Colt Technology News<\/a><\/h5>\n<a href=\"https:\/\/legacy.colt.net\/es\/resources\/colt-celebra-el-25-aniversario-de-su-red-en-espana\/\" title='Colt celebra el 25 aniversario de su red en Espa\u00f1a'><img decoding=\"async\" width=\"720\" height=\"450\" src=\"https:\/\/legacy.colt.net\/wp-content\/uploads\/2021\/04\/25-Years-ES-01-720x450.png\" alt=\"Colt Spain 25 a\u00f1os\" loading=\"lazy\" itemprop=\"image\" \/><\/a>\n<h3><a href=\"https:\/\/legacy.colt.net\/es\/resources\/colt-celebra-el-25-aniversario-de-su-red-en-espana\/\" title='Colt celebra el 25 aniversario de su red en Espa\u00f1a'>Colt celebra el 25 aniversario de su red en Espa\u00f1a<\/a><\/h3>\n<p>De 2 Mbit\/s a 400 Gbit\/s: un cuarto de siglo de \u00e9xito en las telecomunicaciones Colt ha estado operando su propia red de fibra en&#8230;<\/p>\n\n<a href=\"https:\/\/legacy.colt.net\/es\/resources\/colt-celebra-el-25-aniversario-de-su-red-en-espana\/\" title='Read More \u00bb'>Read More \u00bb<\/a>\n\n\t<meta itemscope itemprop=\"mainEntityOfPage\" itemtype=\"https:\/\/schema.org\/WebPage\" itemid=\"https:\/\/legacy.colt.net\/es\/resources\/colt-estrecha-los-lazos-con-ibm-para-acelerar-la-adopcion-del-edge-computing\/\" content=\"Colt estrecha los lazos con IBM para acelerar la adopci\u00f3n del edge computing\" \/><meta itemprop=\"datePublished\" content=\"2021-04-12\" \/><meta itemprop=\"dateModified\" content=\"2021-04-12\" \/><meta itemprop=\"name\" content=\"Colt Technology Services\"\/><meta itemprop=\"url\" content=\"https:\/\/legacy.colt.net\/wp-content\/uploads\/2018\/10\/Colt-logo-dark.png\"\/><meta itemprop=\"url\" content=\"https:\/\/legacy.colt.net\/es\/resources\/author\/themer\/\" \/><meta itemprop=\"name\" content=\"Colt Technology Services\" \/><meta itemprop=\"url\" content=\"https:\/\/legacy.colt.net\/wp-content\/uploads\/2019\/02\/Cloud.jpg\" \/><meta itemprop=\"width\" content=\"1200\" \/><meta itemprop=\"height\" content=\"750\" \/><meta itemprop=\"interactionType\" content=\"https:\/\/schema.org\/CommentAction\" \/><meta itemprop=\"userInteractionCount\" content=\"0\" \/>\n    <h5><a href=\"https:\/\/legacy.colt.net\/es\/resources\/type\/blog-es\/\" rel=\"tag\">Blogs<\/a><a href=\"https:\/\/legacy.colt.net\/es\/resources\/type\/news-es\/\" rel=\"tag\">Colt Technology News<\/a><\/h5>\n<a href=\"https:\/\/legacy.colt.net\/es\/resources\/colt-estrecha-los-lazos-con-ibm-para-acelerar-la-adopcion-del-edge-computing\/\" title='Colt estrecha los lazos con IBM para acelerar la adopci\u00f3n del edge computing'><img decoding=\"async\" width=\"150\" height=\"150\" src=\"https:\/\/legacy.colt.net\/wp-content\/uploads\/2019\/02\/Cloud-150x150.jpg\" alt=\"\" loading=\"lazy\" itemprop=\"image\" \/><\/a>\n<h3><a href=\"https:\/\/legacy.colt.net\/es\/resources\/colt-estrecha-los-lazos-con-ibm-para-acelerar-la-adopcion-del-edge-computing\/\" title='Colt estrecha los lazos con IBM para acelerar la adopci\u00f3n del edge computing'>Colt estrecha los lazos con IBM para acelerar la adopci\u00f3n del edge computing<\/a><\/h3>\n<p>Colt Technology Services escoge IBM Cloud Satellite para impulsar entre sus clientes la implementaci\u00f3n de aplicaciones de nube h\u00edbrida y la habilitaci\u00f3n de la nube&#8230;<\/p>\n\n<a href=\"https:\/\/legacy.colt.net\/es\/resources\/colt-estrecha-los-lazos-con-ibm-para-acelerar-la-adopcion-del-edge-computing\/\" title='Read More \u00bb'>Read More \u00bb<\/a>\n\n\t<meta itemscope itemprop=\"mainEntityOfPage\" itemtype=\"https:\/\/schema.org\/WebPage\" itemid=\"https:\/\/legacy.colt.net\/es\/resources\/colt-lanza-la-solucion-global-sd-wan-white-label\/\" content=\"Colt lanza la soluci\u00f3n global SD WAN White Label\" \/><meta itemprop=\"datePublished\" content=\"2021-03-21\" \/><meta itemprop=\"dateModified\" content=\"2021-03-21\" \/><meta itemprop=\"name\" content=\"Colt Technology Services\"\/><meta itemprop=\"url\" content=\"https:\/\/legacy.colt.net\/wp-content\/uploads\/2018\/10\/Colt-logo-dark.png\"\/><meta itemprop=\"url\" content=\"https:\/\/legacy.colt.net\/es\/resources\/author\/colt\/\" \/><meta itemprop=\"name\" content=\"Colt Technology Services\" \/><meta itemprop=\"url\" content=\"https:\/\/legacy.colt.net\/wp-content\/uploads\/2021\/01\/Brand-2021-Stock-24.jpg\" \/><meta itemprop=\"width\" content=\"1000\" \/><meta itemprop=\"height\" content=\"574\" \/><meta itemprop=\"interactionType\" content=\"https:\/\/schema.org\/CommentAction\" \/><meta itemprop=\"userInteractionCount\" content=\"0\" \/>\n    <h5><\/h5>\n<a href=\"https:\/\/legacy.colt.net\/es\/resources\/colt-lanza-la-solucion-global-sd-wan-white-label\/\" title='Colt lanza la soluci\u00f3n global SD WAN White Label'><img decoding=\"async\" width=\"720\" height=\"450\" src=\"https:\/\/legacy.colt.net\/wp-content\/uploads\/2021\/01\/Brand-2021-Stock-24-720x450.jpg\" alt=\"\" loading=\"lazy\" itemprop=\"image\" \/><\/a>\n<h3><a href=\"https:\/\/legacy.colt.net\/es\/resources\/colt-lanza-la-solucion-global-sd-wan-white-label\/\" title='Colt lanza la soluci\u00f3n global SD WAN White Label'>Colt lanza la soluci\u00f3n global SD WAN White Label<\/a><\/h3>\n<p>Ahora Colt permitir\u00e1 a sus socios ofrecer al cliente final su propuesta SD WAN a nivel mundial, sin necesidad de una gran inversi\u00f3n o un&#8230;<\/p>\n\n<a href=\"https:\/\/legacy.colt.net\/es\/resources\/colt-lanza-la-solucion-global-sd-wan-white-label\/\" title='Read More \u00bb'>Read More \u00bb<\/a>\n\n\t<meta itemscope itemprop=\"mainEntityOfPage\" itemtype=\"https:\/\/schema.org\/WebPage\" itemid=\"https:\/\/legacy.colt.net\/es\/resources\/colt-arranca-un-amplio-proyecto-de-contratacion-en-espana\/\" content=\"Colt arranca un amplio proyecto de contrataci\u00f3n en Espa\u00f1a\" \/><meta itemprop=\"datePublished\" content=\"2021-03-21\" \/><meta itemprop=\"dateModified\" content=\"2021-03-21\" \/><meta itemprop=\"name\" content=\"Colt Technology Services\"\/><meta itemprop=\"url\" content=\"https:\/\/legacy.colt.net\/wp-content\/uploads\/2018\/10\/Colt-logo-dark.png\"\/><meta itemprop=\"url\" content=\"https:\/\/legacy.colt.net\/es\/resources\/author\/themer\/\" \/><meta itemprop=\"name\" content=\"Colt Technology Services\" \/><meta itemprop=\"url\" content=\"https:\/\/legacy.colt.net\/wp-content\/uploads\/2020\/12\/Screen-Shot-2020-12-11-at-15.52.59.png\" \/><meta itemprop=\"width\" content=\"720\" \/><meta itemprop=\"height\" content=\"452\" \/><meta itemprop=\"interactionType\" content=\"https:\/\/schema.org\/CommentAction\" \/><meta itemprop=\"userInteractionCount\" content=\"0\" \/>\n    <h5><a href=\"https:\/\/legacy.colt.net\/es\/resources\/type\/news-es\/\" rel=\"tag\">Colt Technology News<\/a><\/h5>\n<a href=\"https:\/\/legacy.colt.net\/es\/resources\/colt-arranca-un-amplio-proyecto-de-contratacion-en-espana\/\" title='Colt arranca un amplio proyecto de contrataci\u00f3n en Espa\u00f1a'><img decoding=\"async\" width=\"720\" height=\"450\" src=\"https:\/\/legacy.colt.net\/wp-content\/uploads\/2020\/12\/Screen-Shot-2020-12-11-at-15.52.59-720x450.png\" alt=\"\" loading=\"lazy\" itemprop=\"image\" srcset=\"https:\/\/legacy.colt.net\/wp-content\/uploads\/2020\/12\/Screen-Shot-2020-12-11-at-15.52.59-720x450.png 720w, https:\/\/legacy.colt.net\/wp-content\/uploads\/2020\/12\/Screen-Shot-2020-12-11-at-15.52.59-300x188.png 300w, https:\/\/legacy.colt.net\/wp-content\/uploads\/2020\/12\/Screen-Shot-2020-12-11-at-15.52.59-400x251.png 400w, https:\/\/legacy.colt.net\/wp-content\/uploads\/2020\/12\/Screen-Shot-2020-12-11-at-15.52.59-500x314.png 500w\" sizes=\"auto, (max-width: 720px) 100vw, 720px\" \/><\/a>\n<h3><a href=\"https:\/\/legacy.colt.net\/es\/resources\/colt-arranca-un-amplio-proyecto-de-contratacion-en-espana\/\" title='Colt arranca un amplio proyecto de contrataci\u00f3n en Espa\u00f1a'>Colt arranca un amplio proyecto de contrataci\u00f3n en Espa\u00f1a<\/a><\/h3>\n<p>En los pr\u00f3ximos meses se contratar\u00e1n hasta 40 profesionales de las telecomunicaciones Este plan internacional tendr\u00e1 como \u00e1reas claves Espa\u00f1a, Portugal e Irlanda Colt\u00a0comienza un&#8230;<\/p>\n\n<a href=\"https:\/\/legacy.colt.net\/es\/resources\/colt-arranca-un-amplio-proyecto-de-contratacion-en-espana\/\" title='Read More \u00bb'>Read More \u00bb<\/a>\n\n\t<meta itemscope itemprop=\"mainEntityOfPage\" itemtype=\"https:\/\/schema.org\/WebPage\" itemid=\"https:\/\/legacy.colt.net\/es\/resources\/colt-celebra-un-webinar-junto-a-microsoft-sobre-como-integrar-la-telefonia-en-teams\/\" content=\"Colt celebra un webinar junto a Microsoft sobre c\u00f3mo integrar la telefon\u00eda en Teams\" \/><meta itemprop=\"datePublished\" content=\"2021-03-21\" \/><meta itemprop=\"dateModified\" content=\"2021-03-21\" \/><meta itemprop=\"name\" content=\"Colt Technology Services\"\/><meta itemprop=\"url\" content=\"https:\/\/legacy.colt.net\/wp-content\/uploads\/2018\/10\/Colt-logo-dark.png\"\/><meta itemprop=\"url\" content=\"https:\/\/legacy.colt.net\/es\/resources\/author\/lourdesserrano\/\" \/><meta itemprop=\"name\" content=\"Lourdes Serrano\" \/><meta itemprop=\"url\" content=\"https:\/\/legacy.colt.net\/wp-content\/uploads\/2021\/03\/social-banner-Colt-Microsoft-0221.jpg\" \/><meta itemprop=\"width\" content=\"1200\" \/><meta itemprop=\"height\" content=\"630\" \/><meta itemprop=\"interactionType\" content=\"https:\/\/schema.org\/CommentAction\" \/><meta itemprop=\"userInteractionCount\" content=\"0\" \/>\n    <h5><a href=\"https:\/\/legacy.colt.net\/es\/resources\/type\/blog-es\/\" rel=\"tag\">Blogs<\/a><\/h5>\n<a href=\"https:\/\/legacy.colt.net\/es\/resources\/colt-celebra-un-webinar-junto-a-microsoft-sobre-como-integrar-la-telefonia-en-teams\/\" title='Colt celebra un webinar junto a Microsoft sobre c\u00f3mo integrar la telefon\u00eda en Teams'><img decoding=\"async\" width=\"720\" height=\"450\" src=\"https:\/\/legacy.colt.net\/wp-content\/uploads\/2021\/03\/social-banner-Colt-Microsoft-0221-720x450.jpg\" alt=\"\" loading=\"lazy\" itemprop=\"image\" \/><\/a>\n<h3><a href=\"https:\/\/legacy.colt.net\/es\/resources\/colt-celebra-un-webinar-junto-a-microsoft-sobre-como-integrar-la-telefonia-en-teams\/\" title='Colt celebra un webinar junto a Microsoft sobre c\u00f3mo integrar la telefon\u00eda en Teams'>Colt celebra un webinar junto a Microsoft sobre c\u00f3mo integrar la telefon\u00eda en Teams<\/a><\/h3>\n<p>El papel de las Comunicaciones Unificadas nunca hab\u00eda tenido tanta importancia como en este \u00faltimo a\u00f1o. Cada vez son m\u00e1s los empleados que trabajan desde&#8230;<\/p>\n\n<a href=\"https:\/\/legacy.colt.net\/es\/resources\/colt-celebra-un-webinar-junto-a-microsoft-sobre-como-integrar-la-telefonia-en-teams\/\" title='Read More \u00bb'>Read More \u00bb<\/a>\n\n\t<meta itemscope itemprop=\"mainEntityOfPage\" itemtype=\"https:\/\/schema.org\/WebPage\" itemid=\"https:\/\/legacy.colt.net\/es\/resources\/how-secure-is-your-network\/\" content=\"\u00bfCu\u00e1l es el nivel de seguridad de tu red?\" \/><meta itemprop=\"datePublished\" content=\"2021-03-07\" \/><meta itemprop=\"dateModified\" content=\"2021-05-07\" \/><meta itemprop=\"name\" content=\"Colt Technology Services\"\/><meta itemprop=\"url\" content=\"https:\/\/legacy.colt.net\/wp-content\/uploads\/2018\/10\/Colt-logo-dark.png\"\/><meta itemprop=\"url\" content=\"https:\/\/legacy.colt.net\/es\/resources\/author\/colt\/\" \/><meta itemprop=\"name\" content=\"Colt Technology Services\" \/><meta itemprop=\"url\" content=\"https:\/\/legacy.colt.net\/wp-content\/uploads\/2021\/01\/Brand-2021-Stock-39.jpg\" \/><meta itemprop=\"width\" content=\"1000\" \/><meta itemprop=\"height\" content=\"667\" \/><meta itemprop=\"interactionType\" content=\"https:\/\/schema.org\/CommentAction\" \/><meta itemprop=\"userInteractionCount\" content=\"0\" \/>\n    <h5><a href=\"https:\/\/legacy.colt.net\/es\/resources\/type\/whitepaper-es\/\" rel=\"tag\">whitepaper<\/a><\/h5>\n<a href=\"https:\/\/legacy.colt.net\/es\/resources\/how-secure-is-your-network\/\" title='\u00bfCu\u00e1l es el nivel de seguridad de tu red?'><img decoding=\"async\" width=\"720\" height=\"450\" src=\"https:\/\/legacy.colt.net\/wp-content\/uploads\/2021\/01\/Brand-2021-Stock-39-720x450.jpg\" alt=\"\" loading=\"lazy\" itemprop=\"image\" \/><\/a>\n<h3><a href=\"https:\/\/legacy.colt.net\/es\/resources\/how-secure-is-your-network\/\" title='\u00bfCu\u00e1l es el nivel de seguridad de tu red?'>\u00bfCu\u00e1l es el nivel de seguridad de tu red?<\/a><\/h3>\n<p>Con el coste medio de una filtraci\u00f3n de datos que alcanza los 3,92 millones de d\u00f3lares y el aumento de los ataques DDoS en un 967% s\u00f3lo este a\u00f1o, nunca ha habido un momento m\u00e1s importante para asegurar su red.<\/p>\n\n<a href=\"https:\/\/legacy.colt.net\/es\/resources\/how-secure-is-your-network\/\" title='Read More \u00bb'>Read More \u00bb<\/a>\n\n\t<meta itemscope itemprop=\"mainEntityOfPage\" itemtype=\"https:\/\/schema.org\/WebPage\" itemid=\"https:\/\/legacy.colt.net\/es\/resources\/desafios-de-la-gestion-de-sd-wan-y-la-funcion-clave-de-la-automatizacion\/\" content=\"Desaf\u00edos de la gesti\u00f3n de SD-WAN y la funci\u00f3n clave de la automatizaci\u00f3n\" \/><meta itemprop=\"datePublished\" content=\"2021-03-03\" \/><meta itemprop=\"dateModified\" content=\"2021-03-03\" \/><meta itemprop=\"name\" content=\"Colt Technology Services\"\/><meta itemprop=\"url\" content=\"https:\/\/legacy.colt.net\/wp-content\/uploads\/2018\/10\/Colt-logo-dark.png\"\/><meta itemprop=\"url\" content=\"https:\/\/legacy.colt.net\/es\/resources\/author\/lucamacchiavello\/\" \/><meta itemprop=\"name\" content=\"Luca Macchiavello\" \/><meta itemprop=\"url\" content=\"https:\/\/legacy.colt.net\/wp-content\/uploads\/2021\/01\/Brand-2021-Stock-9-1.jpg\" \/><meta itemprop=\"width\" content=\"1000\" \/><meta itemprop=\"height\" content=\"667\" \/><meta itemprop=\"interactionType\" content=\"https:\/\/schema.org\/CommentAction\" \/><meta itemprop=\"userInteractionCount\" content=\"0\" \/>\n    <h5><a href=\"https:\/\/legacy.colt.net\/es\/resources\/type\/blog-es\/\" rel=\"tag\">Blogs<\/a><\/h5>\n<a href=\"https:\/\/legacy.colt.net\/es\/resources\/desafios-de-la-gestion-de-sd-wan-y-la-funcion-clave-de-la-automatizacion\/\" title='Desaf\u00edos de la gesti\u00f3n de SD-WAN y la funci\u00f3n clave de la automatizaci\u00f3n'><img decoding=\"async\" width=\"720\" height=\"450\" src=\"https:\/\/legacy.colt.net\/wp-content\/uploads\/2021\/01\/Brand-2021-Stock-9-1-720x450.jpg\" alt=\"\" loading=\"lazy\" itemprop=\"image\" \/><\/a>\n<h3><a href=\"https:\/\/legacy.colt.net\/es\/resources\/desafios-de-la-gestion-de-sd-wan-y-la-funcion-clave-de-la-automatizacion\/\" title='Desaf\u00edos de la gesti\u00f3n de SD-WAN y la funci\u00f3n clave de la automatizaci\u00f3n'>Desaf\u00edos de la gesti\u00f3n de SD-WAN y la funci\u00f3n clave de la automatizaci\u00f3n<\/a><\/h3>\n<p>La gesti\u00f3n de los servicios SD-WAN es un desaf\u00edo para los proveedores de servicios (SP), desde el an\u00e1lisis de la causa, pasando por la verificaci\u00f3n&#8230;<\/p>\n\n<a href=\"https:\/\/legacy.colt.net\/es\/resources\/desafios-de-la-gestion-de-sd-wan-y-la-funcion-clave-de-la-automatizacion\/\" title='Read More \u00bb'>Read More \u00bb<\/a>\n\n\t<meta itemscope itemprop=\"mainEntityOfPage\" itemtype=\"https:\/\/schema.org\/WebPage\" itemid=\"https:\/\/legacy.colt.net\/es\/resources\/la-ciberseguridad-el-gran-reto-de-2021\/\" content=\"La ciberseguridad: el gran reto de 2021\" \/><meta itemprop=\"datePublished\" content=\"2021-02-16\" \/><meta itemprop=\"dateModified\" content=\"2021-02-16\" \/><meta itemprop=\"name\" content=\"Colt Technology Services\"\/><meta itemprop=\"url\" content=\"https:\/\/legacy.colt.net\/wp-content\/uploads\/2018\/10\/Colt-logo-dark.png\"\/><meta itemprop=\"url\" content=\"https:\/\/legacy.colt.net\/es\/resources\/author\/stefano-nicastro\/\" \/><meta itemprop=\"name\" content=\"Stefano Nicastro\" \/><meta itemprop=\"url\" content=\"https:\/\/legacy.colt.net\/wp-content\/uploads\/2020\/06\/iStock-1145589623.jpg\" \/><meta itemprop=\"width\" content=\"2190\" \/><meta itemprop=\"height\" content=\"1369\" \/><meta itemprop=\"interactionType\" content=\"https:\/\/schema.org\/CommentAction\" \/><meta itemprop=\"userInteractionCount\" content=\"0\" \/>\n    <h5><a href=\"https:\/\/legacy.colt.net\/es\/resources\/type\/blog-es\/\" rel=\"tag\">Blogs<\/a><\/h5>\n<a href=\"https:\/\/legacy.colt.net\/es\/resources\/la-ciberseguridad-el-gran-reto-de-2021\/\" title='La ciberseguridad: el gran reto de 2021'><img decoding=\"async\" width=\"720\" height=\"450\" src=\"https:\/\/legacy.colt.net\/wp-content\/uploads\/2020\/06\/iStock-1145589623-720x450.jpg\" alt=\"\" loading=\"lazy\" itemprop=\"image\" srcset=\"https:\/\/legacy.colt.net\/wp-content\/uploads\/2020\/06\/iStock-1145589623-720x450.jpg 720w, https:\/\/legacy.colt.net\/wp-content\/uploads\/2020\/06\/iStock-1145589623-300x188.jpg 300w, https:\/\/legacy.colt.net\/wp-content\/uploads\/2020\/06\/iStock-1145589623-1024x640.jpg 1024w, https:\/\/legacy.colt.net\/wp-content\/uploads\/2020\/06\/iStock-1145589623-768x480.jpg 768w, https:\/\/legacy.colt.net\/wp-content\/uploads\/2020\/06\/iStock-1145589623-1536x960.jpg 1536w, https:\/\/legacy.colt.net\/wp-content\/uploads\/2020\/06\/iStock-1145589623-2048x1280.jpg 2048w, https:\/\/legacy.colt.net\/wp-content\/uploads\/2020\/06\/iStock-1145589623-400x250.jpg 400w, https:\/\/legacy.colt.net\/wp-content\/uploads\/2020\/06\/iStock-1145589623-500x313.jpg 500w\" sizes=\"auto, (max-width: 720px) 100vw, 720px\" \/><\/a>\n<h3><a href=\"https:\/\/legacy.colt.net\/es\/resources\/la-ciberseguridad-el-gran-reto-de-2021\/\" title='La ciberseguridad: el gran reto de 2021'>La ciberseguridad: el gran reto de 2021<\/a><\/h3>\n<p>No es ning\u00fan secreto que los negocios digitales han creado un nuevo ecosistema, uno en el que la ciberseguridad es crucial. La ciberseguridad se ha&#8230;<\/p>\n\n<a href=\"https:\/\/legacy.colt.net\/es\/resources\/la-ciberseguridad-el-gran-reto-de-2021\/\" title='Read More \u00bb'>Read More \u00bb<\/a>\n\n\t<meta itemscope itemprop=\"mainEntityOfPage\" itemtype=\"https:\/\/schema.org\/WebPage\" itemid=\"https:\/\/legacy.colt.net\/es\/resources\/packetfabric-amplia-sus-servicios-sdn-en-europa-gracias-a-colt-on-demand\/\" content=\"PacketFabric ampl\u00eda sus servicios SDN en Europa gracias a Colt On Demand\" \/><meta itemprop=\"datePublished\" content=\"2021-02-16\" \/><meta itemprop=\"dateModified\" content=\"2021-02-16\" \/><meta itemprop=\"name\" content=\"Colt Technology Services\"\/><meta itemprop=\"url\" content=\"https:\/\/legacy.colt.net\/wp-content\/uploads\/2018\/10\/Colt-logo-dark.png\"\/><meta itemprop=\"url\" content=\"https:\/\/legacy.colt.net\/es\/resources\/author\/colt\/\" \/><meta itemprop=\"name\" content=\"Colt Technology Services\" \/><meta itemprop=\"url\" content=\"https:\/\/legacy.colt.net\/wp-content\/uploads\/2021\/01\/Brand-2021-Stock-18.jpg\" \/><meta itemprop=\"width\" content=\"1000\" \/><meta itemprop=\"height\" content=\"750\" \/><meta itemprop=\"interactionType\" content=\"https:\/\/schema.org\/CommentAction\" \/><meta itemprop=\"userInteractionCount\" content=\"0\" \/>\n    <h5><a href=\"https:\/\/legacy.colt.net\/es\/resources\/type\/news-es\/\" rel=\"tag\">Colt Technology News<\/a><\/h5>\n<a href=\"https:\/\/legacy.colt.net\/es\/resources\/packetfabric-amplia-sus-servicios-sdn-en-europa-gracias-a-colt-on-demand\/\" title='PacketFabric ampl\u00eda sus servicios SDN en Europa gracias a Colt On Demand'><img decoding=\"async\" width=\"720\" height=\"450\" src=\"https:\/\/legacy.colt.net\/wp-content\/uploads\/2021\/01\/Brand-2021-Stock-18-720x450.jpg\" alt=\"\" loading=\"lazy\" itemprop=\"image\" \/><\/a>\n<h3><a href=\"https:\/\/legacy.colt.net\/es\/resources\/packetfabric-amplia-sus-servicios-sdn-en-europa-gracias-a-colt-on-demand\/\" title='PacketFabric ampl\u00eda sus servicios SDN en Europa gracias a Colt On Demand'>PacketFabric ampl\u00eda sus servicios SDN en Europa gracias a Colt On Demand<\/a><\/h3>\n<p>Esta colaboraci\u00f3n ampliar\u00e1 el alcance de la plataforma Network-As-A-Service de PackeFabric a trav\u00e9s de una interconexi\u00f3n definida por software con Colt PacketFabric, un innovador proveedor&#8230;<\/p>\n\n<a href=\"https:\/\/legacy.colt.net\/es\/resources\/packetfabric-amplia-sus-servicios-sdn-en-europa-gracias-a-colt-on-demand\/\" title='Read More \u00bb'>Read More \u00bb<\/a>\n\n\t<meta itemscope itemprop=\"mainEntityOfPage\" itemtype=\"https:\/\/schema.org\/WebPage\" itemid=\"https:\/\/legacy.colt.net\/es\/resources\/planning-for-an-sd-wan-future\/\" content=\"Planificar un futuro con SD WAN\" \/><meta itemprop=\"datePublished\" content=\"2021-02-01\" \/><meta itemprop=\"dateModified\" content=\"2021-02-15\" \/><meta itemprop=\"name\" content=\"Colt Technology Services\"\/><meta itemprop=\"url\" content=\"https:\/\/legacy.colt.net\/wp-content\/uploads\/2018\/10\/Colt-logo-dark.png\"\/><meta itemprop=\"url\" content=\"https:\/\/legacy.colt.net\/es\/resources\/author\/colt\/\" \/><meta itemprop=\"name\" content=\"Colt Technology Services\" \/><meta itemprop=\"url\" content=\"https:\/\/legacy.colt.net\/wp-content\/uploads\/2021\/01\/Brand-2021-Stock-3.jpg\" \/><meta itemprop=\"width\" content=\"1000\" \/><meta itemprop=\"height\" content=\"667\" \/><meta itemprop=\"interactionType\" content=\"https:\/\/schema.org\/CommentAction\" \/><meta itemprop=\"userInteractionCount\" content=\"0\" \/>\n    <h5><a href=\"https:\/\/legacy.colt.net\/es\/resources\/type\/whitepaper-es\/\" rel=\"tag\">whitepaper<\/a><\/h5>\n<a href=\"https:\/\/legacy.colt.net\/es\/resources\/planning-for-an-sd-wan-future\/\" title='Planificar un futuro con SD WAN'><img decoding=\"async\" width=\"720\" height=\"450\" src=\"https:\/\/legacy.colt.net\/wp-content\/uploads\/2021\/01\/Brand-2021-Stock-3-720x450.jpg\" alt=\"\" loading=\"lazy\" itemprop=\"image\" \/><\/a>\n<h3><a href=\"https:\/\/legacy.colt.net\/es\/resources\/planning-for-an-sd-wan-future\/\" title='Planificar un futuro con SD WAN'>Planificar un futuro con SD WAN<\/a><\/h3>\n<p>El car\u00e1cter dif\u00edcil e imprevisible de 2020 oblig\u00f3 a las empresas de todo el mundo a revisar sus prioridades en materia de TIC y a centrar el gasto en torno a lo que realmente importa: la continuidad, la resiliencia, la agilidad y la facilidad de gesti\u00f3n.<\/p>\n\n<a href=\"https:\/\/legacy.colt.net\/es\/resources\/planning-for-an-sd-wan-future\/\" title='Read More \u00bb'>Read More \u00bb<\/a>\n\n\t<meta itemscope itemprop=\"mainEntityOfPage\" itemtype=\"https:\/\/schema.org\/WebPage\" itemid=\"https:\/\/legacy.colt.net\/es\/resources\/compo\/\" content=\"COMPO\" \/><meta itemprop=\"datePublished\" content=\"2021-02-01\" \/><meta itemprop=\"dateModified\" content=\"2021-02-01\" \/><meta itemprop=\"name\" content=\"Colt Technology Services\"\/><meta itemprop=\"url\" content=\"https:\/\/legacy.colt.net\/wp-content\/uploads\/2018\/10\/Colt-logo-dark.png\"\/><meta itemprop=\"url\" content=\"https:\/\/legacy.colt.net\/es\/resources\/author\/colt\/\" \/><meta itemprop=\"name\" content=\"Colt Technology Services\" \/><meta itemprop=\"url\" content=\"https:\/\/legacy.colt.net\/wp-content\/uploads\/2021\/02\/400x400-Compo-logo.jpg\" \/><meta itemprop=\"width\" content=\"400\" \/><meta itemprop=\"height\" content=\"400\" \/><meta itemprop=\"interactionType\" content=\"https:\/\/schema.org\/CommentAction\" \/><meta itemprop=\"userInteractionCount\" content=\"0\" \/>\n    <h5><a href=\"https:\/\/legacy.colt.net\/es\/resources\/type\/case-studies-es\/\" rel=\"tag\">Clientes<\/a><\/h5>\n<a href=\"https:\/\/legacy.colt.net\/es\/resources\/compo\/\" title='COMPO'><img decoding=\"async\" width=\"720\" height=\"450\" src=\"https:\/\/legacy.colt.net\/wp-content\/uploads\/2021\/02\/400x400-Compo-logo-720x450.jpg\" alt=\"\" loading=\"lazy\" itemprop=\"image\" \/><\/a>\n<h3><a href=\"https:\/\/legacy.colt.net\/es\/resources\/compo\/\" title='COMPO'>COMPO<\/a><\/h3>\n<p>Para empresas como COMPO, proveedor internacional de productos hort\u00edcolas y fitosanitarios, cualquier error de red puede ramificarse notablemente. <\/p>\n\n<a href=\"https:\/\/legacy.colt.net\/es\/resources\/compo\/\" title='Read More \u00bb'>Read More \u00bb<\/a>\n\n\t<meta itemscope itemprop=\"mainEntityOfPage\" itemtype=\"https:\/\/schema.org\/WebPage\" itemid=\"https:\/\/legacy.colt.net\/es\/resources\/customer-experience-continuing-to-lead-with-our-nps\/\" content=\"Experiencia del cliente; l\u00edderes en NPS\" \/><meta itemprop=\"datePublished\" content=\"2021-02-01\" \/><meta itemprop=\"dateModified\" content=\"2021-04-21\" \/><meta itemprop=\"name\" content=\"Colt Technology Services\"\/><meta itemprop=\"url\" content=\"https:\/\/legacy.colt.net\/wp-content\/uploads\/2018\/10\/Colt-logo-dark.png\"\/><meta itemprop=\"url\" content=\"https:\/\/legacy.colt.net\/es\/resources\/author\/noahroychowdhury\/\" \/><meta itemprop=\"name\" content=\"Noah Roychowdhury\" \/><meta itemprop=\"url\" content=\"https:\/\/legacy.colt.net\/wp-content\/uploads\/2021\/01\/Connecting-Technology27.jpg\" \/><meta itemprop=\"width\" content=\"1000\" \/><meta itemprop=\"height\" content=\"667\" \/><meta itemprop=\"interactionType\" content=\"https:\/\/schema.org\/CommentAction\" \/><meta itemprop=\"userInteractionCount\" content=\"0\" \/>\n    <h5><a href=\"https:\/\/legacy.colt.net\/es\/resources\/type\/blog-es\/\" rel=\"tag\">Blogs<\/a><\/h5>\n<a href=\"https:\/\/legacy.colt.net\/es\/resources\/customer-experience-continuing-to-lead-with-our-nps\/\" title='Experiencia del cliente; l\u00edderes en NPS'><img decoding=\"async\" width=\"720\" height=\"450\" src=\"https:\/\/legacy.colt.net\/wp-content\/uploads\/2021\/01\/Connecting-Technology27-720x450.jpg\" alt=\"\" loading=\"lazy\" itemprop=\"image\" \/><\/a>\n<h3><a href=\"https:\/\/legacy.colt.net\/es\/resources\/customer-experience-continuing-to-lead-with-our-nps\/\" title='Experiencia del cliente; l\u00edderes en NPS'>Experiencia del cliente; l\u00edderes en NPS<\/a><\/h3>\n<p>Last year we smashed records for our Net Promotor Score (NPS). Our strong performance continued throughout the year and we closed Q4 with a fantastic score of 69 in Europe and 35 in Asia.<\/p>\n\n<a href=\"https:\/\/legacy.colt.net\/es\/resources\/customer-experience-continuing-to-lead-with-our-nps\/\" title='Read More \u00bb'>Read More \u00bb<\/a>\n\n\t<meta itemscope itemprop=\"mainEntityOfPage\" itemtype=\"https:\/\/schema.org\/WebPage\" itemid=\"https:\/\/legacy.colt.net\/es\/resources\/como-la-sd-wan-esta-evolucionando-para-adaptarse-al-futuro-de-las-redes\/\" content=\"C\u00f3mo la SD WAN est\u00e1 evolucionando para adaptarse al futuro de las redes\" \/><meta itemprop=\"datePublished\" content=\"2021-01-26\" \/><meta itemprop=\"dateModified\" content=\"2021-01-26\" \/><meta itemprop=\"name\" content=\"Colt Technology Services\"\/><meta itemprop=\"url\" content=\"https:\/\/legacy.colt.net\/wp-content\/uploads\/2018\/10\/Colt-logo-dark.png\"\/><meta itemprop=\"url\" content=\"https:\/\/legacy.colt.net\/es\/resources\/author\/mohitmanral\/\" \/><meta itemprop=\"name\" content=\"Mohit Manral\" \/><meta itemprop=\"url\" content=\"https:\/\/legacy.colt.net\/wp-content\/uploads\/2021\/01\/Brand-2021-Stock-9.jpg\" \/><meta itemprop=\"width\" content=\"1000\" \/><meta itemprop=\"height\" content=\"667\" \/><meta itemprop=\"interactionType\" content=\"https:\/\/schema.org\/CommentAction\" \/><meta itemprop=\"userInteractionCount\" content=\"0\" \/>\n    <h5><a href=\"https:\/\/legacy.colt.net\/es\/resources\/type\/blog-es\/\" rel=\"tag\">Blogs<\/a><\/h5>\n<a href=\"https:\/\/legacy.colt.net\/es\/resources\/como-la-sd-wan-esta-evolucionando-para-adaptarse-al-futuro-de-las-redes\/\" title='C\u00f3mo la SD WAN est\u00e1 evolucionando para adaptarse al futuro de las redes'><img decoding=\"async\" width=\"720\" height=\"450\" src=\"https:\/\/legacy.colt.net\/wp-content\/uploads\/2021\/01\/Brand-2021-Stock-9-720x450.jpg\" alt=\"\" loading=\"lazy\" itemprop=\"image\" \/><\/a>\n<h3><a href=\"https:\/\/legacy.colt.net\/es\/resources\/como-la-sd-wan-esta-evolucionando-para-adaptarse-al-futuro-de-las-redes\/\" title='C\u00f3mo la SD WAN est\u00e1 evolucionando para adaptarse al futuro de las redes'>C\u00f3mo la SD WAN est\u00e1 evolucionando para adaptarse al futuro de las redes<\/a><\/h3>\n<p>Inicialmente se lanz\u00f3 como una forma de optimizar el tr\u00e1fico a trav\u00e9s de MPLS y la conectividad basada en IP, pero el concepto de la SD WAN ha evolucionado r\u00e1pidamente.<\/p>\n\n<a href=\"https:\/\/legacy.colt.net\/es\/resources\/como-la-sd-wan-esta-evolucionando-para-adaptarse-al-futuro-de-las-redes\/\" title='Read More \u00bb'>Read More \u00bb<\/a>\n\n\t<meta itemscope itemprop=\"mainEntityOfPage\" itemtype=\"https:\/\/schema.org\/WebPage\" itemid=\"https:\/\/legacy.colt.net\/es\/resources\/netops-guide\/\" content=\"La gu\u00eda definitiva de NetOps\" \/><meta itemprop=\"datePublished\" content=\"2021-01-25\" \/><meta itemprop=\"dateModified\" content=\"2021-02-15\" \/><meta itemprop=\"name\" content=\"Colt Technology Services\"\/><meta itemprop=\"url\" content=\"https:\/\/legacy.colt.net\/wp-content\/uploads\/2018\/10\/Colt-logo-dark.png\"\/><meta itemprop=\"url\" content=\"https:\/\/legacy.colt.net\/es\/resources\/author\/colt\/\" \/><meta itemprop=\"name\" content=\"Colt Technology Services\" \/><meta itemprop=\"url\" content=\"https:\/\/legacy.colt.net\/wp-content\/uploads\/2021\/01\/Brand-2021-Stock-30.jpg\" \/><meta itemprop=\"width\" content=\"1000\" \/><meta itemprop=\"height\" content=\"667\" \/><meta itemprop=\"interactionType\" content=\"https:\/\/schema.org\/CommentAction\" \/><meta itemprop=\"userInteractionCount\" content=\"0\" \/>\n    <h5><a href=\"https:\/\/legacy.colt.net\/es\/resources\/type\/whitepaper-es\/\" rel=\"tag\">whitepaper<\/a><\/h5>\n<a href=\"https:\/\/legacy.colt.net\/es\/resources\/netops-guide\/\" title='La gu\u00eda definitiva de NetOps'><img decoding=\"async\" width=\"720\" height=\"450\" src=\"https:\/\/legacy.colt.net\/wp-content\/uploads\/2021\/01\/Brand-2021-Stock-30-720x450.jpg\" alt=\"\" loading=\"lazy\" itemprop=\"image\" \/><\/a>\n<h3><a href=\"https:\/\/legacy.colt.net\/es\/resources\/netops-guide\/\" title='La gu\u00eda definitiva de NetOps'>La gu\u00eda definitiva de NetOps<\/a><\/h3>\n<p>El concepto general de NetOps es dar a las empresas las filosof\u00edas y herramientas adecuadas para crear una red que pueda responder r\u00e1pidamente a las necesidades de las aplicaciones y de los usuarios finales.<\/p>\n\n<a href=\"https:\/\/legacy.colt.net\/es\/resources\/netops-guide\/\" title='Read More \u00bb'>Read More \u00bb<\/a>\n\n\t<meta itemscope itemprop=\"mainEntityOfPage\" itemtype=\"https:\/\/schema.org\/WebPage\" itemid=\"https:\/\/legacy.colt.net\/es\/resources\/colt-participara-en-la-ii-jornada-de-proteccion-de-datos-personales\/\" content=\"Colt participar\u00e1 en la II Jornada de protecci\u00f3n de datos personales\" \/><meta itemprop=\"datePublished\" content=\"2021-01-25\" \/><meta itemprop=\"dateModified\" content=\"2021-01-25\" \/><meta itemprop=\"name\" content=\"Colt Technology Services\"\/><meta itemprop=\"url\" content=\"https:\/\/legacy.colt.net\/wp-content\/uploads\/2018\/10\/Colt-logo-dark.png\"\/><meta itemprop=\"url\" content=\"https:\/\/legacy.colt.net\/es\/resources\/author\/colt\/\" \/><meta itemprop=\"name\" content=\"Colt Technology Services\" \/><meta itemprop=\"url\" content=\"https:\/\/legacy.colt.net\/wp-content\/uploads\/2020\/09\/iStock-1183316406.jpg\" \/><meta itemprop=\"width\" content=\"1448\" \/><meta itemprop=\"height\" content=\"724\" \/><meta itemprop=\"interactionType\" content=\"https:\/\/schema.org\/CommentAction\" \/><meta itemprop=\"userInteractionCount\" content=\"0\" \/>\n    <h5><a href=\"https:\/\/legacy.colt.net\/es\/resources\/type\/blog-es\/\" rel=\"tag\">Blogs<\/a><\/h5>\n<a href=\"https:\/\/legacy.colt.net\/es\/resources\/colt-participara-en-la-ii-jornada-de-proteccion-de-datos-personales\/\" title='Colt participar\u00e1 en la II Jornada de protecci\u00f3n de datos personales'><img decoding=\"async\" width=\"720\" height=\"450\" src=\"https:\/\/legacy.colt.net\/wp-content\/uploads\/2020\/09\/iStock-1183316406-720x450.jpg\" alt=\"\" loading=\"lazy\" itemprop=\"image\" \/><\/a>\n<h3><a href=\"https:\/\/legacy.colt.net\/es\/resources\/colt-participara-en-la-ii-jornada-de-proteccion-de-datos-personales\/\" title='Colt participar\u00e1 en la II Jornada de protecci\u00f3n de datos personales'>Colt participar\u00e1 en la II Jornada de protecci\u00f3n de datos personales<\/a><\/h3>\n<p>El pr\u00f3ximo 27 de enero, Colt tendr\u00e1 el placer de participar en la II Jornada de protecci\u00f3n de datos personales a trav\u00e9s del webinar Evoluci\u00f3n&#8230;<\/p>\n\n<a href=\"https:\/\/legacy.colt.net\/es\/resources\/colt-participara-en-la-ii-jornada-de-proteccion-de-datos-personales\/\" title='Read More \u00bb'>Read More \u00bb<\/a>\n\n\t<meta itemscope itemprop=\"mainEntityOfPage\" itemtype=\"https:\/\/schema.org\/WebPage\" itemid=\"https:\/\/legacy.colt.net\/es\/resources\/por-que-la-sd-wan-tiene-sentido-para-la-infraestructura-multinube\/\" content=\"Por qu\u00e9 la SD WAN tiene sentido para la infraestructura multinube\" \/><meta itemprop=\"datePublished\" content=\"2021-01-18\" \/><meta itemprop=\"dateModified\" content=\"2021-01-18\" \/><meta itemprop=\"name\" content=\"Colt Technology Services\"\/><meta itemprop=\"url\" content=\"https:\/\/legacy.colt.net\/wp-content\/uploads\/2018\/10\/Colt-logo-dark.png\"\/><meta itemprop=\"url\" content=\"https:\/\/legacy.colt.net\/es\/resources\/author\/colt\/\" \/><meta itemprop=\"name\" content=\"Colt Technology Services\" \/><meta itemprop=\"url\" content=\"https:\/\/legacy.colt.net\/wp-content\/uploads\/2021\/01\/Brand-2021-Stock-8-1.jpg\" \/><meta itemprop=\"width\" content=\"1000\" \/><meta itemprop=\"height\" content=\"667\" \/><meta itemprop=\"interactionType\" content=\"https:\/\/schema.org\/CommentAction\" \/><meta itemprop=\"userInteractionCount\" content=\"0\" \/>\n    <h5><a href=\"https:\/\/legacy.colt.net\/es\/resources\/type\/blog-es\/\" rel=\"tag\">Blogs<\/a><\/h5>\n<a href=\"https:\/\/legacy.colt.net\/es\/resources\/por-que-la-sd-wan-tiene-sentido-para-la-infraestructura-multinube\/\" title='Por qu\u00e9 la SD WAN tiene sentido para la infraestructura multinube'><img decoding=\"async\" width=\"720\" height=\"450\" src=\"https:\/\/legacy.colt.net\/wp-content\/uploads\/2021\/01\/Brand-2021-Stock-8-1-720x450.jpg\" alt=\"\" loading=\"lazy\" itemprop=\"image\" \/><\/a>\n<h3><a href=\"https:\/\/legacy.colt.net\/es\/resources\/por-que-la-sd-wan-tiene-sentido-para-la-infraestructura-multinube\/\" title='Por qu\u00e9 la SD WAN tiene sentido para la infraestructura multinube'>Por qu\u00e9 la SD WAN tiene sentido para la infraestructura multinube<\/a><\/h3>\n<p>Hoy en d\u00eda, las redes deben ser m\u00e1s inteligentes y \u00e1giles que nunca. Deben poder admitir nuevas aplicaciones y casos de uso sin sacrificar el rendimiento, la seguridad o la latencia.<\/p>\n\n<a href=\"https:\/\/legacy.colt.net\/es\/resources\/por-que-la-sd-wan-tiene-sentido-para-la-infraestructura-multinube\/\" title='Read More \u00bb'>Read More \u00bb<\/a>\n\n\t<meta itemscope itemprop=\"mainEntityOfPage\" itemtype=\"https:\/\/schema.org\/WebPage\" itemid=\"https:\/\/legacy.colt.net\/es\/resources\/lecciones-que-hemos-aprendido-de-los-servicios-de-voz-y-aplicar-en-el-2021\/\" content=\"Lecciones que hemos aprendido de los servicios de voz\" \/><meta itemprop=\"datePublished\" content=\"2021-01-18\" \/><meta itemprop=\"dateModified\" content=\"2021-01-25\" \/><meta itemprop=\"name\" content=\"Colt Technology Services\"\/><meta itemprop=\"url\" content=\"https:\/\/legacy.colt.net\/wp-content\/uploads\/2018\/10\/Colt-logo-dark.png\"\/><meta itemprop=\"url\" content=\"https:\/\/legacy.colt.net\/es\/resources\/author\/lourdesserrano\/\" \/><meta itemprop=\"name\" content=\"Lourdes Serrano\" \/><meta itemprop=\"url\" content=\"https:\/\/legacy.colt.net\/wp-content\/uploads\/2021\/01\/Brand-2021-Stock-42.jpg\" \/><meta itemprop=\"width\" content=\"1000\" \/><meta itemprop=\"height\" content=\"667\" \/><meta itemprop=\"interactionType\" content=\"https:\/\/schema.org\/CommentAction\" \/><meta itemprop=\"userInteractionCount\" content=\"0\" \/>\n    <h5><a href=\"https:\/\/legacy.colt.net\/es\/resources\/type\/blog-es\/\" rel=\"tag\">Blogs<\/a><\/h5>\n<a href=\"https:\/\/legacy.colt.net\/es\/resources\/lecciones-que-hemos-aprendido-de-los-servicios-de-voz-y-aplicar-en-el-2021\/\" title='Lecciones que hemos aprendido de los servicios de voz'><img decoding=\"async\" width=\"720\" height=\"450\" src=\"https:\/\/legacy.colt.net\/wp-content\/uploads\/2021\/01\/Brand-2021-Stock-42-720x450.jpg\" alt=\"\" loading=\"lazy\" itemprop=\"image\" \/><\/a>\n<h3><a href=\"https:\/\/legacy.colt.net\/es\/resources\/lecciones-que-hemos-aprendido-de-los-servicios-de-voz-y-aplicar-en-el-2021\/\" title='Lecciones que hemos aprendido de los servicios de voz'>Lecciones que hemos aprendido de los servicios de voz<\/a><\/h3>\n<p>Despu\u00e9s de dejar atr\u00e1s un a\u00f1o inolvidable en todos los sentidos, est\u00e1 claro que el teletrabajo ha llegado para quedarse. Aunque todav\u00eda no sabemos cu\u00e1ntos&#8230;<\/p>\n\n<a href=\"https:\/\/legacy.colt.net\/es\/resources\/lecciones-que-hemos-aprendido-de-los-servicios-de-voz-y-aplicar-en-el-2021\/\" title='Read More \u00bb'>Read More \u00bb<\/a>\n\n\t<meta itemscope itemprop=\"mainEntityOfPage\" itemtype=\"https:\/\/schema.org\/WebPage\" itemid=\"https:\/\/legacy.colt.net\/es\/resources\/colt-lanza-una-solucion-de-telefonia-basada-en-la-nube-para-microsoft-teams\/\" content=\"Colt lanza una soluci\u00f3n de telefon\u00eda basada en la nube para Microsoft Teams\" \/><meta itemprop=\"datePublished\" content=\"2021-01-11\" \/><meta itemprop=\"dateModified\" content=\"2021-01-13\" \/><meta itemprop=\"name\" content=\"Colt Technology Services\"\/><meta itemprop=\"url\" content=\"https:\/\/legacy.colt.net\/wp-content\/uploads\/2018\/10\/Colt-logo-dark.png\"\/><meta itemprop=\"url\" content=\"https:\/\/legacy.colt.net\/es\/resources\/author\/colt\/\" \/><meta itemprop=\"name\" content=\"Colt Technology Services\" \/><meta itemprop=\"url\" content=\"https:\/\/legacy.colt.net\/wp-content\/uploads\/2019\/03\/Call_Centre_iStock-134942482.jpg\" \/><meta itemprop=\"width\" content=\"2048\" \/><meta itemprop=\"height\" content=\"1365\" \/><meta itemprop=\"interactionType\" content=\"https:\/\/schema.org\/CommentAction\" \/><meta itemprop=\"userInteractionCount\" content=\"0\" \/>\n    <h5><a href=\"https:\/\/legacy.colt.net\/es\/resources\/type\/news-es\/\" rel=\"tag\">Colt Technology News<\/a><\/h5>\n<a href=\"https:\/\/legacy.colt.net\/es\/resources\/colt-lanza-una-solucion-de-telefonia-basada-en-la-nube-para-microsoft-teams\/\" title='Colt lanza una soluci\u00f3n de telefon\u00eda basada en la nube para Microsoft Teams'><img decoding=\"async\" width=\"300\" height=\"182\" src=\"https:\/\/legacy.colt.net\/wp-content\/uploads\/2019\/03\/Call_Centre_iStock-134942482-300x182.jpg\" alt=\"\" loading=\"lazy\" itemprop=\"image\" \/><\/a>\n<h3><a href=\"https:\/\/legacy.colt.net\/es\/resources\/colt-lanza-una-solucion-de-telefonia-basada-en-la-nube-para-microsoft-teams\/\" title='Colt lanza una soluci\u00f3n de telefon\u00eda basada en la nube para Microsoft Teams'>Colt lanza una soluci\u00f3n de telefon\u00eda basada en la nube para Microsoft Teams<\/a><\/h3>\n<p>La soluci\u00f3n Direct Routing de Colt ayuda a las empresas a habilitar r\u00e1pidamente las llamadas PSTN en Teams para transformar su comunicaci\u00f3n Madrid, 12 de&#8230;<\/p>\n\n<a href=\"https:\/\/legacy.colt.net\/es\/resources\/colt-lanza-una-solucion-de-telefonia-basada-en-la-nube-para-microsoft-teams\/\" title='Read More \u00bb'>Read More \u00bb<\/a>\n\n\t<meta itemscope itemprop=\"mainEntityOfPage\" itemtype=\"https:\/\/schema.org\/WebPage\" itemid=\"https:\/\/legacy.colt.net\/es\/resources\/colt-completa-las-pruebas-de-400g-de-proxima-generacion-en-un-test-de-red-en-vivo\/\" content=\"Colt completa las pruebas de 400G de pr\u00f3xima generaci\u00f3n en un test de red en vivo\" \/><meta itemprop=\"datePublished\" content=\"2021-01-05\" \/><meta itemprop=\"dateModified\" content=\"2021-01-05\" \/><meta itemprop=\"name\" content=\"Colt Technology Services\"\/><meta itemprop=\"url\" content=\"https:\/\/legacy.colt.net\/wp-content\/uploads\/2018\/10\/Colt-logo-dark.png\"\/><meta itemprop=\"url\" content=\"https:\/\/legacy.colt.net\/es\/resources\/author\/lourdesserrano\/\" \/><meta itemprop=\"name\" content=\"Lourdes Serrano\" \/><meta itemprop=\"url\" content=\"https:\/\/legacy.colt.net\/wp-content\/uploads\/2019\/03\/Fibre.gif\" \/><meta itemprop=\"width\" content=\"640\" \/><meta itemprop=\"height\" content=\"332\" \/><meta itemprop=\"interactionType\" content=\"https:\/\/schema.org\/CommentAction\" \/><meta itemprop=\"userInteractionCount\" content=\"0\" \/>\n    <h5><a href=\"https:\/\/legacy.colt.net\/es\/resources\/type\/blog-es\/\" rel=\"tag\">Blogs<\/a><\/h5>\n<a href=\"https:\/\/legacy.colt.net\/es\/resources\/colt-completa-las-pruebas-de-400g-de-proxima-generacion-en-un-test-de-red-en-vivo\/\" title='Colt completa las pruebas de 400G de pr\u00f3xima generaci\u00f3n en un test de red en vivo'><img decoding=\"async\" width=\"300\" height=\"182\" src=\"https:\/\/legacy.colt.net\/wp-content\/uploads\/2019\/03\/Fibre-300x182.gif\" alt=\"\" loading=\"lazy\" itemprop=\"image\" \/><\/a>\n<h3><a href=\"https:\/\/legacy.colt.net\/es\/resources\/colt-completa-las-pruebas-de-400g-de-proxima-generacion-en-un-test-de-red-en-vivo\/\" title='Colt completa las pruebas de 400G de pr\u00f3xima generaci\u00f3n en un test de red en vivo'>Colt completa las pruebas de 400G de pr\u00f3xima generaci\u00f3n en un test de red en vivo<\/a><\/h3>\n<p>Desde el lanzamiento de su IQ Network en 2016, Colt ha continuado impulsando la innovaci\u00f3n en redes \u00f3pticas de pr\u00f3xima generaci\u00f3n a trav\u00e9s de un&#8230;<\/p>\n\n<a href=\"https:\/\/legacy.colt.net\/es\/resources\/colt-completa-las-pruebas-de-400g-de-proxima-generacion-en-un-test-de-red-en-vivo\/\" title='Read More \u00bb'>Read More \u00bb<\/a>\n\n\t<meta itemscope itemprop=\"mainEntityOfPage\" itemtype=\"https:\/\/schema.org\/WebPage\" itemid=\"https:\/\/legacy.colt.net\/es\/resources\/cosco-shipping-lines-belgium\/\" content=\"Cosco Shipping Lines (B\u00e9lgica)\" \/><meta itemprop=\"datePublished\" content=\"2020-12-30\" \/><meta itemprop=\"dateModified\" content=\"2021-04-23\" \/><meta itemprop=\"name\" content=\"Colt Technology Services\"\/><meta itemprop=\"url\" content=\"https:\/\/legacy.colt.net\/wp-content\/uploads\/2018\/10\/Colt-logo-dark.png\"\/><meta itemprop=\"url\" content=\"https:\/\/legacy.colt.net\/es\/resources\/author\/mikaelarego\/\" \/><meta itemprop=\"name\" content=\"mikaelarego\" \/><meta itemprop=\"url\" content=\"https:\/\/legacy.colt.net\/wp-content\/uploads\/2020\/12\/Cosco-Shipping-Lines_740x440.png\" \/><meta itemprop=\"width\" content=\"750\" \/><meta itemprop=\"height\" content=\"440\" \/><meta itemprop=\"interactionType\" content=\"https:\/\/schema.org\/CommentAction\" \/><meta itemprop=\"userInteractionCount\" content=\"0\" \/>\n    <h5><a href=\"https:\/\/legacy.colt.net\/es\/resources\/type\/case-studies-es\/\" rel=\"tag\">Clientes<\/a><\/h5>\n<a href=\"https:\/\/legacy.colt.net\/es\/resources\/cosco-shipping-lines-belgium\/\" title='Cosco Shipping Lines (B\u00e9lgica)'><img decoding=\"async\" width=\"720\" height=\"450\" src=\"https:\/\/legacy.colt.net\/wp-content\/uploads\/2020\/12\/Cosco-Shipping-Lines_740x440-720x450.png\" alt=\"\" loading=\"lazy\" itemprop=\"image\" \/><\/a>\n<h3><a href=\"https:\/\/legacy.colt.net\/es\/resources\/cosco-shipping-lines-belgium\/\" title='Cosco Shipping Lines (B\u00e9lgica)'>Cosco Shipping Lines (B\u00e9lgica)<\/a><\/h3>\n<p>Cosco quer\u00eda facilitar que los empleados se mantuvieran en contacto entre ellos y con los clientes mientras trabajaban desde casa.<\/p>\n\n<a href=\"https:\/\/legacy.colt.net\/es\/resources\/cosco-shipping-lines-belgium\/\" title='Read More \u00bb'>Read More \u00bb<\/a>\n\n\t<meta itemscope itemprop=\"mainEntityOfPage\" itemtype=\"https:\/\/schema.org\/WebPage\" itemid=\"https:\/\/legacy.colt.net\/es\/resources\/real_decretro_902\/\" content=\"Real Decreto sobre la modificaci\u00f3n de los 902 para servicios de atenci\u00f3n al cliente\" \/><meta itemprop=\"datePublished\" content=\"2020-12-28\" \/><meta itemprop=\"dateModified\" content=\"2020-12-30\" \/><meta itemprop=\"name\" content=\"Colt Technology Services\"\/><meta itemprop=\"url\" content=\"https:\/\/legacy.colt.net\/wp-content\/uploads\/2018\/10\/Colt-logo-dark.png\"\/><meta itemprop=\"url\" content=\"https:\/\/legacy.colt.net\/es\/resources\/author\/lourdesserrano\/\" \/><meta itemprop=\"name\" content=\"Lourdes Serrano\" \/><meta itemprop=\"url\" content=\"https:\/\/legacy.colt.net\/wp-content\/uploads\/2021\/01\/Brand-2021-Stock-31.jpg\" \/><meta itemprop=\"width\" content=\"1000\" \/><meta itemprop=\"height\" content=\"667\" \/><meta itemprop=\"interactionType\" content=\"https:\/\/schema.org\/CommentAction\" \/><meta itemprop=\"userInteractionCount\" content=\"0\" \/>\n    <h5><a href=\"https:\/\/legacy.colt.net\/es\/resources\/type\/blog-es\/\" rel=\"tag\">Blogs<\/a><\/h5>\n<a href=\"https:\/\/legacy.colt.net\/es\/resources\/real_decretro_902\/\" title='Real Decreto sobre la modificaci\u00f3n de los 902 para servicios de atenci\u00f3n al cliente'><img decoding=\"async\" width=\"720\" height=\"450\" src=\"https:\/\/legacy.colt.net\/wp-content\/uploads\/2021\/01\/Brand-2021-Stock-31-720x450.jpg\" alt=\"\" loading=\"lazy\" itemprop=\"image\" \/><\/a>\n<h3><a href=\"https:\/\/legacy.colt.net\/es\/resources\/real_decretro_902\/\" title='Real Decreto sobre la modificaci\u00f3n de los 902 para servicios de atenci\u00f3n al cliente'>Real Decreto sobre la modificaci\u00f3n de los 902 para servicios de atenci\u00f3n al cliente<\/a><\/h3>\n<p>El pasado martes d\u00eda 22 de Diciembre de 2020, el Gobierno aprob\u00f3 un Real Decreto de medidas urgentes para hacer frente a las situaciones de&#8230;<\/p>\n\n<a href=\"https:\/\/legacy.colt.net\/es\/resources\/real_decretro_902\/\" title='Read More \u00bb'>Read More \u00bb<\/a>\n\n\t<meta itemscope itemprop=\"mainEntityOfPage\" itemtype=\"https:\/\/schema.org\/WebPage\" itemid=\"https:\/\/legacy.colt.net\/es\/resources\/bnzsa-casoexito\/\" content=\"BNZSA la agencia de marketing directo conf\u00eda en los servicios de voz de Colt\" \/><meta itemprop=\"datePublished\" content=\"2020-12-16\" \/><meta itemprop=\"dateModified\" content=\"2021-04-12\" \/><meta itemprop=\"name\" content=\"Colt Technology Services\"\/><meta itemprop=\"url\" content=\"https:\/\/legacy.colt.net\/wp-content\/uploads\/2018\/10\/Colt-logo-dark.png\"\/><meta itemprop=\"url\" content=\"https:\/\/legacy.colt.net\/es\/resources\/author\/colt\/\" \/><meta itemprop=\"name\" content=\"Colt Technology Services\" \/><meta itemprop=\"url\" content=\"https:\/\/legacy.colt.net\/wp-content\/uploads\/2020\/12\/BNZA_400x400_V2.png\" \/><meta itemprop=\"width\" content=\"437\" \/><meta itemprop=\"height\" content=\"395\" \/><meta itemprop=\"interactionType\" content=\"https:\/\/schema.org\/CommentAction\" \/><meta itemprop=\"userInteractionCount\" content=\"0\" \/>\n    <h5><a href=\"https:\/\/legacy.colt.net\/es\/resources\/type\/case-studies-es\/\" rel=\"tag\">Clientes<\/a><\/h5>\n<a href=\"https:\/\/legacy.colt.net\/es\/resources\/bnzsa-casoexito\/\" title='BNZSA la agencia de marketing directo conf\u00eda en los servicios de voz de Colt'><img decoding=\"async\" width=\"720\" height=\"450\" src=\"https:\/\/legacy.colt.net\/wp-content\/uploads\/2020\/12\/BNZA_400x400_V2-720x450.png\" alt=\"\" loading=\"lazy\" itemprop=\"image\" \/><\/a>\n<h3><a href=\"https:\/\/legacy.colt.net\/es\/resources\/bnzsa-casoexito\/\" title='BNZSA la agencia de marketing directo conf\u00eda en los servicios de voz de Colt'>BNZSA la agencia de marketing directo conf\u00eda en los servicios de voz de Colt<\/a><\/h3>\n<p>La agencia de marketing directo BNZSA tiene su sede principal en Espa\u00f1a, pero sus miras son internacionales. Una parte importante de su negocio es el&#8230;<\/p>\n\n<a href=\"https:\/\/legacy.colt.net\/es\/resources\/bnzsa-casoexito\/\" title='Read More \u00bb'>Read More \u00bb<\/a>\n\n\t<meta itemscope itemprop=\"mainEntityOfPage\" itemtype=\"https:\/\/schema.org\/WebPage\" itemid=\"https:\/\/legacy.colt.net\/es\/resources\/ciberseguridad-en-el-nuevo-puesto-de-trabajo-digital\/\" content=\"Ciberseguridad en el nuevo puesto de trabajo digital\" \/><meta itemprop=\"datePublished\" content=\"2020-12-14\" \/><meta itemprop=\"dateModified\" content=\"2020-12-14\" \/><meta itemprop=\"name\" content=\"Colt Technology Services\"\/><meta itemprop=\"url\" content=\"https:\/\/legacy.colt.net\/wp-content\/uploads\/2018\/10\/Colt-logo-dark.png\"\/><meta itemprop=\"url\" content=\"https:\/\/legacy.colt.net\/es\/resources\/author\/albertonguema\/\" \/><meta itemprop=\"name\" content=\"Alberto Nguema\" \/><meta itemprop=\"url\" content=\"https:\/\/legacy.colt.net\/wp-content\/uploads\/2021\/01\/Brand-2021-Stock-21.jpg\" \/><meta itemprop=\"width\" content=\"1000\" \/><meta itemprop=\"height\" content=\"661\" \/><meta itemprop=\"interactionType\" content=\"https:\/\/schema.org\/CommentAction\" \/><meta itemprop=\"userInteractionCount\" content=\"0\" \/>\n    <h5><a href=\"https:\/\/legacy.colt.net\/es\/resources\/type\/blog-es\/\" rel=\"tag\">Blogs<\/a><\/h5>\n<a href=\"https:\/\/legacy.colt.net\/es\/resources\/ciberseguridad-en-el-nuevo-puesto-de-trabajo-digital\/\" title='Ciberseguridad en el nuevo puesto de trabajo digital'><img decoding=\"async\" width=\"720\" height=\"450\" src=\"https:\/\/legacy.colt.net\/wp-content\/uploads\/2021\/01\/Brand-2021-Stock-21-720x450.jpg\" alt=\"\" loading=\"lazy\" itemprop=\"image\" \/><\/a>\n<h3><a href=\"https:\/\/legacy.colt.net\/es\/resources\/ciberseguridad-en-el-nuevo-puesto-de-trabajo-digital\/\" title='Ciberseguridad en el nuevo puesto de trabajo digital'>Ciberseguridad en el nuevo puesto de trabajo digital<\/a><\/h3>\n<p>Debido a la crisis producida por el COVID-19, muchas organizaciones se han visto obligadas a pasarse al trabajo remoto a marchas forzadas. Por ello, es&#8230;<\/p>\n\n<a href=\"https:\/\/legacy.colt.net\/es\/resources\/ciberseguridad-en-el-nuevo-puesto-de-trabajo-digital\/\" title='Read More \u00bb'>Read More \u00bb<\/a>\n\n\t<meta itemscope itemprop=\"mainEntityOfPage\" itemtype=\"https:\/\/schema.org\/WebPage\" itemid=\"https:\/\/legacy.colt.net\/es\/resources\/colt-amplia-la-colaboracion-con-equinix-permitiendo-la-conectividad-bajo-demanda-para-equinix-fabric\/\" content=\"Colt ampl\u00eda la colaboraci\u00f3n con Equinix, permitiendo la conectividad bajo demanda para Equinix Fabric \u2122\" \/><meta itemprop=\"datePublished\" content=\"2020-12-10\" \/><meta itemprop=\"dateModified\" content=\"2020-12-10\" \/><meta itemprop=\"name\" content=\"Colt Technology Services\"\/><meta itemprop=\"url\" content=\"https:\/\/legacy.colt.net\/wp-content\/uploads\/2018\/10\/Colt-logo-dark.png\"\/><meta itemprop=\"url\" content=\"https:\/\/legacy.colt.net\/es\/resources\/author\/colt\/\" \/><meta itemprop=\"name\" content=\"Colt Technology Services\" \/><meta itemprop=\"url\" content=\"https:\/\/legacy.colt.net\/wp-content\/uploads\/2020\/12\/iStock-1224971139.jpg\" \/><meta itemprop=\"width\" content=\"1254\" \/><meta itemprop=\"height\" content=\"837\" \/><meta itemprop=\"interactionType\" content=\"https:\/\/schema.org\/CommentAction\" \/><meta itemprop=\"userInteractionCount\" content=\"0\" \/>\n    <h5><a href=\"https:\/\/legacy.colt.net\/es\/resources\/type\/news-es\/\" rel=\"tag\">Colt Technology News<\/a><\/h5>\n<a href=\"https:\/\/legacy.colt.net\/es\/resources\/colt-amplia-la-colaboracion-con-equinix-permitiendo-la-conectividad-bajo-demanda-para-equinix-fabric\/\" title='Colt ampl\u00eda la colaboraci\u00f3n con Equinix, permitiendo la conectividad bajo demanda para Equinix Fabric \u2122'><img decoding=\"async\" width=\"720\" height=\"450\" src=\"https:\/\/legacy.colt.net\/wp-content\/uploads\/2020\/12\/iStock-1224971139-720x450.jpg\" alt=\"\" loading=\"lazy\" itemprop=\"image\" \/><\/a>\n<h3><a href=\"https:\/\/legacy.colt.net\/es\/resources\/colt-amplia-la-colaboracion-con-equinix-permitiendo-la-conectividad-bajo-demanda-para-equinix-fabric\/\" title='Colt ampl\u00eda la colaboraci\u00f3n con Equinix, permitiendo la conectividad bajo demanda para Equinix Fabric \u2122'>Colt ampl\u00eda la colaboraci\u00f3n con Equinix, permitiendo la conectividad bajo demanda para Equinix Fabric \u2122<\/a><\/h3>\n<p>La colaboraci\u00f3n combinar\u00e1 la red y la capacidad bajo demanda de Colt con la oferta de Equinix Fabric Las empresas se beneficiar\u00e1n de una experiencia&#8230;<\/p>\n\n<a href=\"https:\/\/legacy.colt.net\/es\/resources\/colt-amplia-la-colaboracion-con-equinix-permitiendo-la-conectividad-bajo-demanda-para-equinix-fabric\/\" title='Read More \u00bb'>Read More \u00bb<\/a>\n\n\t<meta itemscope itemprop=\"mainEntityOfPage\" itemtype=\"https:\/\/schema.org\/WebPage\" itemid=\"https:\/\/legacy.colt.net\/es\/resources\/colt-presenta-su-nueva-estrategia-a-tres-anos-e-invertira-mas-en-tecnologia-y-desarrollo\/\" content=\"Colt presenta su nueva estrategia a tres a\u00f1os e invertir\u00e1 m\u00e1s en tecnolog\u00eda y desarrollo\" \/><meta itemprop=\"datePublished\" content=\"2020-12-09\" \/><meta itemprop=\"dateModified\" content=\"2020-12-09\" \/><meta itemprop=\"name\" content=\"Colt Technology Services\"\/><meta itemprop=\"url\" content=\"https:\/\/legacy.colt.net\/wp-content\/uploads\/2018\/10\/Colt-logo-dark.png\"\/><meta itemprop=\"url\" content=\"https:\/\/legacy.colt.net\/es\/resources\/author\/colt\/\" \/><meta itemprop=\"name\" content=\"Colt Technology Services\" \/><meta itemprop=\"url\" content=\"https:\/\/legacy.colt.net\/wp-content\/uploads\/2020\/06\/Keri-Gilder-1-scaled.jpg\" \/><meta itemprop=\"width\" content=\"2560\" \/><meta itemprop=\"height\" content=\"2560\" \/><meta itemprop=\"interactionType\" content=\"https:\/\/schema.org\/CommentAction\" \/><meta itemprop=\"userInteractionCount\" content=\"0\" \/>\n    <h5><a href=\"https:\/\/legacy.colt.net\/es\/resources\/type\/news-es\/\" rel=\"tag\">Colt Technology News<\/a><\/h5>\n<a href=\"https:\/\/legacy.colt.net\/es\/resources\/colt-presenta-su-nueva-estrategia-a-tres-anos-e-invertira-mas-en-tecnologia-y-desarrollo\/\" title='Colt presenta su nueva estrategia a tres a\u00f1os e invertir\u00e1 m\u00e1s en tecnolog\u00eda y desarrollo'><img decoding=\"async\" width=\"720\" height=\"450\" src=\"https:\/\/legacy.colt.net\/wp-content\/uploads\/2020\/06\/Keri-Gilder-1-720x450.jpg\" alt=\"\" loading=\"lazy\" itemprop=\"image\" \/><\/a>\n<h3><a href=\"https:\/\/legacy.colt.net\/es\/resources\/colt-presenta-su-nueva-estrategia-a-tres-anos-e-invertira-mas-en-tecnologia-y-desarrollo\/\" title='Colt presenta su nueva estrategia a tres a\u00f1os e invertir\u00e1 m\u00e1s en tecnolog\u00eda y desarrollo'>Colt presenta su nueva estrategia a tres a\u00f1os e invertir\u00e1 m\u00e1s en tecnolog\u00eda y desarrollo<\/a><\/h3>\n<p>Colt ha presentado su estrategia para los pr\u00f3ximos a\u00f1os, basada en su s\u00f3lida infraestructura de red, sus fortalezas digitales y el fomento de una cultura&#8230;<\/p>\n\n<a href=\"https:\/\/legacy.colt.net\/es\/resources\/colt-presenta-su-nueva-estrategia-a-tres-anos-e-invertira-mas-en-tecnologia-y-desarrollo\/\" title='Read More \u00bb'>Read More \u00bb<\/a>\n\n\t<meta itemscope itemprop=\"mainEntityOfPage\" itemtype=\"https:\/\/schema.org\/WebPage\" itemid=\"https:\/\/legacy.colt.net\/es\/resources\/por-que-un-suministro-rapido-y-fiable-es-crucial-en-la-era-del-fintech\/\" content=\"\u00bfPor qu\u00e9 un suministro r\u00e1pido y fiable es crucial en la era del Fintech?\" \/><meta itemprop=\"datePublished\" content=\"2020-12-09\" \/><meta itemprop=\"dateModified\" content=\"2020-12-09\" \/><meta itemprop=\"name\" content=\"Colt Technology Services\"\/><meta itemprop=\"url\" content=\"https:\/\/legacy.colt.net\/wp-content\/uploads\/2018\/10\/Colt-logo-dark.png\"\/><meta itemprop=\"url\" content=\"https:\/\/legacy.colt.net\/es\/resources\/author\/lourdesserrano\/\" \/><meta itemprop=\"name\" content=\"Lourdes Serrano\" \/><meta itemprop=\"url\" content=\"https:\/\/legacy.colt.net\/wp-content\/uploads\/2021\/01\/Brand-2021-Stock-41.jpg\" \/><meta itemprop=\"width\" content=\"1000\" \/><meta itemprop=\"height\" content=\"667\" \/><meta itemprop=\"interactionType\" content=\"https:\/\/schema.org\/CommentAction\" \/><meta itemprop=\"userInteractionCount\" content=\"0\" \/>\n    <h5><a href=\"https:\/\/legacy.colt.net\/es\/resources\/type\/blog-es\/\" rel=\"tag\">Blogs<\/a><\/h5>\n<a href=\"https:\/\/legacy.colt.net\/es\/resources\/por-que-un-suministro-rapido-y-fiable-es-crucial-en-la-era-del-fintech\/\" title='\u00bfPor qu\u00e9 un suministro r\u00e1pido y fiable es crucial en la era del Fintech?'><img decoding=\"async\" width=\"720\" height=\"450\" src=\"https:\/\/legacy.colt.net\/wp-content\/uploads\/2021\/01\/Brand-2021-Stock-41-720x450.jpg\" alt=\"\" loading=\"lazy\" itemprop=\"image\" \/><\/a>\n<h3><a href=\"https:\/\/legacy.colt.net\/es\/resources\/por-que-un-suministro-rapido-y-fiable-es-crucial-en-la-era-del-fintech\/\" title='\u00bfPor qu\u00e9 un suministro r\u00e1pido y fiable es crucial en la era del Fintech?'>\u00bfPor qu\u00e9 un suministro r\u00e1pido y fiable es crucial en la era del Fintech?<\/a><\/h3>\n<p>La pandemia por Covid-19 ha impulsado un auge en el mercado de comercio minorista, evidenciado por el crecimiento de sus cifras. Apoyados en la extraordinaria&#8230;<\/p>\n\n<a href=\"https:\/\/legacy.colt.net\/es\/resources\/por-que-un-suministro-rapido-y-fiable-es-crucial-en-la-era-del-fintech\/\" title='Read More \u00bb'>Read More \u00bb<\/a>\n\n\t<meta itemscope itemprop=\"mainEntityOfPage\" itemtype=\"https:\/\/schema.org\/WebPage\" itemid=\"https:\/\/legacy.colt.net\/es\/resources\/colt-lanza-sd-wan-2-0-para-crear-una-experiencia-sd-wan-superior\/\" content=\"Colt lanza SD WAN 2.0 para crear una experiencia SD WAN superior\" \/><meta itemprop=\"datePublished\" content=\"2020-12-01\" \/><meta itemprop=\"dateModified\" content=\"2020-12-01\" \/><meta itemprop=\"name\" content=\"Colt Technology Services\"\/><meta itemprop=\"url\" content=\"https:\/\/legacy.colt.net\/wp-content\/uploads\/2018\/10\/Colt-logo-dark.png\"\/><meta itemprop=\"url\" content=\"https:\/\/legacy.colt.net\/es\/resources\/author\/colt\/\" \/><meta itemprop=\"name\" content=\"Colt Technology Services\" \/><meta itemprop=\"url\" content=\"https:\/\/legacy.colt.net\/wp-content\/uploads\/2020\/11\/SD-WAN-v2-720x440-1.png\" \/><meta itemprop=\"width\" content=\"720\" \/><meta itemprop=\"height\" content=\"440\" \/><meta itemprop=\"interactionType\" content=\"https:\/\/schema.org\/CommentAction\" \/><meta itemprop=\"userInteractionCount\" content=\"0\" \/>\n    <h5><a href=\"https:\/\/legacy.colt.net\/es\/resources\/type\/news-es\/\" rel=\"tag\">Colt Technology News<\/a><\/h5>\n<a href=\"https:\/\/legacy.colt.net\/es\/resources\/colt-lanza-sd-wan-2-0-para-crear-una-experiencia-sd-wan-superior\/\" title='Colt lanza SD WAN 2.0 para crear una experiencia SD WAN superior'><img decoding=\"async\" width=\"720\" height=\"450\" src=\"https:\/\/legacy.colt.net\/wp-content\/uploads\/2020\/11\/SD-WAN-v2-720x440-1-720x450.png\" alt=\"\" loading=\"lazy\" itemprop=\"image\" \/><\/a>\n<h3><a href=\"https:\/\/legacy.colt.net\/es\/resources\/colt-lanza-sd-wan-2-0-para-crear-una-experiencia-sd-wan-superior\/\" title='Colt lanza SD WAN 2.0 para crear una experiencia SD WAN superior'>Colt lanza SD WAN 2.0 para crear una experiencia SD WAN superior<\/a><\/h3>\n<p>Colt invierte para mejorar la respuesta de las empresas ante los cambios y proporcionar una experiencia de usuario sin interrupciones Madrid, 1 de diciembre de&#8230;<\/p>\n\n<a href=\"https:\/\/legacy.colt.net\/es\/resources\/colt-lanza-sd-wan-2-0-para-crear-una-experiencia-sd-wan-superior\/\" title='Read More \u00bb'>Read More \u00bb<\/a>\n\n\t<meta itemscope itemprop=\"mainEntityOfPage\" itemtype=\"https:\/\/schema.org\/WebPage\" itemid=\"https:\/\/legacy.colt.net\/es\/resources\/how-were-continuing-to-champion-inclusion-and-diversity-at-colt\/\" content=\"C\u00f3mo Colt sigue defendiendo la inclusi\u00f3n y la diversidad\" \/><meta itemprop=\"datePublished\" content=\"2020-11-27\" \/><meta itemprop=\"dateModified\" content=\"2021-04-22\" \/><meta itemprop=\"name\" content=\"Colt Technology Services\"\/><meta itemprop=\"url\" content=\"https:\/\/legacy.colt.net\/wp-content\/uploads\/2018\/10\/Colt-logo-dark.png\"\/><meta itemprop=\"url\" content=\"https:\/\/legacy.colt.net\/es\/resources\/author\/louisagregory\/\" \/><meta itemprop=\"name\" content=\"Louisa Gregory\" \/><meta itemprop=\"url\" content=\"https:\/\/legacy.colt.net\/wp-content\/uploads\/2021\/01\/Brand-2021-Stock-44.jpg\" \/><meta itemprop=\"width\" content=\"1000\" \/><meta itemprop=\"height\" content=\"667\" \/><meta itemprop=\"interactionType\" content=\"https:\/\/schema.org\/CommentAction\" \/><meta itemprop=\"userInteractionCount\" content=\"0\" \/>\n    <h5><a href=\"https:\/\/legacy.colt.net\/es\/resources\/type\/blog-es\/\" rel=\"tag\">Blogs<\/a><\/h5>\n<a href=\"https:\/\/legacy.colt.net\/es\/resources\/how-were-continuing-to-champion-inclusion-and-diversity-at-colt\/\" title='C\u00f3mo Colt sigue defendiendo la inclusi\u00f3n y la diversidad'><img decoding=\"async\" width=\"720\" height=\"450\" src=\"https:\/\/legacy.colt.net\/wp-content\/uploads\/2021\/01\/Brand-2021-Stock-44-720x450.jpg\" alt=\"\" loading=\"lazy\" itemprop=\"image\" \/><\/a>\n<h3><a href=\"https:\/\/legacy.colt.net\/es\/resources\/how-were-continuing-to-champion-inclusion-and-diversity-at-colt\/\" title='C\u00f3mo Colt sigue defendiendo la inclusi\u00f3n y la diversidad'>C\u00f3mo Colt sigue defendiendo la inclusi\u00f3n y la diversidad<\/a><\/h3>\n<p>La pandemia por coronavirus ha transformado todos los aspectos de nuestras vidas. Vivimos tiempos de gran incertidumbre y niveles de estr\u00e9s sin precedentes. Eso est\u00e1&#8230;<\/p>\n\n<a href=\"https:\/\/legacy.colt.net\/es\/resources\/how-were-continuing-to-champion-inclusion-and-diversity-at-colt\/\" title='Read More \u00bb'>Read More \u00bb<\/a>\n\n\t<meta itemscope itemprop=\"mainEntityOfPage\" itemtype=\"https:\/\/schema.org\/WebPage\" itemid=\"https:\/\/legacy.colt.net\/es\/resources\/farfetch\/\" content=\"Farfetch\" \/><meta itemprop=\"datePublished\" content=\"2020-11-25\" \/><meta itemprop=\"dateModified\" content=\"2020-11-25\" \/><meta itemprop=\"name\" content=\"Colt Technology Services\"\/><meta itemprop=\"url\" content=\"https:\/\/legacy.colt.net\/wp-content\/uploads\/2018\/10\/Colt-logo-dark.png\"\/><meta itemprop=\"url\" content=\"https:\/\/legacy.colt.net\/es\/resources\/author\/colt\/\" \/><meta itemprop=\"name\" content=\"Colt Technology Services\" \/><meta itemprop=\"url\" content=\"https:\/\/legacy.colt.net\/wp-content\/uploads\/2020\/11\/Farfetch_Logo.jpg\" \/><meta itemprop=\"width\" content=\"400\" \/><meta itemprop=\"height\" content=\"400\" \/><meta itemprop=\"interactionType\" content=\"https:\/\/schema.org\/CommentAction\" \/><meta itemprop=\"userInteractionCount\" content=\"0\" \/>\n    <h5><a href=\"https:\/\/legacy.colt.net\/es\/resources\/type\/case-studies-es\/\" rel=\"tag\">Clientes<\/a><\/h5>\n<a href=\"https:\/\/legacy.colt.net\/es\/resources\/farfetch\/\" title='Farfetch'><img decoding=\"async\" width=\"720\" height=\"450\" src=\"https:\/\/legacy.colt.net\/wp-content\/uploads\/2020\/11\/Farfetch_Logo-720x450.jpg\" alt=\"\" loading=\"lazy\" itemprop=\"image\" \/><\/a>\n<h3><a href=\"https:\/\/legacy.colt.net\/es\/resources\/farfetch\/\" title='Farfetch'>Farfetch<\/a><\/h3>\n<p>Colt conecta entre s\u00ed las sedes, las nubes y los data centre de Farfetch a escala global \u00bfTu marca de lujo favorita no tiene tiendas&#8230;<\/p>\n\n<a href=\"https:\/\/legacy.colt.net\/es\/resources\/farfetch\/\" title='Read More \u00bb'>Read More \u00bb<\/a>\n\n\t<meta itemscope itemprop=\"mainEntityOfPage\" itemtype=\"https:\/\/schema.org\/WebPage\" itemid=\"https:\/\/legacy.colt.net\/es\/resources\/optimizer\/\" content=\"Optimizer\" \/><meta itemprop=\"datePublished\" content=\"2020-11-25\" \/><meta itemprop=\"dateModified\" content=\"2020-11-25\" \/><meta itemprop=\"name\" content=\"Colt Technology Services\"\/><meta itemprop=\"url\" content=\"https:\/\/legacy.colt.net\/wp-content\/uploads\/2018\/10\/Colt-logo-dark.png\"\/><meta itemprop=\"url\" content=\"https:\/\/legacy.colt.net\/es\/resources\/author\/colt\/\" \/><meta itemprop=\"name\" content=\"Colt Technology Services\" \/><meta itemprop=\"url\" content=\"https:\/\/legacy.colt.net\/wp-content\/uploads\/2020\/11\/Optimiser_Logo-1.jpg\" \/><meta itemprop=\"width\" content=\"400\" \/><meta itemprop=\"height\" content=\"400\" \/><meta itemprop=\"interactionType\" content=\"https:\/\/schema.org\/CommentAction\" \/><meta itemprop=\"userInteractionCount\" content=\"0\" \/>\n    <h5><a href=\"https:\/\/legacy.colt.net\/es\/resources\/type\/case-studies-es\/\" rel=\"tag\">Clientes<\/a><\/h5>\n<a href=\"https:\/\/legacy.colt.net\/es\/resources\/optimizer\/\" title='Optimizer'><img decoding=\"async\" width=\"720\" height=\"450\" src=\"https:\/\/legacy.colt.net\/wp-content\/uploads\/2020\/11\/Optimiser_Logo-1-720x450.jpg\" alt=\"\" loading=\"lazy\" itemprop=\"image\" \/><\/a>\n<h3><a href=\"https:\/\/legacy.colt.net\/es\/resources\/optimizer\/\" title='Optimizer'>Optimizer<\/a><\/h3>\n<p>Colt ayuda a Optimizer a ganar la licitaci\u00f3n p\u00fablica para servicios en la nube Optimizer es partner de Oracle, integrador de servicios inform\u00e1ticos portugu\u00e9s especializado&#8230;<\/p>\n\n<a href=\"https:\/\/legacy.colt.net\/es\/resources\/optimizer\/\" title='Read More \u00bb'>Read More \u00bb<\/a>\n\n\t<meta itemscope itemprop=\"mainEntityOfPage\" itemtype=\"https:\/\/schema.org\/WebPage\" itemid=\"https:\/\/legacy.colt.net\/es\/resources\/gestion-e-integracion-segura-con-entornos-multi-cloud\/\" content=\"Gesti\u00f3n e integraci\u00f3n segura con entornos multi-cloud\" \/><meta itemprop=\"datePublished\" content=\"2020-11-23\" \/><meta itemprop=\"dateModified\" content=\"2020-11-23\" \/><meta itemprop=\"name\" content=\"Colt Technology Services\"\/><meta itemprop=\"url\" content=\"https:\/\/legacy.colt.net\/wp-content\/uploads\/2018\/10\/Colt-logo-dark.png\"\/><meta itemprop=\"url\" content=\"https:\/\/legacy.colt.net\/es\/resources\/author\/jorgecarrasquilla\/\" \/><meta itemprop=\"name\" content=\"Jorge Carrasquilla\" \/><meta itemprop=\"url\" content=\"https:\/\/legacy.colt.net\/wp-content\/uploads\/2020\/04\/Cloud-Image-1.jpg\" \/><meta itemprop=\"width\" content=\"2560\" \/><meta itemprop=\"height\" content=\"1280\" \/><meta itemprop=\"interactionType\" content=\"https:\/\/schema.org\/CommentAction\" \/><meta itemprop=\"userInteractionCount\" content=\"0\" \/>\n    <h5><a href=\"https:\/\/legacy.colt.net\/es\/resources\/type\/blog-es\/\" rel=\"tag\">Blogs<\/a><\/h5>\n<a href=\"https:\/\/legacy.colt.net\/es\/resources\/gestion-e-integracion-segura-con-entornos-multi-cloud\/\" title='Gesti\u00f3n e integraci\u00f3n segura con entornos multi-cloud'><img decoding=\"async\" width=\"720\" height=\"450\" src=\"https:\/\/legacy.colt.net\/wp-content\/uploads\/2020\/04\/Cloud-Image-1-720x450.jpg\" alt=\"\" loading=\"lazy\" itemprop=\"image\" \/><\/a>\n<h3><a href=\"https:\/\/legacy.colt.net\/es\/resources\/gestion-e-integracion-segura-con-entornos-multi-cloud\/\" title='Gesti\u00f3n e integraci\u00f3n segura con entornos multi-cloud'>Gesti\u00f3n e integraci\u00f3n segura con entornos multi-cloud<\/a><\/h3>\n<p>Para las compa\u00f1\u00edas y organizaciones, migrar sus aplicaciones y cargas de trabajo a la nube con \u00e9xito es m\u00e1s importante que nunca. La adopci\u00f3n de&#8230;<\/p>\n\n<a href=\"https:\/\/legacy.colt.net\/es\/resources\/gestion-e-integracion-segura-con-entornos-multi-cloud\/\" title='Read More \u00bb'>Read More \u00bb<\/a>\n\n\t<meta itemscope itemprop=\"mainEntityOfPage\" itemtype=\"https:\/\/schema.org\/WebPage\" itemid=\"https:\/\/legacy.colt.net\/es\/resources\/el-banco-central-europeo-escoge-a-colt-y-sia-para-conectarse-a-la-infraestructura-de-mercado-del-eurosistema\/\" content=\"El Banco Central Europeo escoge a Colt y SIA para conectarse a la infraestructura de mercado del Eurosistema\" \/><meta itemprop=\"datePublished\" content=\"2020-11-23\" \/><meta itemprop=\"dateModified\" content=\"2020-11-23\" \/><meta itemprop=\"name\" content=\"Colt Technology Services\"\/><meta itemprop=\"url\" content=\"https:\/\/legacy.colt.net\/wp-content\/uploads\/2018\/10\/Colt-logo-dark.png\"\/><meta itemprop=\"url\" content=\"https:\/\/legacy.colt.net\/es\/resources\/author\/lourdesserrano\/\" \/><meta itemprop=\"name\" content=\"Lourdes Serrano\" \/><meta itemprop=\"url\" content=\"https:\/\/legacy.colt.net\/wp-content\/uploads\/2020\/11\/European_Central_Bank.jpg\" \/><meta itemprop=\"width\" content=\"1220\" \/><meta itemprop=\"height\" content=\"685\" \/><meta itemprop=\"interactionType\" content=\"https:\/\/schema.org\/CommentAction\" \/><meta itemprop=\"userInteractionCount\" content=\"0\" \/>\n    <h5><a href=\"https:\/\/legacy.colt.net\/es\/resources\/type\/news-es\/\" rel=\"tag\">Colt Technology News<\/a><\/h5>\n<a href=\"https:\/\/legacy.colt.net\/es\/resources\/el-banco-central-europeo-escoge-a-colt-y-sia-para-conectarse-a-la-infraestructura-de-mercado-del-eurosistema\/\" title='El Banco Central Europeo escoge a Colt y SIA para conectarse a la infraestructura de mercado del Eurosistema'><img decoding=\"async\" width=\"720\" height=\"450\" src=\"https:\/\/legacy.colt.net\/wp-content\/uploads\/2020\/11\/European_Central_Bank-720x450.jpg\" alt=\"\" loading=\"lazy\" itemprop=\"image\" \/><\/a>\n<h3><a href=\"https:\/\/legacy.colt.net\/es\/resources\/el-banco-central-europeo-escoge-a-colt-y-sia-para-conectarse-a-la-infraestructura-de-mercado-del-eurosistema\/\" title='El Banco Central Europeo escoge a Colt y SIA para conectarse a la infraestructura de mercado del Eurosistema'>El Banco Central Europeo escoge a Colt y SIA para conectarse a la infraestructura de mercado del Eurosistema<\/a><\/h3>\n<p>Las dos empresas proporcionar\u00e1n al BCE servicios de conectividad a las plataformas de liquidaci\u00f3n de pagos (TARGET2 y TIPS) y valores (TARGET2-Securities) y al ECMS&#8230;<\/p>\n\n<a href=\"https:\/\/legacy.colt.net\/es\/resources\/el-banco-central-europeo-escoge-a-colt-y-sia-para-conectarse-a-la-infraestructura-de-mercado-del-eurosistema\/\" title='Read More \u00bb'>Read More \u00bb<\/a>\n\n\t<meta itemscope itemprop=\"mainEntityOfPage\" itemtype=\"https:\/\/schema.org\/WebPage\" itemid=\"https:\/\/legacy.colt.net\/es\/resources\/3-casos-de-exito-de-como-ganar-en-la-nueva-normalidad\/\" content=\"3 casos de \u00e9xito de c\u00f3mo ganar en la nueva normalidad: una red a prueba de todo\" \/><meta itemprop=\"datePublished\" content=\"2020-11-16\" \/><meta itemprop=\"dateModified\" content=\"2020-11-17\" \/><meta itemprop=\"name\" content=\"Colt Technology Services\"\/><meta itemprop=\"url\" content=\"https:\/\/legacy.colt.net\/wp-content\/uploads\/2018\/10\/Colt-logo-dark.png\"\/><meta itemprop=\"url\" content=\"https:\/\/legacy.colt.net\/es\/resources\/author\/lucamacchiavello\/\" \/><meta itemprop=\"name\" content=\"Luca Macchiavello\" \/><meta itemprop=\"url\" content=\"https:\/\/legacy.colt.net\/wp-content\/uploads\/2021\/01\/Brand-2021-Stock-29.jpg\" \/><meta itemprop=\"width\" content=\"1000\" \/><meta itemprop=\"height\" content=\"667\" \/><meta itemprop=\"interactionType\" content=\"https:\/\/schema.org\/CommentAction\" \/><meta itemprop=\"userInteractionCount\" content=\"0\" \/>\n    <h5><a href=\"https:\/\/legacy.colt.net\/es\/resources\/type\/blog-es\/\" rel=\"tag\">Blogs<\/a><\/h5>\n<a href=\"https:\/\/legacy.colt.net\/es\/resources\/3-casos-de-exito-de-como-ganar-en-la-nueva-normalidad\/\" title='3 casos de \u00e9xito de c\u00f3mo ganar en la nueva normalidad: una red a prueba de todo'><img decoding=\"async\" width=\"720\" height=\"450\" src=\"https:\/\/legacy.colt.net\/wp-content\/uploads\/2021\/01\/Brand-2021-Stock-29-720x450.jpg\" alt=\"\" loading=\"lazy\" itemprop=\"image\" \/><\/a>\n<h3><a href=\"https:\/\/legacy.colt.net\/es\/resources\/3-casos-de-exito-de-como-ganar-en-la-nueva-normalidad\/\" title='3 casos de \u00e9xito de c\u00f3mo ganar en la nueva normalidad: una red a prueba de todo'>3 casos de \u00e9xito de c\u00f3mo ganar en la nueva normalidad: una red a prueba de todo<\/a><\/h3>\n<p>Hemos atravesado tiempos dif\u00edciles. Junto a la segunda ola de rebrotes por toda Europa, se espera una contracci\u00f3n del 2,3% para la econom\u00eda de la&#8230;<\/p>\n\n<a href=\"https:\/\/legacy.colt.net\/es\/resources\/3-casos-de-exito-de-como-ganar-en-la-nueva-normalidad\/\" title='Read More \u00bb'>Read More \u00bb<\/a>\n\n\t<meta itemscope itemprop=\"mainEntityOfPage\" itemtype=\"https:\/\/schema.org\/WebPage\" itemid=\"https:\/\/legacy.colt.net\/es\/resources\/cambio-de-imagen-de-colt-online\/\" content=\"Cambio de imagen de Colt Online\" \/><meta itemprop=\"datePublished\" content=\"2020-11-16\" \/><meta itemprop=\"dateModified\" content=\"2020-11-16\" \/><meta itemprop=\"name\" content=\"Colt Technology Services\"\/><meta itemprop=\"url\" content=\"https:\/\/legacy.colt.net\/wp-content\/uploads\/2018\/10\/Colt-logo-dark.png\"\/><meta itemprop=\"url\" content=\"https:\/\/legacy.colt.net\/es\/resources\/author\/colt\/\" \/><meta itemprop=\"name\" content=\"Colt Technology Services\" \/><meta itemprop=\"url\" content=\"https:\/\/legacy.colt.net\/wp-content\/uploads\/2021\/01\/Brand-2021-Stock-32.jpg\" \/><meta itemprop=\"width\" content=\"1000\" \/><meta itemprop=\"height\" content=\"667\" \/><meta itemprop=\"interactionType\" content=\"https:\/\/schema.org\/CommentAction\" \/><meta itemprop=\"userInteractionCount\" content=\"0\" \/>\n    <h5><a href=\"https:\/\/legacy.colt.net\/es\/resources\/type\/blog-es\/\" rel=\"tag\">Blogs<\/a><\/h5>\n<a href=\"https:\/\/legacy.colt.net\/es\/resources\/cambio-de-imagen-de-colt-online\/\" title='Cambio de imagen de Colt Online'><img decoding=\"async\" width=\"720\" height=\"450\" src=\"https:\/\/legacy.colt.net\/wp-content\/uploads\/2021\/01\/Brand-2021-Stock-32-720x450.jpg\" alt=\"\" loading=\"lazy\" itemprop=\"image\" \/><\/a>\n<h3><a href=\"https:\/\/legacy.colt.net\/es\/resources\/cambio-de-imagen-de-colt-online\/\" title='Cambio de imagen de Colt Online'>Cambio de imagen de Colt Online<\/a><\/h3>\n<p>Este a\u00f1o Colt ha cambiado de forma significativa la experiencia del usuario en el portal de clientes Colt Online. Colt se complace en anunciar la&#8230;<\/p>\n\n<a href=\"https:\/\/legacy.colt.net\/es\/resources\/cambio-de-imagen-de-colt-online\/\" title='Read More \u00bb'>Read More \u00bb<\/a>\n\n\t<meta itemscope itemprop=\"mainEntityOfPage\" itemtype=\"https:\/\/schema.org\/WebPage\" itemid=\"https:\/\/legacy.colt.net\/es\/resources\/colt-y-atos-anuncian-su-colaboracion-para-ofrecer-la-mejor-solucion-con-contact-center-as-a-service\/\" content=\"Colt y Atos anuncian su colaboraci\u00f3n para ofrecer la mejor soluci\u00f3n con Contact Center as a Service\" \/><meta itemprop=\"datePublished\" content=\"2020-11-11\" \/><meta itemprop=\"dateModified\" content=\"2020-11-11\" \/><meta itemprop=\"name\" content=\"Colt Technology Services\"\/><meta itemprop=\"url\" content=\"https:\/\/legacy.colt.net\/wp-content\/uploads\/2018\/10\/Colt-logo-dark.png\"\/><meta itemprop=\"url\" content=\"https:\/\/legacy.colt.net\/es\/resources\/author\/colt\/\" \/><meta itemprop=\"name\" content=\"Colt Technology Services\" \/><meta itemprop=\"url\" content=\"https:\/\/legacy.colt.net\/wp-content\/uploads\/2021\/01\/Brand-2021-Stock-8.jpg\" \/><meta itemprop=\"width\" content=\"1000\" \/><meta itemprop=\"height\" content=\"667\" \/><meta itemprop=\"interactionType\" content=\"https:\/\/schema.org\/CommentAction\" \/><meta itemprop=\"userInteractionCount\" content=\"0\" \/>\n    <h5><a href=\"https:\/\/legacy.colt.net\/es\/resources\/type\/news-es\/\" rel=\"tag\">Colt Technology News<\/a><\/h5>\n<a href=\"https:\/\/legacy.colt.net\/es\/resources\/colt-y-atos-anuncian-su-colaboracion-para-ofrecer-la-mejor-solucion-con-contact-center-as-a-service\/\" title='Colt y Atos anuncian su colaboraci\u00f3n para ofrecer la mejor soluci\u00f3n con Contact Center as a Service'><img decoding=\"async\" width=\"720\" height=\"450\" src=\"https:\/\/legacy.colt.net\/wp-content\/uploads\/2021\/01\/Brand-2021-Stock-8-720x450.jpg\" alt=\"\" loading=\"lazy\" itemprop=\"image\" \/><\/a>\n<h3><a href=\"https:\/\/legacy.colt.net\/es\/resources\/colt-y-atos-anuncian-su-colaboracion-para-ofrecer-la-mejor-solucion-con-contact-center-as-a-service\/\" title='Colt y Atos anuncian su colaboraci\u00f3n para ofrecer la mejor soluci\u00f3n con Contact Center as a Service'>Colt y Atos anuncian su colaboraci\u00f3n para ofrecer la mejor soluci\u00f3n con Contact Center as a Service<\/a><\/h3>\n<p>La soluci\u00f3n CCaaS de Colt con sus impresionantes propuestas de voz y nube integradas, junto al Cloud Contact Center de Atos, permitir\u00e1 a las empresas&#8230;<\/p>\n\n<a href=\"https:\/\/legacy.colt.net\/es\/resources\/colt-y-atos-anuncian-su-colaboracion-para-ofrecer-la-mejor-solucion-con-contact-center-as-a-service\/\" title='Read More \u00bb'>Read More \u00bb<\/a>\n\n\t<meta itemscope itemprop=\"mainEntityOfPage\" itemtype=\"https:\/\/schema.org\/WebPage\" itemid=\"https:\/\/legacy.colt.net\/es\/resources\/nuestro-futuro-mas-flexibles-mas-inteligentes-y-aun-mas-digitales\/\" content=\"Nuestro futuro: m\u00e1s flexibles, m\u00e1s inteligentes y a\u00fan m\u00e1s digitales.\" \/><meta itemprop=\"datePublished\" content=\"2020-11-11\" \/><meta itemprop=\"dateModified\" content=\"2020-11-16\" \/><meta itemprop=\"name\" content=\"Colt Technology Services\"\/><meta itemprop=\"url\" content=\"https:\/\/legacy.colt.net\/wp-content\/uploads\/2018\/10\/Colt-logo-dark.png\"\/><meta itemprop=\"url\" content=\"https:\/\/legacy.colt.net\/es\/resources\/author\/lucamacchiavello\/\" \/><meta itemprop=\"name\" content=\"Luca Macchiavello\" \/><meta itemprop=\"url\" content=\"https:\/\/legacy.colt.net\/wp-content\/uploads\/2021\/01\/Brand-2021-Stock-28.jpg\" \/><meta itemprop=\"width\" content=\"1000\" \/><meta itemprop=\"height\" content=\"667\" \/><meta itemprop=\"interactionType\" content=\"https:\/\/schema.org\/CommentAction\" \/><meta itemprop=\"userInteractionCount\" content=\"0\" \/>\n    <h5><a href=\"https:\/\/legacy.colt.net\/es\/resources\/type\/blog-es\/\" rel=\"tag\">Blogs<\/a><\/h5>\n<a href=\"https:\/\/legacy.colt.net\/es\/resources\/nuestro-futuro-mas-flexibles-mas-inteligentes-y-aun-mas-digitales\/\" title='Nuestro futuro: m\u00e1s flexibles, m\u00e1s inteligentes y a\u00fan m\u00e1s digitales.'><img decoding=\"async\" width=\"720\" height=\"450\" src=\"https:\/\/legacy.colt.net\/wp-content\/uploads\/2021\/01\/Brand-2021-Stock-28-720x450.jpg\" alt=\"\" loading=\"lazy\" itemprop=\"image\" \/><\/a>\n<h3><a href=\"https:\/\/legacy.colt.net\/es\/resources\/nuestro-futuro-mas-flexibles-mas-inteligentes-y-aun-mas-digitales\/\" title='Nuestro futuro: m\u00e1s flexibles, m\u00e1s inteligentes y a\u00fan m\u00e1s digitales.'>Nuestro futuro: m\u00e1s flexibles, m\u00e1s inteligentes y a\u00fan m\u00e1s digitales.<\/a><\/h3>\n<p>En Colt sabemos que el futuro es digital. El software inteligente traer\u00e1 aplicaciones innovadoras, creando a los nuevos l\u00edderes del ma\u00f1ana. Pero estas aplicaciones solo&#8230;<\/p>\n\n<a href=\"https:\/\/legacy.colt.net\/es\/resources\/nuestro-futuro-mas-flexibles-mas-inteligentes-y-aun-mas-digitales\/\" title='Read More \u00bb'>Read More \u00bb<\/a>\n\n\t<meta itemscope itemprop=\"mainEntityOfPage\" itemtype=\"https:\/\/schema.org\/WebPage\" itemid=\"https:\/\/legacy.colt.net\/es\/resources\/ciberseguridad-en-entornos-industriales\/\" content=\"Ciberseguridad en entornos industriales\" \/><meta itemprop=\"datePublished\" content=\"2020-11-10\" \/><meta itemprop=\"dateModified\" content=\"2020-11-10\" \/><meta itemprop=\"name\" content=\"Colt Technology Services\"\/><meta itemprop=\"url\" content=\"https:\/\/legacy.colt.net\/wp-content\/uploads\/2018\/10\/Colt-logo-dark.png\"\/><meta itemprop=\"url\" content=\"https:\/\/legacy.colt.net\/es\/resources\/author\/albertonguema\/\" \/><meta itemprop=\"name\" content=\"Alberto Nguema\" \/><meta itemprop=\"url\" content=\"https:\/\/legacy.colt.net\/wp-content\/uploads\/2021\/01\/Brand-2021-Stock-20.jpg\" \/><meta itemprop=\"width\" content=\"1000\" \/><meta itemprop=\"height\" content=\"652\" \/><meta itemprop=\"interactionType\" content=\"https:\/\/schema.org\/CommentAction\" \/><meta itemprop=\"userInteractionCount\" content=\"0\" \/>\n    <h5><a href=\"https:\/\/legacy.colt.net\/es\/resources\/type\/blog-es\/\" rel=\"tag\">Blogs<\/a><\/h5>\n<a href=\"https:\/\/legacy.colt.net\/es\/resources\/ciberseguridad-en-entornos-industriales\/\" title='Ciberseguridad en entornos industriales'><img decoding=\"async\" width=\"720\" height=\"450\" src=\"https:\/\/legacy.colt.net\/wp-content\/uploads\/2021\/01\/Brand-2021-Stock-20-720x450.jpg\" alt=\"\" loading=\"lazy\" itemprop=\"image\" \/><\/a>\n<h3><a href=\"https:\/\/legacy.colt.net\/es\/resources\/ciberseguridad-en-entornos-industriales\/\" title='Ciberseguridad en entornos industriales'>Ciberseguridad en entornos industriales<\/a><\/h3>\n<p>La transformaci\u00f3n digital de las empresas es una realidad. Todo est\u00e1 interconectado y la nube es la mejor aliada de las grandes empresas. Pero no&#8230;<\/p>\n\n<a href=\"https:\/\/legacy.colt.net\/es\/resources\/ciberseguridad-en-entornos-industriales\/\" title='Read More \u00bb'>Read More \u00bb<\/a>\n\n\t<meta itemscope itemprop=\"mainEntityOfPage\" itemtype=\"https:\/\/schema.org\/WebPage\" itemid=\"https:\/\/legacy.colt.net\/es\/resources\/cuanta-data-ha-necesitado-el-2020\/\" content=\"\u00bfCu\u00e1nto big data ha necesitado el 2020?\" \/><meta itemprop=\"datePublished\" content=\"2020-11-03\" \/><meta itemprop=\"dateModified\" content=\"2020-11-05\" \/><meta itemprop=\"name\" content=\"Colt Technology Services\"\/><meta itemprop=\"url\" content=\"https:\/\/legacy.colt.net\/wp-content\/uploads\/2018\/10\/Colt-logo-dark.png\"\/><meta itemprop=\"url\" content=\"https:\/\/legacy.colt.net\/es\/resources\/author\/lucamacchiavello\/\" \/><meta itemprop=\"name\" content=\"Luca Macchiavello\" \/><meta itemprop=\"url\" content=\"https:\/\/legacy.colt.net\/wp-content\/uploads\/2021\/01\/Brand-2021-Stock-2.jpg\" \/><meta itemprop=\"width\" content=\"1000\" \/><meta itemprop=\"height\" content=\"676\" \/><meta itemprop=\"interactionType\" content=\"https:\/\/schema.org\/CommentAction\" \/><meta itemprop=\"userInteractionCount\" content=\"0\" \/>\n    <h5><a href=\"https:\/\/legacy.colt.net\/es\/resources\/type\/blog-es\/\" rel=\"tag\">Blogs<\/a><\/h5>\n<a href=\"https:\/\/legacy.colt.net\/es\/resources\/cuanta-data-ha-necesitado-el-2020\/\" title='\u00bfCu\u00e1nto big data ha necesitado el 2020?'><img decoding=\"async\" width=\"720\" height=\"450\" src=\"https:\/\/legacy.colt.net\/wp-content\/uploads\/2021\/01\/Brand-2021-Stock-2-720x450.jpg\" alt=\"\" loading=\"lazy\" itemprop=\"image\" \/><\/a>\n<h3><a href=\"https:\/\/legacy.colt.net\/es\/resources\/cuanta-data-ha-necesitado-el-2020\/\" title='\u00bfCu\u00e1nto big data ha necesitado el 2020?'>\u00bfCu\u00e1nto big data ha necesitado el 2020?<\/a><\/h3>\n<p>Somos cautos al decir que el 2020 ha sido un a\u00f1o diferente. Por supuesto, el Covid-19 ha sido el actor principal de esta obra, que&#8230;<\/p>\n\n<a href=\"https:\/\/legacy.colt.net\/es\/resources\/cuanta-data-ha-necesitado-el-2020\/\" title='Read More \u00bb'>Read More \u00bb<\/a>\n\n\t<meta itemscope itemprop=\"mainEntityOfPage\" itemtype=\"https:\/\/schema.org\/WebPage\" itemid=\"https:\/\/legacy.colt.net\/es\/resources\/colt-analiza-la-nube-distribuida-junto-a-aslan\/\" content=\"Colt analiza la nube distribuida junto a Aslan\" \/><meta itemprop=\"datePublished\" content=\"2020-10-30\" \/><meta itemprop=\"dateModified\" content=\"2020-10-30\" \/><meta itemprop=\"name\" content=\"Colt Technology Services\"\/><meta itemprop=\"url\" content=\"https:\/\/legacy.colt.net\/wp-content\/uploads\/2018\/10\/Colt-logo-dark.png\"\/><meta itemprop=\"url\" content=\"https:\/\/legacy.colt.net\/es\/resources\/author\/lourdesserrano\/\" \/><meta itemprop=\"name\" content=\"Lourdes Serrano\" \/><meta itemprop=\"url\" content=\"https:\/\/legacy.colt.net\/wp-content\/uploads\/2021\/01\/Brand-2021-Stock-4.jpg\" \/><meta itemprop=\"width\" content=\"1000\" \/><meta itemprop=\"height\" content=\"667\" \/><meta itemprop=\"interactionType\" content=\"https:\/\/schema.org\/CommentAction\" \/><meta itemprop=\"userInteractionCount\" content=\"0\" \/>\n    <h5><a href=\"https:\/\/legacy.colt.net\/es\/resources\/type\/blog-es\/\" rel=\"tag\">Blogs<\/a><\/h5>\n<a href=\"https:\/\/legacy.colt.net\/es\/resources\/colt-analiza-la-nube-distribuida-junto-a-aslan\/\" title='Colt analiza la nube distribuida junto a Aslan'><img decoding=\"async\" width=\"720\" height=\"450\" src=\"https:\/\/legacy.colt.net\/wp-content\/uploads\/2021\/01\/Brand-2021-Stock-4-720x450.jpg\" alt=\"\" loading=\"lazy\" itemprop=\"image\" \/><\/a>\n<h3><a href=\"https:\/\/legacy.colt.net\/es\/resources\/colt-analiza-la-nube-distribuida-junto-a-aslan\/\" title='Colt analiza la nube distribuida junto a Aslan'>Colt analiza la nube distribuida junto a Aslan<\/a><\/h3>\n<p>La demanda de soluciones tecnol\u00f3gicas ha crecido en los \u00faltimos meses a un ritmo sin precedentes. El contexto actual, cambiante e incierto, ha empujado a&#8230;<\/p>\n\n<a href=\"https:\/\/legacy.colt.net\/es\/resources\/colt-analiza-la-nube-distribuida-junto-a-aslan\/\" title='Read More \u00bb'>Read More \u00bb<\/a>\n\n\t<meta itemscope itemprop=\"mainEntityOfPage\" itemtype=\"https:\/\/schema.org\/WebPage\" itemid=\"https:\/\/legacy.colt.net\/es\/resources\/colt-ha-sido-nombrada-en-el-informe-forrester-por-sus-servicios-wave-en-sd-wan\/\" content=\"Colt ha sido nombrada ha sido nombrada una de las empresas con mejor desempe\u00f1o en &#8220;The Forrester Wave&#8221; por sus servicios SD WAN\" \/><meta itemprop=\"datePublished\" content=\"2020-10-30\" \/><meta itemprop=\"dateModified\" content=\"2020-11-04\" \/><meta itemprop=\"name\" content=\"Colt Technology Services\"\/><meta itemprop=\"url\" content=\"https:\/\/legacy.colt.net\/wp-content\/uploads\/2018\/10\/Colt-logo-dark.png\"\/><meta itemprop=\"url\" content=\"https:\/\/legacy.colt.net\/es\/resources\/author\/colt\/\" \/><meta itemprop=\"name\" content=\"Colt Technology Services\" \/><meta itemprop=\"url\" content=\"https:\/\/legacy.colt.net\/wp-content\/uploads\/2020\/10\/Forrester-Report.gif\" \/><meta itemprop=\"width\" content=\"600\" \/><meta itemprop=\"height\" content=\"807\" \/><meta itemprop=\"interactionType\" content=\"https:\/\/schema.org\/CommentAction\" \/><meta itemprop=\"userInteractionCount\" content=\"0\" \/>\n    <h5><a href=\"https:\/\/legacy.colt.net\/es\/resources\/type\/blog-es\/\" rel=\"tag\">Blogs<\/a><\/h5>\n<a href=\"https:\/\/legacy.colt.net\/es\/resources\/colt-ha-sido-nombrada-en-el-informe-forrester-por-sus-servicios-wave-en-sd-wan\/\" title='Colt ha sido nombrada ha sido nombrada una de las empresas con mejor desempe\u00f1o en &#8220;The Forrester Wave&#8221; por sus servicios SD WAN'><img decoding=\"async\" width=\"720\" height=\"450\" src=\"https:\/\/legacy.colt.net\/wp-content\/uploads\/2020\/10\/Forrester-Report-720x450.gif\" alt=\"\" loading=\"lazy\" itemprop=\"image\" \/><\/a>\n<h3><a href=\"https:\/\/legacy.colt.net\/es\/resources\/colt-ha-sido-nombrada-en-el-informe-forrester-por-sus-servicios-wave-en-sd-wan\/\" title='Colt ha sido nombrada ha sido nombrada una de las empresas con mejor desempe\u00f1o en &#8220;The Forrester Wave&#8221; por sus servicios SD WAN'>Colt ha sido nombrada ha sido nombrada una de las empresas con mejor desempe\u00f1o en &#8220;The Forrester Wave&#8221; por sus servicios SD WAN<\/a><\/h3>\n<p>Colt Technology Services ha sido nombrada una de las empresas con mejor desempe\u00f1o en The Forrester Wave \u2122: servicios WAN definidos por software, del cuarto&#8230;<\/p>\n\n<a href=\"https:\/\/legacy.colt.net\/es\/resources\/colt-ha-sido-nombrada-en-el-informe-forrester-por-sus-servicios-wave-en-sd-wan\/\" title='Read More \u00bb'>Read More \u00bb<\/a>\n\n\t<meta itemscope itemprop=\"mainEntityOfPage\" itemtype=\"https:\/\/schema.org\/WebPage\" itemid=\"https:\/\/legacy.colt.net\/es\/resources\/como-evolucionaran-los-servicios-de-red-en-la-nueva-normalidad-digital\/\" content=\"\u00bfC\u00f3mo evolucionar\u00e1n los servicios de red en la \"Nueva normalidad digital\"?\" \/><meta itemprop=\"datePublished\" content=\"2020-10-29\" \/><meta itemprop=\"dateModified\" content=\"2020-11-04\" \/><meta itemprop=\"name\" content=\"Colt Technology Services\"\/><meta itemprop=\"url\" content=\"https:\/\/legacy.colt.net\/wp-content\/uploads\/2018\/10\/Colt-logo-dark.png\"\/><meta itemprop=\"url\" content=\"https:\/\/legacy.colt.net\/es\/resources\/author\/colt\/\" \/><meta itemprop=\"name\" content=\"Colt Technology Services\" \/><meta itemprop=\"url\" content=\"https:\/\/legacy.colt.net\/wp-content\/uploads\/2020\/10\/PressConference_Colt.jpg\" \/><meta itemprop=\"width\" content=\"502\" \/><meta itemprop=\"height\" content=\"283\" \/><meta itemprop=\"interactionType\" content=\"https:\/\/schema.org\/CommentAction\" \/><meta itemprop=\"userInteractionCount\" content=\"0\" \/>\n    <h5><a href=\"https:\/\/legacy.colt.net\/es\/resources\/type\/news-es\/\" rel=\"tag\">Colt Technology News<\/a><\/h5>\n<a href=\"https:\/\/legacy.colt.net\/es\/resources\/como-evolucionaran-los-servicios-de-red-en-la-nueva-normalidad-digital\/\" title='\u00bfC\u00f3mo evolucionar\u00e1n los servicios de red en la \"Nueva normalidad digital\"?'><img decoding=\"async\" width=\"720\" height=\"450\" src=\"https:\/\/legacy.colt.net\/wp-content\/uploads\/2020\/10\/PressConference_Colt-720x450.jpg\" alt=\"\" loading=\"lazy\" itemprop=\"image\" \/><\/a>\n<h3><a href=\"https:\/\/legacy.colt.net\/es\/resources\/como-evolucionaran-los-servicios-de-red-en-la-nueva-normalidad-digital\/\" title='\u00bfC\u00f3mo evolucionar\u00e1n los servicios de red en la \"Nueva normalidad digital\"?'>\u00bfC\u00f3mo evolucionar\u00e1n los servicios de red en la &#8220;Nueva normalidad digital&#8221;?<\/a><\/h3>\n<p>Joan Monrab\u00e1, director general de Colt en Espa\u00f1a, ha presentado los principales hitos de la compa\u00f1\u00eda a nivel de transformaci\u00f3n digital y servicios cloud Colt&#8230;<\/p>\n\n<a href=\"https:\/\/legacy.colt.net\/es\/resources\/como-evolucionaran-los-servicios-de-red-en-la-nueva-normalidad-digital\/\" title='Read More \u00bb'>Read More \u00bb<\/a>\n\n\t<meta itemscope itemprop=\"mainEntityOfPage\" itemtype=\"https:\/\/schema.org\/WebPage\" itemid=\"https:\/\/legacy.colt.net\/es\/resources\/colt-gana-en-los-global-carrier-awards-2020\/\" content=\"Colt gana en los Global Carrier Awards 2020\" \/><meta itemprop=\"datePublished\" content=\"2020-10-26\" \/><meta itemprop=\"dateModified\" content=\"2020-10-26\" \/><meta itemprop=\"name\" content=\"Colt Technology Services\"\/><meta itemprop=\"url\" content=\"https:\/\/legacy.colt.net\/wp-content\/uploads\/2018\/10\/Colt-logo-dark.png\"\/><meta itemprop=\"url\" content=\"https:\/\/legacy.colt.net\/es\/resources\/author\/lourdesserrano\/\" \/><meta itemprop=\"name\" content=\"Lourdes Serrano\" \/><meta itemprop=\"url\" content=\"https:\/\/legacy.colt.net\/wp-content\/uploads\/2021\/01\/Brand-2021-Stock-5.jpg\" \/><meta itemprop=\"width\" content=\"1000\" \/><meta itemprop=\"height\" content=\"667\" \/><meta itemprop=\"interactionType\" content=\"https:\/\/schema.org\/CommentAction\" \/><meta itemprop=\"userInteractionCount\" content=\"0\" \/>\n    <h5><a href=\"https:\/\/legacy.colt.net\/es\/resources\/type\/blog-es\/\" rel=\"tag\">Blogs<\/a><\/h5>\n<a href=\"https:\/\/legacy.colt.net\/es\/resources\/colt-gana-en-los-global-carrier-awards-2020\/\" title='Colt gana en los Global Carrier Awards 2020'><img decoding=\"async\" width=\"720\" height=\"450\" src=\"https:\/\/legacy.colt.net\/wp-content\/uploads\/2021\/01\/Brand-2021-Stock-5-720x450.jpg\" alt=\"\" loading=\"lazy\" itemprop=\"image\" \/><\/a>\n<h3><a href=\"https:\/\/legacy.colt.net\/es\/resources\/colt-gana-en-los-global-carrier-awards-2020\/\" title='Colt gana en los Global Carrier Awards 2020'>Colt gana en los Global Carrier Awards 2020<\/a><\/h3>\n<p>Estamos muy contentos de anunciar que Colt ha ganado un premio en los premios Global Carrier Awards de este a\u00f1o al &#8220;Mejor carrier mayorista global:&#8230;<\/p>\n\n<a href=\"https:\/\/legacy.colt.net\/es\/resources\/colt-gana-en-los-global-carrier-awards-2020\/\" title='Read More \u00bb'>Read More \u00bb<\/a>\n\n\t<meta itemscope itemprop=\"mainEntityOfPage\" itemtype=\"https:\/\/schema.org\/WebPage\" itemid=\"https:\/\/legacy.colt.net\/es\/resources\/multicloud-tendencias-y-evolucion\/\" content=\"Multicloud, tendencias y evoluci\u00f3n\" \/><meta itemprop=\"datePublished\" content=\"2020-10-21\" \/><meta itemprop=\"dateModified\" content=\"2021-03-26\" \/><meta itemprop=\"name\" content=\"Colt Technology Services\"\/><meta itemprop=\"url\" content=\"https:\/\/legacy.colt.net\/wp-content\/uploads\/2018\/10\/Colt-logo-dark.png\"\/><meta itemprop=\"url\" content=\"https:\/\/legacy.colt.net\/es\/resources\/author\/colt\/\" \/><meta itemprop=\"name\" content=\"Colt Technology Services\" \/><meta itemprop=\"url\" content=\"https:\/\/legacy.colt.net\/wp-content\/uploads\/2021\/01\/Brand-2021-Stock-38.jpg\" \/><meta itemprop=\"width\" content=\"1000\" \/><meta itemprop=\"height\" content=\"667\" \/><meta itemprop=\"interactionType\" content=\"https:\/\/schema.org\/CommentAction\" \/><meta itemprop=\"userInteractionCount\" content=\"0\" \/>\n    <h5><a href=\"https:\/\/legacy.colt.net\/es\/resources\/type\/webinar-es\/\" rel=\"tag\">Webinars<\/a><\/h5>\n<a href=\"https:\/\/legacy.colt.net\/es\/resources\/multicloud-tendencias-y-evolucion\/\" title='Multicloud, tendencias y evoluci\u00f3n'><img decoding=\"async\" width=\"720\" height=\"450\" src=\"https:\/\/legacy.colt.net\/wp-content\/uploads\/2021\/01\/Brand-2021-Stock-38-720x450.jpg\" alt=\"\" loading=\"lazy\" itemprop=\"image\" \/><\/a>\n<h3><a href=\"https:\/\/legacy.colt.net\/es\/resources\/multicloud-tendencias-y-evolucion\/\" title='Multicloud, tendencias y evoluci\u00f3n'>Multicloud, tendencias y evoluci\u00f3n<\/a><\/h3>\n<p>Si te lo perdiste, ahora puedes ver seminario web organizado por Colt y Oracle para descubrir c\u00f3mo los responsables de TI abordan los desaf\u00edos de la migraci\u00f3n a la nube y c\u00f3mo la nube evolucionar\u00e1 para las empresas.<\/p>\n\n<a href=\"https:\/\/legacy.colt.net\/es\/resources\/multicloud-tendencias-y-evolucion\/\" title='Read More \u00bb'>Read More \u00bb<\/a>\n\n\t<meta itemscope itemprop=\"mainEntityOfPage\" itemtype=\"https:\/\/schema.org\/WebPage\" itemid=\"https:\/\/legacy.colt.net\/es\/resources\/pueden-las-empresas-permitirse-retrasar-la-migracion-a-la-nube-por-el-covid-19\/\" content=\"\u00bfPueden las empresas permitirse retrasar la migraci\u00f3n a la nube por el  Covid-19?\" \/><meta itemprop=\"datePublished\" content=\"2020-09-29\" \/><meta itemprop=\"dateModified\" content=\"2020-09-29\" \/><meta itemprop=\"name\" content=\"Colt Technology Services\"\/><meta itemprop=\"url\" content=\"https:\/\/legacy.colt.net\/wp-content\/uploads\/2018\/10\/Colt-logo-dark.png\"\/><meta itemprop=\"url\" content=\"https:\/\/legacy.colt.net\/es\/resources\/author\/lourdesserrano\/\" \/><meta itemprop=\"name\" content=\"Lourdes Serrano\" \/><meta itemprop=\"url\" content=\"https:\/\/legacy.colt.net\/wp-content\/uploads\/2020\/04\/Cloud-Image-1.jpg\" \/><meta itemprop=\"width\" content=\"2560\" \/><meta itemprop=\"height\" content=\"1280\" \/><meta itemprop=\"interactionType\" content=\"https:\/\/schema.org\/CommentAction\" \/><meta itemprop=\"userInteractionCount\" content=\"0\" \/>\n    <h5><a href=\"https:\/\/legacy.colt.net\/es\/resources\/type\/blog-es\/\" rel=\"tag\">Blogs<\/a><\/h5>\n<a href=\"https:\/\/legacy.colt.net\/es\/resources\/pueden-las-empresas-permitirse-retrasar-la-migracion-a-la-nube-por-el-covid-19\/\" title='\u00bfPueden las empresas permitirse retrasar la migraci\u00f3n a la nube por el  Covid-19?'><img decoding=\"async\" width=\"720\" height=\"450\" src=\"https:\/\/legacy.colt.net\/wp-content\/uploads\/2020\/04\/Cloud-Image-1-720x450.jpg\" alt=\"\" loading=\"lazy\" itemprop=\"image\" \/><\/a>\n<h3><a href=\"https:\/\/legacy.colt.net\/es\/resources\/pueden-las-empresas-permitirse-retrasar-la-migracion-a-la-nube-por-el-covid-19\/\" title='\u00bfPueden las empresas permitirse retrasar la migraci\u00f3n a la nube por el  Covid-19?'>\u00bfPueden las empresas permitirse retrasar la migraci\u00f3n a la nube por el  Covid-19?<\/a><\/h3>\n<p>Debido al confinamiento global, muchas empresas avisaron de que sus proyectos de migraci\u00f3n a la nube se retrasar\u00edan. Nuestra encuesta concluy\u00f3 que el 67% de&#8230;<\/p>\n\n<a href=\"https:\/\/legacy.colt.net\/es\/resources\/pueden-las-empresas-permitirse-retrasar-la-migracion-a-la-nube-por-el-covid-19\/\" title='Read More \u00bb'>Read More \u00bb<\/a>\n\n\t<meta itemscope itemprop=\"mainEntityOfPage\" itemtype=\"https:\/\/schema.org\/WebPage\" itemid=\"https:\/\/legacy.colt.net\/es\/resources\/connecting-cx-and-mx\/\" content=\"El machine experience o aprendizaje autom\u00e1tico est\u00e1 sentando las bases del futuro de la experiencia del cliente\" \/><meta itemprop=\"datePublished\" content=\"2020-09-28\" \/><meta itemprop=\"dateModified\" content=\"2021-02-15\" \/><meta itemprop=\"name\" content=\"Colt Technology Services\"\/><meta itemprop=\"url\" content=\"https:\/\/legacy.colt.net\/wp-content\/uploads\/2018\/10\/Colt-logo-dark.png\"\/><meta itemprop=\"url\" content=\"https:\/\/legacy.colt.net\/es\/resources\/author\/colt\/\" \/><meta itemprop=\"name\" content=\"Colt Technology Services\" \/><meta itemprop=\"url\" content=\"https:\/\/legacy.colt.net\/wp-content\/uploads\/2021\/01\/Brand-2021-Stock-18.jpg\" \/><meta itemprop=\"width\" content=\"1000\" \/><meta itemprop=\"height\" content=\"750\" \/><meta itemprop=\"interactionType\" content=\"https:\/\/schema.org\/CommentAction\" \/><meta itemprop=\"userInteractionCount\" content=\"0\" \/>\n    <h5><a href=\"https:\/\/legacy.colt.net\/es\/resources\/type\/whitepaper-es\/\" rel=\"tag\">whitepaper<\/a><\/h5>\n<a href=\"https:\/\/legacy.colt.net\/es\/resources\/connecting-cx-and-mx\/\" title='El machine experience o aprendizaje autom\u00e1tico est\u00e1 sentando las bases del futuro de la experiencia del cliente'><img decoding=\"async\" width=\"720\" height=\"450\" src=\"https:\/\/legacy.colt.net\/wp-content\/uploads\/2021\/01\/Brand-2021-Stock-18-720x450.jpg\" alt=\"\" loading=\"lazy\" itemprop=\"image\" \/><\/a>\n<h3><a href=\"https:\/\/legacy.colt.net\/es\/resources\/connecting-cx-and-mx\/\" title='El machine experience o aprendizaje autom\u00e1tico est\u00e1 sentando las bases del futuro de la experiencia del cliente'>El machine experience o aprendizaje autom\u00e1tico est\u00e1 sentando las bases del futuro de la experiencia del cliente<\/a><\/h3>\n<p>Descarga nuestra gu\u00eda para descubrir c\u00f3mo las conexiones entre m\u00e1quinas determinan la experiencia del cliente.<\/p>\n\n<a href=\"https:\/\/legacy.colt.net\/es\/resources\/connecting-cx-and-mx\/\" title='Read More \u00bb'>Read More \u00bb<\/a>\n\n\t<meta itemscope itemprop=\"mainEntityOfPage\" itemtype=\"https:\/\/schema.org\/WebPage\" itemid=\"https:\/\/legacy.colt.net\/es\/resources\/analysys-mason-recognises-colt-for-unified-communications\/\" content=\"Analysys Mason recomienda a Colt para las comunicaciones unificadas\" \/><meta itemprop=\"datePublished\" content=\"2020-09-24\" \/><meta itemprop=\"dateModified\" content=\"2021-04-22\" \/><meta itemprop=\"name\" content=\"Colt Technology Services\"\/><meta itemprop=\"url\" content=\"https:\/\/legacy.colt.net\/wp-content\/uploads\/2018\/10\/Colt-logo-dark.png\"\/><meta itemprop=\"url\" content=\"https:\/\/legacy.colt.net\/es\/resources\/author\/johnbaldwin\/\" \/><meta itemprop=\"name\" content=\"John Baldwin\" \/><meta itemprop=\"url\" content=\"https:\/\/legacy.colt.net\/wp-content\/uploads\/2021\/01\/Brand-2021-Stock-22.jpg\" \/><meta itemprop=\"width\" content=\"1000\" \/><meta itemprop=\"height\" content=\"667\" \/><meta itemprop=\"interactionType\" content=\"https:\/\/schema.org\/CommentAction\" \/><meta itemprop=\"userInteractionCount\" content=\"0\" \/>\n    <h5><a href=\"https:\/\/legacy.colt.net\/es\/resources\/type\/blog-es\/\" rel=\"tag\">Blogs<\/a><\/h5>\n<a href=\"https:\/\/legacy.colt.net\/es\/resources\/analysys-mason-recognises-colt-for-unified-communications\/\" title='Analysys Mason recomienda a Colt para las comunicaciones unificadas'><img decoding=\"async\" width=\"720\" height=\"450\" src=\"https:\/\/legacy.colt.net\/wp-content\/uploads\/2021\/01\/Brand-2021-Stock-22-720x450.jpg\" alt=\"\" loading=\"lazy\" itemprop=\"image\" \/><\/a>\n<h3><a href=\"https:\/\/legacy.colt.net\/es\/resources\/analysys-mason-recognises-colt-for-unified-communications\/\" title='Analysys Mason recomienda a Colt para las comunicaciones unificadas'>Analysys Mason recomienda a Colt para las comunicaciones unificadas<\/a><\/h3>\n<p>Colt aparece descrito en el informe de Analysys Mason; \u00abEl enfoque del operador para las comunicaciones unificadas (UC): diez casos pr\u00e1cticos\u00bb. Este es un reconocimiento&#8230;<\/p>\n\n<a href=\"https:\/\/legacy.colt.net\/es\/resources\/analysys-mason-recognises-colt-for-unified-communications\/\" title='Read More \u00bb'>Read More \u00bb<\/a>\n\n\t<meta itemscope itemprop=\"mainEntityOfPage\" itemtype=\"https:\/\/schema.org\/WebPage\" itemid=\"https:\/\/legacy.colt.net\/es\/resources\/building-an-adaptive-network-what-is-intelligent-automation\/\" content=\"Construyendo una red adaptativa, \u00bfqu\u00e9 es la automatizaci\u00f3n inteligente?\" \/><meta itemprop=\"datePublished\" content=\"2020-09-21\" \/><meta itemprop=\"dateModified\" content=\"2020-10-16\" \/><meta itemprop=\"name\" content=\"Colt Technology Services\"\/><meta itemprop=\"url\" content=\"https:\/\/legacy.colt.net\/wp-content\/uploads\/2018\/10\/Colt-logo-dark.png\"\/><meta itemprop=\"url\" content=\"https:\/\/legacy.colt.net\/es\/resources\/author\/colt\/\" \/><meta itemprop=\"name\" content=\"Colt Technology Services\" \/><meta itemprop=\"url\" content=\"https:\/\/legacy.colt.net\/wp-content\/uploads\/2021\/01\/Brand-2021-Stock-33.jpg\" \/><meta itemprop=\"width\" content=\"1000\" \/><meta itemprop=\"height\" content=\"667\" \/><meta itemprop=\"interactionType\" content=\"https:\/\/schema.org\/CommentAction\" \/><meta itemprop=\"userInteractionCount\" content=\"0\" \/>\n    <h5><a href=\"https:\/\/legacy.colt.net\/es\/resources\/type\/blog-es\/\" rel=\"tag\">Blogs<\/a><\/h5>\n<a href=\"https:\/\/legacy.colt.net\/es\/resources\/building-an-adaptive-network-what-is-intelligent-automation\/\" title='Construyendo una red adaptativa, \u00bfqu\u00e9 es la automatizaci\u00f3n inteligente?'><img decoding=\"async\" width=\"720\" height=\"450\" src=\"https:\/\/legacy.colt.net\/wp-content\/uploads\/2021\/01\/Brand-2021-Stock-33-720x450.jpg\" alt=\"\" loading=\"lazy\" itemprop=\"image\" \/><\/a>\n<h3><a href=\"https:\/\/legacy.colt.net\/es\/resources\/building-an-adaptive-network-what-is-intelligent-automation\/\" title='Construyendo una red adaptativa, \u00bfqu\u00e9 es la automatizaci\u00f3n inteligente?'>Construyendo una red adaptativa, \u00bfqu\u00e9 es la automatizaci\u00f3n inteligente?<\/a><\/h3>\n<p>Intelligent Automation is at the heart of back-office operations, improving processes to drive efficiencies and providing a better customer experience.<\/p>\n\n<a href=\"https:\/\/legacy.colt.net\/es\/resources\/building-an-adaptive-network-what-is-intelligent-automation\/\" title='Read More \u00bb'>Read More \u00bb<\/a>\n\n\t<meta itemscope itemprop=\"mainEntityOfPage\" itemtype=\"https:\/\/schema.org\/WebPage\" itemid=\"https:\/\/legacy.colt.net\/es\/resources\/servicios-de-red-bajo-demanda-pagar-por-lo-que-se-consume\/\" content=\"Servicios de red bajo demanda, pagar por lo que se consume\" \/><meta itemprop=\"datePublished\" content=\"2020-09-12\" \/><meta itemprop=\"dateModified\" content=\"2020-09-12\" \/><meta itemprop=\"name\" content=\"Colt Technology Services\"\/><meta itemprop=\"url\" content=\"https:\/\/legacy.colt.net\/wp-content\/uploads\/2018\/10\/Colt-logo-dark.png\"\/><meta itemprop=\"url\" content=\"https:\/\/legacy.colt.net\/es\/resources\/author\/lourdesserrano\/\" \/><meta itemprop=\"name\" content=\"Lourdes Serrano\" \/><meta itemprop=\"url\" content=\"https:\/\/legacy.colt.net\/wp-content\/uploads\/2020\/09\/T3-Image-3.png\" \/><meta itemprop=\"width\" content=\"2000\" \/><meta itemprop=\"height\" content=\"1000\" \/><meta itemprop=\"interactionType\" content=\"https:\/\/schema.org\/CommentAction\" \/><meta itemprop=\"userInteractionCount\" content=\"0\" \/>\n    <h5><a href=\"https:\/\/legacy.colt.net\/es\/resources\/type\/blog-es\/\" rel=\"tag\">Blogs<\/a><\/h5>\n<a href=\"https:\/\/legacy.colt.net\/es\/resources\/servicios-de-red-bajo-demanda-pagar-por-lo-que-se-consume\/\" title='Servicios de red bajo demanda, pagar por lo que se consume'><img decoding=\"async\" width=\"720\" height=\"450\" src=\"https:\/\/legacy.colt.net\/wp-content\/uploads\/2020\/09\/T3-Image-3-720x450.png\" alt=\"\" loading=\"lazy\" itemprop=\"image\" \/><\/a>\n<h3><a href=\"https:\/\/legacy.colt.net\/es\/resources\/servicios-de-red-bajo-demanda-pagar-por-lo-que-se-consume\/\" title='Servicios de red bajo demanda, pagar por lo que se consume'>Servicios de red bajo demanda, pagar por lo que se consume<\/a><\/h3>\n<p>Las nuevas tendencias, como el Internet de las Cosas, el Big Data o el Cloud Computing, llevan a la necesidad de renovar la tecnolog\u00eda y&#8230;<\/p>\n\n<a href=\"https:\/\/legacy.colt.net\/es\/resources\/servicios-de-red-bajo-demanda-pagar-por-lo-que-se-consume\/\" title='Read More \u00bb'>Read More \u00bb<\/a>\n\n\t<meta itemscope itemprop=\"mainEntityOfPage\" itemtype=\"https:\/\/schema.org\/WebPage\" itemid=\"https:\/\/legacy.colt.net\/es\/resources\/conexion-a-oracle-cloud-a-traves-de-colt-on-demand\/\" content=\"Conexi\u00f3n a Oracle Cloud a trav\u00e9s de Colt On Demand\" \/><meta itemprop=\"datePublished\" content=\"2020-09-01\" \/><meta itemprop=\"dateModified\" content=\"2021-01-10\" \/><meta itemprop=\"name\" content=\"Colt Technology Services\"\/><meta itemprop=\"url\" content=\"https:\/\/legacy.colt.net\/wp-content\/uploads\/2018\/10\/Colt-logo-dark.png\"\/><meta itemprop=\"url\" content=\"https:\/\/legacy.colt.net\/es\/resources\/author\/colt\/\" \/><meta itemprop=\"name\" content=\"Colt Technology Services\" \/><meta itemprop=\"url\" content=\"https:\/\/legacy.colt.net\/wp-content\/uploads\/2021\/01\/Brand-2021-Stock-34.jpg\" \/><meta itemprop=\"width\" content=\"1000\" \/><meta itemprop=\"height\" content=\"668\" \/><meta itemprop=\"interactionType\" content=\"https:\/\/schema.org\/CommentAction\" \/><meta itemprop=\"userInteractionCount\" content=\"0\" \/>\n    <h5><a href=\"https:\/\/legacy.colt.net\/es\/resources\/type\/whitepaper-es\/\" rel=\"tag\">whitepaper<\/a><\/h5>\n<a href=\"https:\/\/legacy.colt.net\/es\/resources\/conexion-a-oracle-cloud-a-traves-de-colt-on-demand\/\" title='Conexi\u00f3n a Oracle Cloud a trav\u00e9s de Colt On Demand'><img decoding=\"async\" width=\"720\" height=\"450\" src=\"https:\/\/legacy.colt.net\/wp-content\/uploads\/2021\/01\/Brand-2021-Stock-34-720x450.jpg\" alt=\"\" loading=\"lazy\" itemprop=\"image\" \/><\/a>\n<h3><a href=\"https:\/\/legacy.colt.net\/es\/resources\/conexion-a-oracle-cloud-a-traves-de-colt-on-demand\/\" title='Conexi\u00f3n a Oracle Cloud a trav\u00e9s de Colt On Demand'>Conexi\u00f3n a Oracle Cloud a trav\u00e9s de Colt On Demand<\/a><\/h3>\n<p>Products &#038; Services El cloud computing ofrece beneficios sobradamente conocidos, pero la experiencia del usuario final solamente puede resultar tan buena como la red de&#8230;<\/p>\n\n<a href=\"https:\/\/legacy.colt.net\/es\/resources\/conexion-a-oracle-cloud-a-traves-de-colt-on-demand\/\" title='Read More \u00bb'>Read More \u00bb<\/a>\n\n\t<meta itemscope itemprop=\"mainEntityOfPage\" itemtype=\"https:\/\/schema.org\/WebPage\" itemid=\"https:\/\/legacy.colt.net\/es\/resources\/colt-es-premiado-en-los-leading-lights-awards-a-la-estrategia-de-la-nube-mas-innovadora\/\" content=\"Colt es premiado en los Leading Lights Awards a la estrategia de la nube m\u00e1s innovadora\" \/><meta itemprop=\"datePublished\" content=\"2020-08-31\" \/><meta itemprop=\"dateModified\" content=\"2020-08-31\" \/><meta itemprop=\"name\" content=\"Colt Technology Services\"\/><meta itemprop=\"url\" content=\"https:\/\/legacy.colt.net\/wp-content\/uploads\/2018\/10\/Colt-logo-dark.png\"\/><meta itemprop=\"url\" content=\"https:\/\/legacy.colt.net\/es\/resources\/author\/lourdesserrano\/\" \/><meta itemprop=\"name\" content=\"Lourdes Serrano\" \/><meta itemprop=\"url\" content=\"https:\/\/legacy.colt.net\/wp-content\/uploads\/2020\/08\/AwardColt.jpg\" \/><meta itemprop=\"width\" content=\"800\" \/><meta itemprop=\"height\" content=\"444\" \/><meta itemprop=\"interactionType\" content=\"https:\/\/schema.org\/CommentAction\" \/><meta itemprop=\"userInteractionCount\" content=\"0\" \/>\n    <h5><a href=\"https:\/\/legacy.colt.net\/es\/resources\/type\/blog-es\/\" rel=\"tag\">Blogs<\/a><\/h5>\n<a href=\"https:\/\/legacy.colt.net\/es\/resources\/colt-es-premiado-en-los-leading-lights-awards-a-la-estrategia-de-la-nube-mas-innovadora\/\" title='Colt es premiado en los Leading Lights Awards a la estrategia de la nube m\u00e1s innovadora'><img decoding=\"async\" width=\"720\" height=\"450\" src=\"https:\/\/legacy.colt.net\/wp-content\/uploads\/2020\/08\/AwardColt-720x450.jpg\" alt=\"\" loading=\"lazy\" itemprop=\"image\" \/><\/a>\n<h3><a href=\"https:\/\/legacy.colt.net\/es\/resources\/colt-es-premiado-en-los-leading-lights-awards-a-la-estrategia-de-la-nube-mas-innovadora\/\" title='Colt es premiado en los Leading Lights Awards a la estrategia de la nube m\u00e1s innovadora'>Colt es premiado en los Leading Lights Awards a la estrategia de la nube m\u00e1s innovadora<\/a><\/h3>\n<p>Nos complace compartir que Colt gan\u00f3 el premio a la estrategia de nube de telecomunicaciones m\u00e1s innovadora (operador de red \/ centro de datos) en&#8230;<\/p>\n\n<a href=\"https:\/\/legacy.colt.net\/es\/resources\/colt-es-premiado-en-los-leading-lights-awards-a-la-estrategia-de-la-nube-mas-innovadora\/\" title='Read More \u00bb'>Read More \u00bb<\/a>\n\n\t<meta itemscope itemprop=\"mainEntityOfPage\" itemtype=\"https:\/\/schema.org\/WebPage\" itemid=\"https:\/\/legacy.colt.net\/es\/resources\/por-que-es-las-empresas-necesitan-migrar-a-microsoft-teams\/\" content=\"Por qu\u00e9 es las empresas necesitan migrar a Microsoft Teams\" \/><meta itemprop=\"datePublished\" content=\"2020-08-17\" \/><meta itemprop=\"dateModified\" content=\"2020-08-17\" \/><meta itemprop=\"name\" content=\"Colt Technology Services\"\/><meta itemprop=\"url\" content=\"https:\/\/legacy.colt.net\/wp-content\/uploads\/2018\/10\/Colt-logo-dark.png\"\/><meta itemprop=\"url\" content=\"https:\/\/legacy.colt.net\/es\/resources\/author\/ruiferraz\/\" \/><meta itemprop=\"name\" content=\"Rui Ferraz\" \/><meta itemprop=\"url\" content=\"https:\/\/legacy.colt.net\/wp-content\/uploads\/2020\/06\/iStock-1145589623.jpg\" \/><meta itemprop=\"width\" content=\"2190\" \/><meta itemprop=\"height\" content=\"1369\" \/><meta itemprop=\"interactionType\" content=\"https:\/\/schema.org\/CommentAction\" \/><meta itemprop=\"userInteractionCount\" content=\"0\" \/>\n    <h5><a href=\"https:\/\/legacy.colt.net\/es\/resources\/type\/blog-es\/\" rel=\"tag\">Blogs<\/a><\/h5>\n<a href=\"https:\/\/legacy.colt.net\/es\/resources\/por-que-es-las-empresas-necesitan-migrar-a-microsoft-teams\/\" title='Por qu\u00e9 es las empresas necesitan migrar a Microsoft Teams'><img decoding=\"async\" width=\"720\" height=\"450\" src=\"https:\/\/legacy.colt.net\/wp-content\/uploads\/2020\/06\/iStock-1145589623-720x450.jpg\" alt=\"\" loading=\"lazy\" itemprop=\"image\" srcset=\"https:\/\/legacy.colt.net\/wp-content\/uploads\/2020\/06\/iStock-1145589623-720x450.jpg 720w, https:\/\/legacy.colt.net\/wp-content\/uploads\/2020\/06\/iStock-1145589623-300x188.jpg 300w, https:\/\/legacy.colt.net\/wp-content\/uploads\/2020\/06\/iStock-1145589623-1024x640.jpg 1024w, https:\/\/legacy.colt.net\/wp-content\/uploads\/2020\/06\/iStock-1145589623-768x480.jpg 768w, https:\/\/legacy.colt.net\/wp-content\/uploads\/2020\/06\/iStock-1145589623-1536x960.jpg 1536w, https:\/\/legacy.colt.net\/wp-content\/uploads\/2020\/06\/iStock-1145589623-2048x1280.jpg 2048w, https:\/\/legacy.colt.net\/wp-content\/uploads\/2020\/06\/iStock-1145589623-400x250.jpg 400w, https:\/\/legacy.colt.net\/wp-content\/uploads\/2020\/06\/iStock-1145589623-500x313.jpg 500w\" sizes=\"auto, (max-width: 720px) 100vw, 720px\" \/><\/a>\n<h3><a href=\"https:\/\/legacy.colt.net\/es\/resources\/por-que-es-las-empresas-necesitan-migrar-a-microsoft-teams\/\" title='Por qu\u00e9 es las empresas necesitan migrar a Microsoft Teams'>Por qu\u00e9 es las empresas necesitan migrar a Microsoft Teams<\/a><\/h3>\n<p>Desde noviembre de 2019 hasta mayo de 2020, la cantidad de usuarios diarios de Microsoft Teams aument\u00f3 de 20 millones a 75 millones. Pero, \u00bfpor&#8230;<\/p>\n\n<a href=\"https:\/\/legacy.colt.net\/es\/resources\/por-que-es-las-empresas-necesitan-migrar-a-microsoft-teams\/\" title='Read More \u00bb'>Read More \u00bb<\/a>\n\n\n","protected":false},"excerpt":{"rendered":"<p>All Blogs Clientes Colt Technology News Webinars whitepaper Colt Technology News Colt, Icade, ADVA, Airspan Networks, Athonet, Accedian y Tibco unen sus fuerzas para desplegar en Francia un piloto de empresa privada 5G Coordinado por Colt, el consorcio aporta los beneficios de la conectividad privada 5G a las redes empresariales del edificio PB5 en La&#8230;<\/p>\n","protected":false},"author":2,"featured_media":0,"parent":0,"menu_order":0,"comment_status":"closed","ping_status":"closed","template":"","meta":{"_acf_changed":false,"footnotes":""},"colt_type":[],"colt_products":[],"class_list":["post-34500","page","type-page","status-publish","hentry"],"acf":[],"yoast_head":"<!-- This site is optimized with the Yoast SEO plugin v26.8 - https:\/\/yoast.com\/product\/yoast-seo-wordpress\/ -->\n<title>Noticias y recursos | Colt Technology Services | ES<\/title>\n<meta name=\"description\" content=\"Noticias y recursos\" \/>\n<meta name=\"robots\" content=\"noindex, follow, max-snippet:-1, max-image-preview:large, max-video-preview:-1\" \/>\n<meta property=\"og:locale\" content=\"es_ES\" \/>\n<meta property=\"og:type\" content=\"article\" \/>\n<meta property=\"og:title\" content=\"Noticias y recursos | Colt Technology Services | ES\" \/>\n<meta property=\"og:description\" content=\"Noticias y recursos\" \/>\n<meta property=\"og:url\" content=\"https:\/\/legacy.colt.net\/es\/resources\/\" \/>\n<meta property=\"og:site_name\" content=\"Colt Technology Services\" \/>\n<meta property=\"article:publisher\" content=\"https:\/\/www.facebook.com\/ColtTechnologyServices\/\" \/>\n<meta property=\"article:modified_time\" content=\"2021-11-19T12:18:28+00:00\" \/>\n<meta property=\"og:image\" content=\"https:\/\/legacy.colt.net\/wp-content\/uploads\/2021\/11\/Colt_Icade_Gebaude-PB5-La-Defense-in-Paris-720x450.jpg\" \/>\n<meta name=\"twitter:card\" content=\"summary_large_image\" \/>\n<meta name=\"twitter:site\" content=\"@colt_technology\" \/>\n<meta name=\"twitter:label1\" content=\"Est. reading time\" \/>\n\t<meta name=\"twitter:data1\" content=\"21 minutes\" \/>\n<script type=\"application\/ld+json\" class=\"yoast-schema-graph\">{\"@context\":\"https:\/\/schema.org\",\"@graph\":[{\"@type\":\"WebPage\",\"@id\":\"https:\/\/legacy.colt.net\/es\/resources\/\",\"url\":\"https:\/\/legacy.colt.net\/es\/resources\/\",\"name\":\"Noticias y recursos | Colt Technology Services | ES\",\"isPartOf\":{\"@id\":\"https:\/\/legacy.colt.net\/#website\"},\"primaryImageOfPage\":{\"@id\":\"https:\/\/legacy.colt.net\/es\/resources\/#primaryimage\"},\"image\":{\"@id\":\"https:\/\/legacy.colt.net\/es\/resources\/#primaryimage\"},\"thumbnailUrl\":\"https:\/\/legacy.colt.net\/wp-content\/uploads\/2021\/11\/Colt_Icade_Gebaude-PB5-La-Defense-in-Paris-720x450.jpg\",\"datePublished\":\"2017-03-13T16:32:07+00:00\",\"dateModified\":\"2021-11-19T12:18:28+00:00\",\"description\":\"Noticias y recursos\",\"breadcrumb\":{\"@id\":\"https:\/\/legacy.colt.net\/es\/resources\/#breadcrumb\"},\"inLanguage\":\"es-ES\",\"potentialAction\":[{\"@type\":\"ReadAction\",\"target\":[\"https:\/\/legacy.colt.net\/es\/resources\/\"]}]},{\"@type\":\"ImageObject\",\"inLanguage\":\"es-ES\",\"@id\":\"https:\/\/legacy.colt.net\/es\/resources\/#primaryimage\",\"url\":\"https:\/\/legacy.colt.net\/wp-content\/uploads\/2021\/11\/Colt_Icade_Gebaude-PB5-La-Defense-in-Paris-720x450.jpg\",\"contentUrl\":\"https:\/\/legacy.colt.net\/wp-content\/uploads\/2021\/11\/Colt_Icade_Gebaude-PB5-La-Defense-in-Paris-720x450.jpg\"},{\"@type\":\"BreadcrumbList\",\"@id\":\"https:\/\/legacy.colt.net\/es\/resources\/#breadcrumb\",\"itemListElement\":[{\"@type\":\"ListItem\",\"position\":1,\"name\":\"Home\",\"item\":\"https:\/\/legacy.colt.net\/es\/\"},{\"@type\":\"ListItem\",\"position\":2,\"name\":\"Noticias y recursos\"}]},{\"@type\":\"WebSite\",\"@id\":\"https:\/\/legacy.colt.net\/#website\",\"url\":\"https:\/\/legacy.colt.net\/\",\"name\":\"Colt\u30c6\u30af\u30ce\u30ed\u30b8\u30fc\u30b5\u30fc\u30d3\u30b9\u682a\u5f0f\u4f1a\u793e\",\"description\":\"Managed Network &amp; Voice Services Provider\",\"publisher\":{\"@id\":\"https:\/\/legacy.colt.net\/#organization\"},\"potentialAction\":[{\"@type\":\"SearchAction\",\"target\":{\"@type\":\"EntryPoint\",\"urlTemplate\":\"https:\/\/legacy.colt.net\/?s={search_term_string}\"},\"query-input\":{\"@type\":\"PropertyValueSpecification\",\"valueRequired\":true,\"valueName\":\"search_term_string\"}}],\"inLanguage\":\"es-ES\"},{\"@type\":\"Organization\",\"@id\":\"https:\/\/legacy.colt.net\/#organization\",\"name\":\"Colt Technology Services\",\"url\":\"https:\/\/legacy.colt.net\/\",\"logo\":{\"@type\":\"ImageObject\",\"inLanguage\":\"es-ES\",\"@id\":\"https:\/\/legacy.colt.net\/#\/schema\/logo\/image\/\",\"url\":\"https:\/\/legacy.colt.net\/wp-content\/uploads\/2019\/02\/Colt-Logo.png\",\"contentUrl\":\"https:\/\/legacy.colt.net\/wp-content\/uploads\/2019\/02\/Colt-Logo.png\",\"width\":195,\"height\":77,\"caption\":\"Colt Technology Services\"},\"image\":{\"@id\":\"https:\/\/legacy.colt.net\/#\/schema\/logo\/image\/\"},\"sameAs\":[\"https:\/\/www.facebook.com\/ColtTechnologyServices\/\",\"https:\/\/x.com\/colt_technology\",\"https:\/\/www.instagram.com\/colttechnologyservices\/\",\"https:\/\/www.linkedin.com\/company\/colt-technology-services\",\"https:\/\/www.youtube.com\/user\/ColtTechnology\"]}]}<\/script>\n<!-- \/ Yoast SEO plugin. -->","yoast_head_json":{"title":"Noticias y recursos | Colt Technology Services | ES","description":"Noticias y recursos","robots":{"index":"noindex","follow":"follow","max-snippet":"max-snippet:-1","max-image-preview":"max-image-preview:large","max-video-preview":"max-video-preview:-1"},"og_locale":"es_ES","og_type":"article","og_title":"Noticias y recursos | Colt Technology Services | ES","og_description":"Noticias y recursos","og_url":"https:\/\/legacy.colt.net\/es\/resources\/","og_site_name":"Colt Technology Services","article_publisher":"https:\/\/www.facebook.com\/ColtTechnologyServices\/","article_modified_time":"2021-11-19T12:18:28+00:00","og_image":[{"url":"https:\/\/legacy.colt.net\/wp-content\/uploads\/2021\/11\/Colt_Icade_Gebaude-PB5-La-Defense-in-Paris-720x450.jpg","type":"","width":"","height":""}],"twitter_card":"summary_large_image","twitter_site":"@colt_technology","twitter_misc":{"Est. reading time":"21 minutes"},"schema":{"@context":"https:\/\/schema.org","@graph":[{"@type":"WebPage","@id":"https:\/\/legacy.colt.net\/es\/resources\/","url":"https:\/\/legacy.colt.net\/es\/resources\/","name":"Noticias y recursos | Colt Technology Services | ES","isPartOf":{"@id":"https:\/\/legacy.colt.net\/#website"},"primaryImageOfPage":{"@id":"https:\/\/legacy.colt.net\/es\/resources\/#primaryimage"},"image":{"@id":"https:\/\/legacy.colt.net\/es\/resources\/#primaryimage"},"thumbnailUrl":"https:\/\/legacy.colt.net\/wp-content\/uploads\/2021\/11\/Colt_Icade_Gebaude-PB5-La-Defense-in-Paris-720x450.jpg","datePublished":"2017-03-13T16:32:07+00:00","dateModified":"2021-11-19T12:18:28+00:00","description":"Noticias y recursos","breadcrumb":{"@id":"https:\/\/legacy.colt.net\/es\/resources\/#breadcrumb"},"inLanguage":"es-ES","potentialAction":[{"@type":"ReadAction","target":["https:\/\/legacy.colt.net\/es\/resources\/"]}]},{"@type":"ImageObject","inLanguage":"es-ES","@id":"https:\/\/legacy.colt.net\/es\/resources\/#primaryimage","url":"https:\/\/legacy.colt.net\/wp-content\/uploads\/2021\/11\/Colt_Icade_Gebaude-PB5-La-Defense-in-Paris-720x450.jpg","contentUrl":"https:\/\/legacy.colt.net\/wp-content\/uploads\/2021\/11\/Colt_Icade_Gebaude-PB5-La-Defense-in-Paris-720x450.jpg"},{"@type":"BreadcrumbList","@id":"https:\/\/legacy.colt.net\/es\/resources\/#breadcrumb","itemListElement":[{"@type":"ListItem","position":1,"name":"Home","item":"https:\/\/legacy.colt.net\/es\/"},{"@type":"ListItem","position":2,"name":"Noticias y recursos"}]},{"@type":"WebSite","@id":"https:\/\/legacy.colt.net\/#website","url":"https:\/\/legacy.colt.net\/","name":"Colt\u30c6\u30af\u30ce\u30ed\u30b8\u30fc\u30b5\u30fc\u30d3\u30b9\u682a\u5f0f\u4f1a\u793e","description":"Managed Network &amp; Voice Services Provider","publisher":{"@id":"https:\/\/legacy.colt.net\/#organization"},"potentialAction":[{"@type":"SearchAction","target":{"@type":"EntryPoint","urlTemplate":"https:\/\/legacy.colt.net\/?s={search_term_string}"},"query-input":{"@type":"PropertyValueSpecification","valueRequired":true,"valueName":"search_term_string"}}],"inLanguage":"es-ES"},{"@type":"Organization","@id":"https:\/\/legacy.colt.net\/#organization","name":"Colt Technology Services","url":"https:\/\/legacy.colt.net\/","logo":{"@type":"ImageObject","inLanguage":"es-ES","@id":"https:\/\/legacy.colt.net\/#\/schema\/logo\/image\/","url":"https:\/\/legacy.colt.net\/wp-content\/uploads\/2019\/02\/Colt-Logo.png","contentUrl":"https:\/\/legacy.colt.net\/wp-content\/uploads\/2019\/02\/Colt-Logo.png","width":195,"height":77,"caption":"Colt Technology Services"},"image":{"@id":"https:\/\/legacy.colt.net\/#\/schema\/logo\/image\/"},"sameAs":["https:\/\/www.facebook.com\/ColtTechnologyServices\/","https:\/\/x.com\/colt_technology","https:\/\/www.instagram.com\/colttechnologyservices\/","https:\/\/www.linkedin.com\/company\/colt-technology-services","https:\/\/www.youtube.com\/user\/ColtTechnology"]}]}},"_links":{"self":[{"href":"https:\/\/legacy.colt.net\/es\/wp-json\/wp\/v2\/pages\/34500","targetHints":{"allow":["GET"]}}],"collection":[{"href":"https:\/\/legacy.colt.net\/es\/wp-json\/wp\/v2\/pages"}],"about":[{"href":"https:\/\/legacy.colt.net\/es\/wp-json\/wp\/v2\/types\/page"}],"author":[{"embeddable":true,"href":"https:\/\/legacy.colt.net\/es\/wp-json\/wp\/v2\/users\/2"}],"replies":[{"embeddable":true,"href":"https:\/\/legacy.colt.net\/es\/wp-json\/wp\/v2\/comments?post=34500"}],"version-history":[{"count":0,"href":"https:\/\/legacy.colt.net\/es\/wp-json\/wp\/v2\/pages\/34500\/revisions"}],"wp:attachment":[{"href":"https:\/\/legacy.colt.net\/es\/wp-json\/wp\/v2\/media?parent=34500"}],"wp:term":[{"taxonomy":"colt_type","embeddable":true,"href":"https:\/\/legacy.colt.net\/es\/wp-json\/wp\/v2\/colt_type?post=34500"},{"taxonomy":"colt_products","embeddable":true,"href":"https:\/\/legacy.colt.net\/es\/wp-json\/wp\/v2\/colt_products?post=34500"}],"curies":[{"name":"wp","href":"https:\/\/api.w.org\/{rel}","templated":true}]}}